{"id":925,"date":"2013-03-19T22:15:59","date_gmt":"2013-03-19T21:15:59","guid":{"rendered":"http:\/\/magnetovitalrendelo.hu\/rendelo\/?page_id=925"},"modified":"2015-09-02T11:03:21","modified_gmt":"2015-09-02T09:03:21","slug":"petefeszekrak","status":"publish","type":"page","link":"http:\/\/magnetovitalrendelo.hu\/rendelo\/szolgaltatasaink-2\/altalanos-szuleszet-nogyogyaszat-onkologia\/noi-nemiszervi-rosszindulatu-daganatok\/petefeszekrak\/","title":{"rendered":"Petef\u00e9szekr\u00e1k"},"content":{"rendered":"<div class=\"printfriendly pf-button \"><a href=\"http:\/\/magnetovitalrendelo.hu\/rendelo\/szolgaltatasaink-2\/altalanos-szuleszet-nogyogyaszat-onkologia\/noi-nemiszervi-rosszindulatu-daganatok\/petefeszekrak\/?pfstyle=wp\" rel=\"nofollow\"  title=\"Printer Friendly, PDF & Email\"><img src=\"http:\/\/magnetovitalrendelo.hu\/k\/pf-button-both.gif\" alt=\"Print Friendly, PDF & Email\" class=\"pf-button-img\" style=\"\"  \/><\/a><\/div>\n<h3><span style=\"color: #3366ff;\"><img loading=\"lazy\" class=\"alignright size-full wp-image-927\" src=\"http:\/\/magnetovitalrendelo.hu\/rendelo\/wp-content\/uploads\/sites\/4\/2013\/03\/petefeszekrak-1.jpg\" alt=\"petefeszekrak-1\" width=\"400\" height=\"320\" srcset=\"http:\/\/magnetovitalrendelo.hu\/rendelo\/wp-content\/uploads\/sites\/4\/2013\/03\/petefeszekrak-1.jpg 400w, http:\/\/magnetovitalrendelo.hu\/rendelo\/wp-content\/uploads\/sites\/4\/2013\/03\/petefeszekrak-1-300x240.jpg 300w\" sizes=\"(max-width: 400px) 100vw, 400px\" \/>R\u00f6vid le\u00edr\u00e1s:<\/span><\/h3>\n<p>A petef\u00e9szkekben igen sokf\u00e9le rosszindulat\u00fa daganat alakulhat ki. Ezek d\u00f6nt\u0151 t\u00f6bbs\u00e9ge ciszt\u00e1s mirigyr\u00e1k (adenokarcin\u00f3ma), ez\u00e9rt az al\u00e1bbiakban ennek ismertet\u00e9s\u00e9re szor\u00edtkozunk.<\/p>\n<h3><span style=\"color: #3366ff;\">El\u0151fordul\u00e1s:<\/span><\/h3>\n<p>A petef\u00e9szekr\u00e1k az asszonyokn\u00e1l az \u00f6t\u00f6dik leggyakoribb rosszindulat\u00fa daganat. A petef\u00e9szekr\u00e1k a n\u0151k \u00f6sszes r\u00e1kos megbeteged\u00e9s\u00e9nek mintegy <strong>4%-\u00e1t<\/strong> teszik ki. Annak es\u00e9lye, hogy egy n\u0151n\u00e9l \u00e9lete folyam\u00e1n petef\u00e9szekr\u00e1k alakuljon ki <strong>1,7%<\/strong>, a petef\u00e9szekr\u00e1k okozta hal\u00e1l es\u00e9lye pedig 1% k\u00f6r\u00fcli.<\/p>\n<h3><span style=\"color: #3366ff;\">Okok:<\/span><\/h3>\n<p>A petef\u00e9szekr\u00e1k okait ma m\u00e9g nem ismerj\u00fck, b\u00e1r a kock\u00e1zati t\u00e9nyez\u0151kr\u0151l egyre t\u00f6bbet tudunk. Hajlamos\u00edt\u00f3 t\u00e9nyez\u0151k lehetnek:<\/p>\n<ul>\n<li><strong><img loading=\"lazy\" class=\"alignright size-full wp-image-929\" src=\"http:\/\/magnetovitalrendelo.hu\/rendelo\/wp-content\/uploads\/sites\/4\/2013\/03\/petefeszekrak-2.jpg\" alt=\"petefeszekrak-2\" width=\"200\" height=\"241\" \/>BRCA1 \u00e9s BRCA2 g\u00e9nmut\u00e1ci\u00f3k<\/strong>at eredetileg eml\u0151r\u00e1kkal kapcsolatban mutatt\u00e1k ki. M\u00e1ra m\u00e1r bizonyos, hogy az eml\u00edtett domin\u00e1nsan \u00f6r\u00f6k\u00edthet\u0151 g\u00e9nmut\u00e1ci\u00f3k a petef\u00e9szekr\u00e1k kock\u00e1zat\u00e1t is jelent\u0151sen megn\u00f6velik. Az \u00f6sszes petef\u00e9szekr\u00e1k k\u00f6r\u00fclbel\u00fcl <strong>9%<\/strong>-\u00e1ban mutathat\u00f3 ki az eml\u00edtett mut\u00e1ci\u00f3k valamelyike. Az \u00f6sszes g\u00e9nhordoz\u00f3 mintegy <strong>40-50%<\/strong>-\u00e1n\u00e1l alakul ki petef\u00e9szekr\u00e1k 70 \u00e9ves korukig. Ezzel szemben a teljes popul\u00e1ci\u00f3 kock\u00e1zata csup\u00e1n<strong> 1,7%<\/strong>.<\/li>\n<li><strong>\u00c9letkor:<\/strong> A legt\u00f6bb eset a v\u00e1ltoz\u00f3kort k\u00f6vet\u0151en alakul ki. A petef\u00e9szekr\u00e1kok mintegy fel\u00e9t 63 \u00e9ves kor felett diagnosztiz\u00e1lj\u00e1k.<\/li>\n<li><strong>Sz\u00fcl\u00e9szeti k\u00f3rel\u0151zm\u00e9ny:<\/strong> Azokn\u00e1l a n\u0151kn\u00e9l nagyobb a kock\u00e1zat, akiknek az els\u0151 haviv\u00e9rz\u00e9se 12 \u00e9ves kor el\u0151tt jelentkezett, az utols\u00f3 pedig 50 \u00e9ves kor felett, nincs gyermek\u00fck, vagy els\u0151 gyermek\u00fcket 30 \u00e9ves kor ut\u00e1n sz\u00fclt\u00e9k. \u00dagy t\u0171nik teh\u00e1t, hogy a petef\u00e9szekr\u00e1k kock\u00e1zata ar\u00e1nyosan n\u0151 az \u00e9let sor\u00e1n bek\u00f6vetkezett ovul\u00e1ci\u00f3k sz\u00e1m\u00e1val.<\/li>\n<li><strong>Csal\u00e1di k\u00f3rel\u0151zm\u00e9ny:<\/strong> Azokn\u00e1l gyakoribb, akiknek els\u0151 fok\u00fa rokons\u00e1g\u00e1ban fordult el\u0151 petef\u00e9szekr\u00e1k, eml\u0151r\u00e1k, b\u00e9lr\u00e1k vagy prosztatar\u00e1k.<\/li>\n<li><strong>Fogamz\u00e1sg\u00e1tl\u00e1s:<\/strong> A fogamz\u00e1sg\u00e1tl\u00f3 tablett\u00e1k megakad\u00e1lyozz\u00e1k a t\u00fcsz\u0151\u00e9r\u00e9st \u00e9s az ovul\u00e1ci\u00f3t, \u00edgy kiv\u00e9dik a petef\u00e9szek mirigyr\u00e1kjainak k\u00f6r\u00fclbel\u00fcl <strong>50%<\/strong>-\u00e1t.<\/li>\n<\/ul>\n<h3><img loading=\"lazy\" class=\"size-full wp-image-930 alignleft\" src=\"http:\/\/magnetovitalrendelo.hu\/rendelo\/wp-content\/uploads\/sites\/4\/2013\/03\/petefeszekrak-3.jpg\" alt=\"petefeszekrak-3\" width=\"270\" height=\"280\" srcset=\"http:\/\/magnetovitalrendelo.hu\/rendelo\/wp-content\/uploads\/sites\/4\/2013\/03\/petefeszekrak-3.jpg 400w, http:\/\/magnetovitalrendelo.hu\/rendelo\/wp-content\/uploads\/sites\/4\/2013\/03\/petefeszekrak-3-288x300.jpg 288w\" sizes=\"(max-width: 270px) 100vw, 270px\" \/><span style=\"color: #3366ff;\">T\u00fcnetek:<\/span><\/h3>\n<p>A korai petef\u00e9szekr\u00e1k nagyon t\u00fcnetszeg\u00e9ny, r\u00e1ad\u00e1sul megl\u00e9v\u0151 t\u00fcnetei sem jellegzetesek. Gyakori a hasi puffad\u00e1s, v\u00e9rz\u00e9szavarok, kismedencei idegentest-\u00e9rz\u00e9s, der\u00e9kt\u00e1ji \u00e9s als\u00f3l\u00e1bsz\u00e1r-f\u00e1jdalom, \u00e9s a legk\u00fcl\u00f6nf\u00e9l\u00e9bb gyomor- \u00e9s b\u00e9lpanaszok. Az els\u0151 komoly t\u00fcnetek megjelen\u00e9sekor (pl. szabad has\u0171ri folyad\u00e9k, &#8220;aszcitesz&#8221; megjelen\u00e9se) a betegs\u00e9g m\u00e1r sok esetben gy\u00f3gy\u00edthatatlan. Ez\u00e9rt is \u00e9get\u0151en sz\u00fcks\u00e9ges a petef\u00e9szekr\u00e1k sz\u0171r\u0151m\u00f3dszereinek miel\u0151bbi kidolgoz\u00e1sa.<\/p>\n<h3><span style=\"color: #3366ff;\">K\u00f3rlefoly\u00e1s:<\/span><\/h3>\n<p><img loading=\"lazy\" class=\"alignright size-full wp-image-931\" src=\"http:\/\/magnetovitalrendelo.hu\/rendelo\/wp-content\/uploads\/sites\/4\/2013\/03\/petefeszekrak-4.jpg\" alt=\"petefeszekrak-4\" width=\"250\" height=\"127\" \/><\/p>\n<p>A betegs\u00e9g lefoly\u00e1s\u00e1nak nyomon k\u00f6vet\u00e9se, a betegs\u00e9g kiterjed\u00e9s\u00e9nek meg\u00edt\u00e9l\u00e9se a klinikai st\u00e1diumok meg\u00e1llap\u00edt\u00e1sa alapj\u00e1n lehets\u00e9ges, mely az azt k\u00f6vet\u0151 kezel\u00e9s megv\u00e1laszt\u00e1s\u00e1ban is d\u00f6nt\u0151 jelent\u0151s\u00e9ggel b\u00edr.<\/p>\n<h3><span style=\"color: #3366ff;\">A petef\u00e9szekr\u00e1k st\u00e1diumai:<\/span><\/h3>\n<p>A petef\u00e9szekr\u00e1k kiterjed\u00e9se meghat\u00e1rozhat\u00f3 TNM-rendszer (tumor &#8211; nyirokcsom\u00f3 &#8211; metaszt\u00e1zis= \u00e1tt\u00e9t) szerint, \u00e9s l\u00e9tezik \u00fagynevezett klinikai st\u00e1diumbeoszt\u00e1s is.<\/p>\n<h3><span style=\"color: #3366ff;\">A petef\u00e9szekr\u00e1k T kateg\u00f3ri\u00e1i:<\/span><\/h3>\n<ul>\n<li><strong>Tx:<\/strong> Az orvosnak nem \u00e1ll rendelkez\u00e9s\u00e9re inform\u00e1ci\u00f3 az els\u0151dleges daganatr\u00f3l.<\/li>\n<li><strong>T1:<\/strong> A r\u00e1k csak a petef\u00e9szek vagy petef\u00e9szkek \u00e1llom\u00e1ny\u00e1ra korl\u00e1toz\u00f3dik.<\/li>\n<li><strong>T1a:<\/strong> A daganat csak az egyik petef\u00e9szek \u00e1llom\u00e1ny\u00e1ra korl\u00e1toz\u00f3dik, \u00e9s nem mutathat\u00f3 ki a kismedencei hash\u00e1rtya folyad\u00e9kb\u00f3l.<\/li>\n<li><strong>T1b:<\/strong> A daganat mindk\u00e9t petef\u00e9szekben jelen van, azok \u00e1llom\u00e1ny\u00e1t nem l\u00e9pi t\u00fal, \u00e9s nem mutathat\u00f3 ki a kismedence hash\u00e1rtya-folyad\u00e9k\u00e1b\u00f3l.<\/li>\n<li><strong>T1c:<\/strong> A daganat egyoldali vagy mindk\u00e9t oldali, \u00e1tl\u00e9pi a petef\u00e9szek sz\u00f6veti hat\u00e1rait, vagy kimutathat\u00f3 a kismedence hash\u00e1rtya folyad\u00e9kb\u00f3l.<\/li>\n<li><strong>T2:<\/strong> A r\u00e1k r\u00e1terjed kismedence sz\u00f6veteire \u00e9s\/vagy a kismedence hash\u00e1rtya fel\u00fclet\u00e9re.<\/li>\n<li><strong>T2a:<\/strong> A r\u00e1k r\u00e1terjedt a petevezet\u00e9kekre \u00e9s\/vagy a m\u00e9hre, de a kismedencei hash\u00e1rtya folyad\u00e9kb\u00f3l nem mutathat\u00f3 ki.<\/li>\n<li><strong>T2b:<\/strong> A r\u00e1k r\u00e1terjedt m\u00e1s kismedencei szervekre is, de nem mutathat\u00f3 ki a kismedence hash\u00e1rtya folyad\u00e9k\u00e1b\u00f3l.<\/li>\n<li><strong>T2c:<\/strong> A r\u00e1k r\u00e1terjedt a petevezet\u00e9kekre, m\u00e9hre \u00e9s\/vagy a kismedence egy\u00e9b szerveire, \u00e9s a kismedence hash\u00e1rtya folyad\u00e9k\u00e1b\u00f3l is kimutathat\u00f3.<\/li>\n<li><strong><img loading=\"lazy\" class=\"alignright size-full wp-image-932\" src=\"http:\/\/magnetovitalrendelo.hu\/rendelo\/wp-content\/uploads\/sites\/4\/2013\/03\/petefeszekrak-5.jpg\" alt=\"petefeszekrak-5\" width=\"200\" height=\"133\" \/>T3:<\/strong> A r\u00e1k egy vagy k\u00e9toldali, \u00e9s r\u00e1terjedt a kismedenc\u00e9n k\u00edv\u00fcli hash\u00e1rtya-fel\u00fcletekre is.<\/li>\n<li><strong>T3a:<\/strong> Az \u00e1tt\u00e9tek csak mikroszk\u00f3ppal l\u00e1that\u00f3k.<\/li>\n<li><strong>T3b:<\/strong>Az \u00e1tt\u00e9tek szabad szemmel is l\u00e1that\u00f3k, de nagys\u00e1guk nem \u00e9ri el a 2 cm-t.<\/li>\n<li><strong>T3c:<\/strong> Az \u00e1tt\u00e9tek 2 cm-n\u00e9l nagyobbak.<\/li>\n<\/ul>\n<h3><span style=\"color: #3366ff;\">A petef\u00e9szekr\u00e1k N kateg\u00f3ri\u00e1i:<\/span><\/h3>\n<ul>\n<li><strong>Nx:<\/strong> A nyirokcsom\u00f3k \u00e1llapot\u00e1r\u00f3l az orvosnak nincsenek pontos inform\u00e1ci\u00f3.<\/li>\n<li><strong>N0:<\/strong> A nyirokcsom\u00f3kban \u00e1tt\u00e9t nem mutathat\u00f3 ki.<\/li>\n<li><strong>N1:<\/strong> A r\u00e1kos sejtek az els\u0151dleges daganathoz k\u00f6zeli nyirokcsom\u00f3kban is megjelentek.<\/li>\n<\/ul>\n<h3><span style=\"color: #3366ff;\">A petef\u00e9szekr\u00e1k M kateg\u00f3ri\u00e1i:<\/span><\/h3>\n<ul>\n<li><strong>Mx:<\/strong> T\u00e1voli \u00e1tt\u00e9tek l\u00e9tez\u00e9s\u00e9r\u0151l nincsenek pontos inform\u00e1ci\u00f3k.<\/li>\n<li><strong>M0:<\/strong> T\u00e1voli \u00e1tt\u00e9t nem mutathat\u00f3 ki.<\/li>\n<li><strong>M1:<\/strong> T\u00e1voli \u00e1tt\u00e9t mutathat\u00f3 ki.<\/li>\n<\/ul>\n<h3><span style=\"color: #3366ff;\">A petef\u00e9szekr\u00e1k klinikai st\u00e1diumai:<\/span><\/h3>\n<ul>\n<li>\n<h3><span style=\"color: #3366ff;\"><img loading=\"lazy\" class=\"alignright size-full wp-image-933\" src=\"http:\/\/magnetovitalrendelo.hu\/rendelo\/wp-content\/uploads\/sites\/4\/2013\/03\/petefeszekrak-6.jpg\" alt=\"petefeszekrak-6\" width=\"200\" height=\"119\" \/><\/span><\/h3>\n<p><strong>I. st\u00e1dium:<\/strong> A r\u00e1k a petef\u00e9szek vagy petef\u00e9szkek \u00e1llom\u00e1ny\u00e1ra korl\u00e1toz\u00f3dik.<\/li>\n<li><strong>IA. st\u00e1dium:<\/strong> A r\u00e1k az egyik petef\u00e9szek \u00e1llom\u00e1ny\u00e1ra korl\u00e1toz\u00f3dik. A kismedence \u00e9s a has\u00fcreg mos\u00f3folyad\u00e9k\u00e1b\u00f3l daganatos sejtek nem mutathat\u00f3k ki.<\/li>\n<li><strong>IB. st\u00e1dium:<\/strong> A r\u00e1k mindk\u00e9t petef\u00e9szekben megtal\u00e1lhat\u00f3, de csak azok \u00e1llom\u00e1ny\u00e1ra korl\u00e1toz\u00f3dik. A kismedence \u00e9s a has\u00fcreg mos\u00f3folyad\u00e9k\u00e1b\u00f3l daganatos sejtek nem mutathat\u00f3k ki.<\/li>\n<li><strong>IC. st\u00e1dium:<\/strong> A r\u00e1k egy vagy k\u00e9t petef\u00e9szekben van jelen, \u00e9s az al\u00e1bbi jelens\u00e9gek k\u00f6z\u00fcl legal\u00e1bb egy fenn\u00e1ll:\n<ul>\n<li>A r\u00e1k megjelenik a petef\u00e9szek felsz\u00edn\u00e9n.<\/li>\n<li>A ciszt\u00e1s daganat megrepedt.<\/li>\n<li>A kismedence \u00e9s a has\u00fcreg mos\u00f3folyad\u00e9k\u00e1b\u00f3l daganatos sejtek mutathat\u00f3k ki.<\/li>\n<\/ul>\n<\/li>\n<li><strong>II. st\u00e1dium:<\/strong> Az egy vagy k\u00e9toldali r\u00e1k a kismedence m\u00e1s szerveire (m\u00e9h, petevezet\u00e9k, h\u00fagy-h\u00f3lyag, szigmab\u00e9l, v\u00e9gb\u00e9l) is r\u00e1terjedt.<\/li>\n<li><strong>IIA. st\u00e1dium:<\/strong> A r\u00e1k r\u00e1terjedt a petevezet\u00e9kre vagy a m\u00e9hre, de a kismedence \u00e9s a has\u00fcreg mos\u00f3folyad\u00e9k\u00e1b\u00f3l daganatos sejtek nem mutathat\u00f3k ki.<\/li>\n<li><strong>IIB. st\u00e1dium:<\/strong> A r\u00e1k m\u00e1s kismedencei szerve is r\u00e1terjedt, de a kismedence \u00e9s a has\u00fcreg mos\u00f3-folyad\u00e9k\u00e1b\u00f3l daganatos sejtek nem mutathat\u00f3k ki.<\/li>\n<li><strong>IIC. st\u00e1dium:<\/strong> A r\u00e1k r\u00e1terjedt m\u00e1s kismedencei szervre is, \u00e9s a kismedence \u00e9s a has\u00fcreg mos\u00f3folyad\u00e9k\u00e1b\u00f3l daganatos sejtek mutathat\u00f3k ki.<\/li>\n<li><strong>III. st\u00e1dium:<\/strong> A r\u00e1k r\u00e1terjedt a kismedenc\u00e9n t\u00fali hash\u00e1rtya-fel\u00fcletekre \u00e9s\/vagy a k\u00f6rny\u00e9ki nyirokcsom\u00f3kra.<\/li>\n<li><strong>IIIA. st\u00e1dium:<\/strong> A kismedenc\u00e9n t\u00fali hash\u00e1rtya-fel\u00fcleteken mikroszk\u00f3pos \u00e1tt\u00e9tek mutathat\u00f3k ki, de r\u00e1k nem tal\u00e1lhat\u00f3 meg a k\u00f6rny\u00e9ki nyirokcsom\u00f3kban.<\/li>\n<li><strong>IIIB. st\u00e1dium:<\/strong> A kismedenc\u00e9n t\u00fali hash\u00e1rtya fel\u00fcleteken 2 cm-n\u00e9l kisebb \u00e1tt\u00e9tek mutathat\u00f3k ki.<\/li>\n<li>I<strong>IIC. st\u00e1dium:<\/strong> Az al\u00e1bbi \u00e1llapotok valamelyike \u00e1ll f\u00f6nn: 2 cm-n\u00e9l nagyobb kismedenc\u00e9n t\u00fali hash\u00e1rtya \u00e1tt\u00e9tek vagy a k\u00f6rny\u00e9ki nyirokcsom\u00f3kban \u00e1tt\u00e9tek tal\u00e1lhat\u00f3k.<\/li>\n<li><strong>IV. st\u00e1dium:<\/strong> T\u00e1voli \u00e1tt\u00e9tek a m\u00e1jban, t\u00fcd\u0151ben, l\u00e9pben, t\u00e1voli nyirokcsom\u00f3kban, stb.).<\/li>\n<\/ul>\n<h3><span style=\"color: #3366ff;\">Diagn\u00f3zis:<\/span><\/h3>\n<ul>\n<li><strong>Ultrahang vizsg\u00e1lat:<\/strong> K\u00fcl\u00f6n\u00f6sen a sz\u00edn k\u00f3dolt h\u00fcvelyi ultrahang vizsg\u00e1lat hasznos a petef\u00e9szekr\u00e1k korai felismer\u00e9s\u00e9ben.<\/li>\n<\/ul>\n<p><img loading=\"lazy\" class=\"aligncenter size-full wp-image-934\" src=\"http:\/\/magnetovitalrendelo.hu\/rendelo\/wp-content\/uploads\/sites\/4\/2013\/03\/petefeszekrak-7.jpg\" alt=\"petefeszekrak-7\" width=\"300\" height=\"277\" \/><\/p>\n<ul>\n<li><strong>Hasi t\u00fckr\u00f6z\u00e9s (laparoszk\u00f3pia):<\/strong> A daganat k\u00f6zvetlen megtekint\u00e9se \u00e9s sz\u00f6vettani vizsg\u00e1lata perd\u00f6nt\u0151.<\/li>\n<\/ul>\n<p><img loading=\"lazy\" class=\"aligncenter size-full wp-image-935\" src=\"http:\/\/magnetovitalrendelo.hu\/rendelo\/wp-content\/uploads\/sites\/4\/2013\/03\/petefeszekrak-8.jpg\" alt=\"petefeszekrak-8\" width=\"300\" height=\"268\" \/><\/p>\n<ul>\n<li><strong>A sz\u00e1m\u00edt\u00f3g\u00e9pes r\u00e9tegvizsg\u00e1lat<\/strong> (CT = computer tomogr\u00e1fia) \u00e9s a nukle\u00e1ris m\u00e1gnesrezonancia vizsg\u00e1lat (MRI = magnetic resonance imaging) k\u00fcl\u00f6n\u00f6sen a betegs\u00e9g st\u00e1dium\u00e1nak meghat\u00e1roz\u00e1s\u00e1ban lehet az orvos seg\u00edts\u00e9g\u00e9re.<\/li>\n<\/ul>\n<p><img loading=\"lazy\" class=\"aligncenter size-full wp-image-936\" src=\"http:\/\/magnetovitalrendelo.hu\/rendelo\/wp-content\/uploads\/sites\/4\/2013\/03\/petefeszekrak-9.jpg\" alt=\"petefeszekrak-9\" width=\"300\" height=\"201\" \/><\/p>\n<ul>\n<li>A v\u00e9rb\u0151l kimutathat\u00f3 <strong>tumorjelz\u0151<\/strong>, az \u00fagynevezett Ca-125 marker szint\u00e9n hasznos inform\u00e1ci\u00f3t ad az orvosnak, ez a molekula azonban nem csak petef\u00e9szekr\u00e1kokban jelenik meg a v\u00e9rben, s\u0151t r\u00e1kos megbeteged\u00e9st\u0151l f\u00fcggetlen\u00fcl is kimutathat\u00f3 olykor, ez\u00e9rt \u00f6nmag\u00e1ban nem diagnosztikus \u00e9rt\u00e9k\u0171.<\/li>\n<\/ul>\n<h3><span style=\"color: #3366ff;\">Kezel\u00e9s<\/span><\/h3>\n<ul>\n<li><strong>M\u0171t\u00e9t:<\/strong> Amennyiben lehets\u00e9ges, fogamz\u00f3k\u00e9pes korban t\u00f6rekedni kell a m\u00e9h \u00e9s az el-lenoldali petef\u00e9szek megtart\u00e1s\u00e1ra. Sajnos ez ritk\u00e1n lehets\u00e9ges. Gyakoribb a petef\u00e9szkek elt\u00e1vol\u00edt\u00e1sa a m\u00e9hhel, a nagycseplesszel (a has\u0171ri hash\u00e1rtya egyik r\u00e9sze) \u00e9s a k\u00f6rny\u00e9ki nyirokcsom\u00f3kkal egy\u00fctt. Valamennyi el\u00e9rhet\u0151 daganatot el kell t\u00e1vol\u00edtani.<\/li>\n<li><strong>Sug\u00e1rkezel\u00e9s:<\/strong> Elv\u00e9gezhet\u0151 k\u00fcls\u0151 berendez\u00e9ssel (&#8220;kobalt \u00e1gy\u00fa&#8221;, r\u00e9szecskegyors\u00edt\u00f3), vagy be\u00fcltetett sug\u00e1rz\u00f3 izot\u00f3ppal. Olykor az izot\u00f3pot a hash\u00e1rtya fel\u00fclet\u00e9re folyad\u00e9k form\u00e1j\u00e1ban viszik fel.<\/li>\n<li><strong>Citosztatikus kezel\u00e9s:<\/strong> A kezel\u00e9st \u00e1ltal\u00e1ban 6 alkalommal, 3-4 hetes ciklusokban v\u00e9gzik. Az elm\u00falt \u00e9vtizedekben a platina vegy\u00fcletek (ciszplatin, karboplatin) \u00e9s a tax\u00e1nok bevezet\u00e9s\u00e9vel jelent\u0151sen javult a kemoter\u00e1pia hat\u00e9konys\u00e1ga.<\/li>\n<\/ul>\n<p>A diagn\u00f3zis fel\u00e1ll\u00edt\u00e1s\u00e1t k\u00f6vet\u0151en az egy\u00e9ves t\u00fal\u00e9l\u00e9s<strong> 78%<\/strong>, az \u00f6t\u00e9ves t\u00fal\u00e9l\u00e9s mintegy. <strong>50%<\/strong>. Amennyiben a r\u00e1k nem l\u00e9pte \u00e1t a petef\u00e9szkek sz\u00f6veti hat\u00e1rait, az \u00f6t\u00e9ves t\u00fal\u00e9l\u00e9s es\u00e9lye <strong>95%<\/strong>. Sajn\u00e1latos, hogy a betegeknek csak 29%-a tartozik ebbe a st\u00e1diumba.<\/p>\n<h3><span style=\"color: #3366ff;\">Megel\u0151z\u00e9s<\/span><\/h3>\n<p>A petef\u00e9szekr\u00e1k megel\u0151z\u00e9s\u00e9re biztos m\u00f3dszerekkel nem rendelkez\u00fcnk. Csal\u00e1di halmoz\u00f3d\u00e1s eset\u00e9n fontos lehet a fogamz\u00e1sg\u00e1tl\u00f3 tabletta haszn\u00e1lata, valamint a gyermekv\u00e1llal\u00e1s, a megfogant \u00e9letek elfogad\u00e1sa.<\/p>\n<p>Bizonyos daganatok \u00e1ltal termelt feh\u00e9rj\u00e9k, un. tumor-markerek v\u00e9rb\u0151l val\u00f3 kimutat\u00e1sa \u00e9s ezzel a korai diagn\u00f3zis ma m\u00e9g nem kell\u0151en kidolgozott elj\u00e1r\u00e1s.<\/p>\n<h3><span style=\"color: #3366ff;\">Hasznos tudnival\u00f3k<\/span><\/h3>\n<p>Mint m\u00e1r utaltunk r\u00e1, egy csal\u00e1don bel\u00fcl gyakorta halmoz\u00f3dnak bizonyos r\u00e1kf\u00e9les\u00e9gek (pl. eml\u0151r\u00e1k, petef\u00e9szekr\u00e1k, prosztatar\u00e1k, vastagb\u00e9l-v\u00e9gb\u00e9lr\u00e1k). Nagy val\u00f3sz\u00edn\u0171s\u00e9ggel a hajlam azonos g\u00e9nhib\u00e1kra vezethet\u0151 vissza. Akinek csal\u00e1dj\u00e1ban teh\u00e1t az eml\u00edtett daganatok valamelyike ism\u00e9telten fordult el\u0151, tekintse mag\u00e1t vesz\u00e9lyeztetettnek, \u00e9s szervezze meg a rendszeres sz\u0171r\u0151vizsg\u00e1latot. Mivel erre kialakult el\u0151\u00edr\u00e1sok m\u00e9g nincsenek, a r\u00e9szleteket a n\u0151gy\u00f3gy\u00e1sszal kell a betegnek megbesz\u00e9lnie.<\/p>\n<p>A csal\u00e1dban halmoz\u00f3d\u00f3 g\u00e9nhiba kimutat\u00e1s\u00e1ra sz\u00fcks\u00e9ges lehet genetikai tan\u00e1csad\u00e1s ig\u00e9nybe v\u00e9tele, ahol csal\u00e1dfa-anal\u00edzis seg\u00edts\u00e9g\u00e9vel lehet a kock\u00e1zatot megadni.<\/p>\n<div class=\"printfriendly pf-button \"><a href=\"http:\/\/magnetovitalrendelo.hu\/rendelo\/szolgaltatasaink-2\/altalanos-szuleszet-nogyogyaszat-onkologia\/noi-nemiszervi-rosszindulatu-daganatok\/petefeszekrak\/?pfstyle=wp\" rel=\"nofollow\"  title=\"Printer Friendly, PDF & Email\"><img src=\"http:\/\/magnetovitalrendelo.hu\/k\/pf-button-both.gif\" alt=\"Print Friendly, PDF & Email\" class=\"pf-button-img\" style=\"\"  \/><\/a><\/div>\n<p style=\"text-align: center;\"><a class=\"scss3b-button scss3b-button-googleplus\" href=\"http:\/\/magnetovitalrendelo.hu\/rendelo\/szakmai-kerdes\/\">Van szem\u00e9lyes k\u00e9rd\u00e9se? Itt f\u00f6lteheti! <\/a><\/p>\n","protected":false},"excerpt":{"rendered":"<p>R\u00f6vid le\u00edr\u00e1s: A petef\u00e9szkekben igen sokf\u00e9le rosszindulat\u00fa daganat alakulhat ki. Ezek d\u00f6nt\u0151 t\u00f6bbs\u00e9ge ciszt\u00e1s mirigyr\u00e1k (adenokarcin\u00f3ma), ez\u00e9rt az al\u00e1bbiakban ennek ismertet\u00e9s\u00e9re szor\u00edtkozunk. El\u0151fordul\u00e1s: A petef\u00e9szekr\u00e1k az asszonyokn\u00e1l az \u00f6t\u00f6dik leggyakoribb rosszindulat\u00fa daganat. A petef\u00e9szekr\u00e1k a n\u0151k \u00f6sszes r\u00e1kos megbeteged\u00e9s\u00e9nek mintegy 4%-\u00e1t teszik ki. Annak es\u00e9lye, hogy egy n\u0151n\u00e9l \u00e9lete folyam\u00e1n petef\u00e9szekr\u00e1k alakuljon ki 1,7%, a [&hellip;]<\/p>\n","protected":false},"author":1,"featured_media":0,"parent":714,"menu_order":0,"comment_status":"closed","ping_status":"closed","template":"","meta":{"_mi_skip_tracking":false},"_links":{"self":[{"href":"http:\/\/magnetovitalrendelo.hu\/rendelo\/wp-json\/wp\/v2\/pages\/925"}],"collection":[{"href":"http:\/\/magnetovitalrendelo.hu\/rendelo\/wp-json\/wp\/v2\/pages"}],"about":[{"href":"http:\/\/magnetovitalrendelo.hu\/rendelo\/wp-json\/wp\/v2\/types\/page"}],"author":[{"embeddable":true,"href":"http:\/\/magnetovitalrendelo.hu\/rendelo\/wp-json\/wp\/v2\/users\/1"}],"replies":[{"embeddable":true,"href":"http:\/\/magnetovitalrendelo.hu\/rendelo\/wp-json\/wp\/v2\/comments?post=925"}],"version-history":[{"count":2,"href":"http:\/\/magnetovitalrendelo.hu\/rendelo\/wp-json\/wp\/v2\/pages\/925\/revisions"}],"predecessor-version":[{"id":1483,"href":"http:\/\/magnetovitalrendelo.hu\/rendelo\/wp-json\/wp\/v2\/pages\/925\/revisions\/1483"}],"up":[{"embeddable":true,"href":"http:\/\/magnetovitalrendelo.hu\/rendelo\/wp-json\/wp\/v2\/pages\/714"}],"wp:attachment":[{"href":"http:\/\/magnetovitalrendelo.hu\/rendelo\/wp-json\/wp\/v2\/media?parent=925"}],"curies":[{"name":"wp","href":"https:\/\/api.w.org\/{rel}","templated":true}]}}