{"id":737,"date":"2013-03-12T18:57:49","date_gmt":"2013-03-12T17:57:49","guid":{"rendered":"http:\/\/magnetovitalrendelo.hu\/rendelo\/?page_id=737"},"modified":"2015-09-02T11:02:30","modified_gmt":"2015-09-02T09:02:30","slug":"a-meh-myomaja","status":"publish","type":"page","link":"http:\/\/magnetovitalrendelo.hu\/rendelo\/szolgaltatasaink-2\/altalanos-szuleszet-nogyogyaszat-onkologia\/noi-nemiszervi-rosszindulatu-daganatok\/a-meh-myomaja\/","title":{"rendered":"A m\u00e9h myom\u00e1ja"},"content":{"rendered":"<div class=\"printfriendly pf-button \"><a href=\"http:\/\/magnetovitalrendelo.hu\/rendelo\/szolgaltatasaink-2\/altalanos-szuleszet-nogyogyaszat-onkologia\/noi-nemiszervi-rosszindulatu-daganatok\/a-meh-myomaja\/?pfstyle=wp\" rel=\"nofollow\"  title=\"Printer Friendly, PDF & Email\"><img src=\"http:\/\/magnetovitalrendelo.hu\/k\/pf-button-both.gif\" alt=\"Print Friendly, PDF & Email\" class=\"pf-button-img\" style=\"\"  \/><\/a><\/div>\n<p><img loading=\"lazy\" class=\"alignright size-full wp-image-738\" src=\"http:\/\/magnetovitalrendelo.hu\/rendelo\/wp-content\/uploads\/sites\/4\/2013\/03\/myoma-1.jpg\" alt=\"myoma-1\" width=\"169\" height=\"215\" \/>A m\u00e9htest izomzata simaizom-sz\u00f6vetb\u0151l \u00e1ll, melynek j\u00f3indulat\u00fa daganat\u00e1t <strong>leimyom\u00e1nak<\/strong>, r\u00f6viden<strong> myom\u00e1nak<\/strong> nevezz\u00fck. A n\u0151k leggyakoribb j\u00f3indulat\u00fa daganata, a reprodukt\u00edv korban l\u00e9v\u0151 n\u0151k <strong>20-25 %<\/strong>-\u00e1ban kimutathat\u00f3. A m\u00e9helt\u00e1vol\u00edt\u00e1sok <strong>30-40 %<\/strong>-\u00e1t myoma vagy myoma okozta v\u00e9rz\u00e9szavar miatt v\u00e9gezz\u00fck m\u00e9g ma is, amikor m\u00e1r birtok\u00e1ban vagyunk azoknak az ismereteknek, hogy a myom\u00e1k a klimaxban viszonylag r\u00f6vid id\u0151 alatt visszafejl\u0151dnek. A nagy probl\u00e9ma az, hogy a kialakul\u00e1s okaival kapcsolatban igen ritk\u00e1n n\u00e9zik az eg\u00e9sz n\u0151t, nemcsak a myom\u00e1it. Egy\u00e9rtelm\u0171 \u00f6sszef\u00fcgg\u00e9sek mutathat\u00f3ak ki a n\u0151iess\u00e9g zavarai \u00e9s a myom\u00e1k kialakul\u00e1sa k\u00f6z\u00f6tt, \u00e9s szinte minden myom\u00e1s n\u0151 \u00e9let\u00e9ben meg nem sz\u00fcletett gyermek explor\u00e1lhat\u00f3.<\/p>\n<p>N\u00e9h\u00e1ny millim\u00e9tert\u0151l ak\u00e1r emberfejnyi nagys\u00e1gig terjedhet a m\u00e9rete. Csak nagyon ritk\u00e1n, az esetek <strong>0,1-0,5 %<\/strong>-\u00e1ban v\u00e1lik rosszindulat\u00fav\u00e1.<\/p>\n<p><img loading=\"lazy\" class=\"aligncenter size-full wp-image-739\" src=\"http:\/\/magnetovitalrendelo.hu\/rendelo\/wp-content\/uploads\/sites\/4\/2013\/03\/myoma-2.jpg\" alt=\"myoma-2\" width=\"500\" height=\"606\" \/><\/p>\n<p><span style=\"color: #3366ff;\"><strong>Milyen t\u00fcnetek h\u00edvj\u00e1k fel a figyelmet a myom\u00e1ra<\/strong><\/span><\/p>\n<p>Leggyakoribb t\u00fcnet a rendellenes v\u00e9rz\u00e9s, mely rendk\u00edv\u00fcli, vagy b\u0151s\u00e9ges havi v\u00e9rz\u00e9st jelent, k\u00f6vetkezm\u00e9nyes v\u00e9rszeg\u00e9nys\u00e9ggel. Jellemz\u0151 t\u00fcnet lehet a f\u00e1jdalmas menstru\u00e1ci\u00f3, mely h\u00f3-napr\u00f3l-h\u00f3napra rosszabbodik, vagy a kr\u00f3nikus alhasi f\u00e1jdalom, nyom\u00e1s\u00e9rz\u00e9s. Gyakran kr\u00f3nikus keresztcsonti vagy der\u00e9kf\u00e1jdalom, h\u00e1tba, vagy az als\u00f3 v\u00e9gtagokba sug\u00e1rz\u00f3 f\u00e1jdalom h\u00edvja fel a figyelmet a kismedencei folyamatra. Akut t\u00fcneteket csak akkor szokott okozni, ha egy kikocs\u00e1nyosodott myomag\u00f6b nyele megcsavarodik, vagy elhal\u00e1s k\u00f6vetkezik be a g\u00f6bben, mely esetleg befert\u0151z\u0151dik.<\/p>\n<p><img loading=\"lazy\" class=\"aligncenter size-full wp-image-740\" src=\"http:\/\/magnetovitalrendelo.hu\/rendelo\/wp-content\/uploads\/sites\/4\/2013\/03\/myoma-3.jpg\" alt=\"myoma-3\" width=\"500\" height=\"326\" srcset=\"http:\/\/magnetovitalrendelo.hu\/rendelo\/wp-content\/uploads\/sites\/4\/2013\/03\/myoma-3.jpg 460w, http:\/\/magnetovitalrendelo.hu\/rendelo\/wp-content\/uploads\/sites\/4\/2013\/03\/myoma-3-300x195.jpg 300w\" sizes=\"(max-width: 500px) 100vw, 500px\" \/><\/p>\n<p>A gyermekv\u00e1llal\u00e1sban is sz\u00e1mtalan probl\u00e9ma forr\u00e1sa lehet a myoma. Medd\u0151s\u00e9get vagy gyakori vet\u00e9l\u00e9st, korasz\u00fcl\u00e9st okozhat. Sz\u00fcl\u00e9skor mechanikai akad\u00e1lya lehet a h\u00fcvelyi sz\u00fcl\u00e9snek vagy f\u00e1j\u00e1sgyenges\u00e9get, s\u00falyos at\u00f3ni\u00e1s v\u00e9rz\u00e9st okozhat.<\/p>\n<p><img loading=\"lazy\" class=\"alignright size-full wp-image-741\" src=\"http:\/\/magnetovitalrendelo.hu\/rendelo\/wp-content\/uploads\/sites\/4\/2013\/03\/myoma-4.jpg\" alt=\"myoma-4\" width=\"259\" height=\"194\" \/><\/p>\n<p>Diagn\u00f3zis \u00e1ltal\u00e1ban n\u0151gy\u00f3gy\u00e1szati vizsg\u00e1lattal vagy ultrahang vizsg\u00e1lattal \u00e1ll\u00edthat\u00f3 fel leg-k\u00f6nnyebben, ritk\u00e1n MRI vizsg\u00e1lat sz\u00fcks\u00e9ges.<\/p>\n<p><strong>Az \u00e9n felfog\u00e1som szerint myom\u00e1t h\u00e1rom esetben <span style=\"color: #ff0000;\">KELL<\/span> oper\u00e1lni:<\/strong><\/p>\n<ol>\n<li><span style=\"color: #ff0000;\">Ha olyan v\u00e9rz\u00e9szavart okoz, ami m\u00e1r t\u00f6bbsz\u00f6ri m\u00e9hkapar\u00e1ssal \u00e9s konzervat\u00edv kezel\u00e9si k\u00eds\u00e9rlettel sem rendezhet\u0151.<\/span><\/li>\n<li><span style=\"color: #ff0000;\">Ha olyan f\u00e1jdalmakat okoz, ami csak rendszeres f\u00e1jdalomcsillap\u00edt\u00f3-szed\u00e9ssel tarthat\u00f3 karban.<\/span><\/li>\n<li><span style=\"color: #ff0000;\">Ha a m\u00e9rete olyan m\u00e9rt\u00e9k\u0171, ami a k\u00f6rnyez\u0151 szervek, sz\u00f6vetek \u00e9ps\u00e9g\u00e9t vesz\u00e9lyezteti.<\/span><\/li>\n<\/ol>\n<p>A myoma kezel\u00e9s\u00e9t els\u0151sorban az hat\u00e1rozza meg, hogy mekkora a daganat m\u00e9rete, n\u00f6veked\u00e9si \u00fcteme, okoz-e panaszt vagy a p\u00e1ciens k\u00edv\u00e1n-e m\u00e9g terhess\u00e9get. A sk\u00e1la rendk\u00edv\u00fcl sz\u00e9les. Ha a myoma kicsi \u00e9s nem okoz panaszokat, \u00e1ltal\u00e1ban csak szoros kontroll javasolt. Amennyiben beavatkoz\u00e1st ig\u00e9nyel, gy\u00f3gyszeres kezel\u00e9ssel vagy a myom\u00e1t ell\u00e1t\u00f3 \u00e9r emboliz\u00e1ci\u00f3j\u00e1val cs\u00f6kkenthet\u0151 a m\u00e9rete. A m\u00e9h\u00fcreghez k\u00f6zeli, k\u00f6zvetlen\u00fcl a ny\u00e1lkah\u00e1rtya alatt n\u00f6vekv\u0151 g\u00f6b m\u00e9ht\u00fck\u00f6rrel (hysteroscop), a m\u00e9h felsz\u00edn\u00e9n n\u00f6vekv\u0151 myom\u00e1kat hast\u00fck\u00f6rrel (laparoscop) t\u00e1vol\u00edthatjuk el. Amennyiben egyik m\u00f3dszer sem alkalmas, hasmegnyit\u00e1ssal (laparotomia) v\u00e9gezz\u00fck el a myomag\u00f6b elt\u00e1vol\u00edt\u00e1s\u00e1t. Abban az esetben, ha a betegnek m\u00e1r nincs tov\u00e1bbi gyermekv\u00e1llal\u00e1si sz\u00e1nd\u00e9ka, a teljes m\u00e9h elt\u00e1vol\u00edt\u00e1sa lehet a megold\u00e1s, mely h\u00fcvelyi vagy hasi \u00faton t\u00f6rt\u00e9nhet<\/p>\n<p>A m\u00e9helt\u00e1vol\u00edt\u00e1sok <strong>30-40 %<\/strong>-\u00e1t myoma vagy myoma okozta v\u00e9rz\u00e9szavar miatt v\u00e9gezz\u00fck sajnos m\u00e9g ma is, \u00e9s nemcsak fiatal n\u0151k eset\u00e9ben, amikor m\u00e1r birtok\u00e1ban vagyunk azoknak az ismereteknek, hogy a myom\u00e1k a klimaxban viszonylag r\u00f6vid id\u0151 alatt visszafejl\u0151dnek. A nagy probl\u00e9ma az, hogy a kialakul\u00e1s okaival kapcsolatban igen ritk\u00e1n n\u00e9zik az eg\u00e9sz n\u0151t, \u00e9s nincsenek tekintettel arra, hogy nem a beteg embert kell gy\u00f3gy\u00edtani, nemcsak a myom\u00e1it. Egy\u00e9rtelm\u0171 \u00f6sszef\u00fcgg\u00e9sek mutathat\u00f3ak ki a n\u0151iess\u00e9g zavarai \u00e9s a myom\u00e1k kialakul\u00e1sa k\u00f6z\u00f6tt, \u00e9s szinte minden myom\u00e1s n\u0151 \u00e9let\u00e9ben meg nem sz\u00fcletett gyermek explor\u00e1lhat\u00f3.<\/p>\n<p>Tekintettel ezekre az okokra, jelent\u0151s gy\u00f3gy\u00edt\u00e1si seg\u00edts\u00e9get jelent az akupunkt\u00fara, a reflexol\u00f3gia \u00e9s az AVIVA-torna is, \u00e9s igen sok esetben jelent\u0151s sikereket tudunk el\u00e9rni \u00c9FT-ter\u00e1pi\u00e1val \u00e9s kineziol\u00f3gi\u00e1val, mindenf\u00e9le beavatkoz\u00e1s n\u00e9lk\u00fcl. Ez igen megfontoland\u00f3 lenne, de sajnos ma m\u00e9g el\u00e9g ritk\u00e1n fordul el\u0151 orvossal, hogy ilyen ter\u00e1pi\u00e1kat is megk\u00eds\u00e9rel alkalmazni.<\/p>\n<div class=\"printfriendly pf-button \"><a href=\"http:\/\/magnetovitalrendelo.hu\/rendelo\/szolgaltatasaink-2\/altalanos-szuleszet-nogyogyaszat-onkologia\/noi-nemiszervi-rosszindulatu-daganatok\/a-meh-myomaja\/?pfstyle=wp\" rel=\"nofollow\"  title=\"Printer Friendly, PDF & Email\"><img src=\"http:\/\/magnetovitalrendelo.hu\/k\/pf-button-both.gif\" alt=\"Print Friendly, PDF & Email\" class=\"pf-button-img\" style=\"\"  \/><\/a><\/div>\n<p style=\"text-align: center;\"><a class=\"scss3b-button scss3b-button-googleplus\" href=\"http:\/\/magnetovitalrendelo.hu\/rendelo\/szakmai-kerdes\/\">Van szem\u00e9lyes k\u00e9rd\u00e9se? Itt f\u00f6lteheti! <\/a><\/p>\n","protected":false},"excerpt":{"rendered":"<p>A m\u00e9htest izomzata simaizom-sz\u00f6vetb\u0151l \u00e1ll, melynek j\u00f3indulat\u00fa daganat\u00e1t leimyom\u00e1nak, r\u00f6viden myom\u00e1nak nevezz\u00fck. A n\u0151k leggyakoribb j\u00f3indulat\u00fa daganata, a reprodukt\u00edv korban l\u00e9v\u0151 n\u0151k 20-25 %-\u00e1ban kimutathat\u00f3. A m\u00e9helt\u00e1vol\u00edt\u00e1sok 30-40 %-\u00e1t myoma vagy myoma okozta v\u00e9rz\u00e9szavar miatt v\u00e9gezz\u00fck m\u00e9g ma is, amikor m\u00e1r birtok\u00e1ban vagyunk azoknak az ismereteknek, hogy a myom\u00e1k a klimaxban viszonylag r\u00f6vid id\u0151 alatt [&hellip;]<\/p>\n","protected":false},"author":1,"featured_media":0,"parent":714,"menu_order":0,"comment_status":"closed","ping_status":"closed","template":"","meta":{"_mi_skip_tracking":false},"_links":{"self":[{"href":"http:\/\/magnetovitalrendelo.hu\/rendelo\/wp-json\/wp\/v2\/pages\/737"}],"collection":[{"href":"http:\/\/magnetovitalrendelo.hu\/rendelo\/wp-json\/wp\/v2\/pages"}],"about":[{"href":"http:\/\/magnetovitalrendelo.hu\/rendelo\/wp-json\/wp\/v2\/types\/page"}],"author":[{"embeddable":true,"href":"http:\/\/magnetovitalrendelo.hu\/rendelo\/wp-json\/wp\/v2\/users\/1"}],"replies":[{"embeddable":true,"href":"http:\/\/magnetovitalrendelo.hu\/rendelo\/wp-json\/wp\/v2\/comments?post=737"}],"version-history":[{"count":2,"href":"http:\/\/magnetovitalrendelo.hu\/rendelo\/wp-json\/wp\/v2\/pages\/737\/revisions"}],"predecessor-version":[{"id":1479,"href":"http:\/\/magnetovitalrendelo.hu\/rendelo\/wp-json\/wp\/v2\/pages\/737\/revisions\/1479"}],"up":[{"embeddable":true,"href":"http:\/\/magnetovitalrendelo.hu\/rendelo\/wp-json\/wp\/v2\/pages\/714"}],"wp:attachment":[{"href":"http:\/\/magnetovitalrendelo.hu\/rendelo\/wp-json\/wp\/v2\/media?parent=737"}],"curies":[{"name":"wp","href":"https:\/\/api.w.org\/{rel}","templated":true}]}}