{"id":709,"date":"2013-03-12T17:44:33","date_gmt":"2013-03-12T16:44:33","guid":{"rendered":"http:\/\/magnetovitalrendelo.hu\/rendelo\/?page_id=709"},"modified":"2015-09-02T10:59:30","modified_gmt":"2015-09-02T08:59:30","slug":"a-menstruacio-es-zavarai","status":"publish","type":"page","link":"http:\/\/magnetovitalrendelo.hu\/rendelo\/szolgaltatasaink-2\/altalanos-szuleszet-nogyogyaszat-onkologia\/nehany-betegsegrol-bovebben\/a-menstruacio-es-zavarai\/","title":{"rendered":"A menstru\u00e1ci\u00f3 \u00e9s zavarai"},"content":{"rendered":"<div class=\"printfriendly pf-button \"><a href=\"http:\/\/magnetovitalrendelo.hu\/rendelo\/szolgaltatasaink-2\/altalanos-szuleszet-nogyogyaszat-onkologia\/nehany-betegsegrol-bovebben\/a-menstruacio-es-zavarai\/?pfstyle=wp\" rel=\"nofollow\"  title=\"Printer Friendly, PDF & Email\"><img src=\"http:\/\/magnetovitalrendelo.hu\/k\/pf-button-both.gif\" alt=\"Print Friendly, PDF & Email\" class=\"pf-button-img\" style=\"\"  \/><\/a><\/div>\n<p>A pubert\u00e1skor legl\u00e1tv\u00e1nyosabb esem\u00e9nye az els\u0151 menstru\u00e1ci\u00f3 megjelen\u00e9se, amely Magyarorsz\u00e1gon \u00e1tlagosan <strong>12.6<\/strong> \u00e9ves korban k\u00f6vetkezik be. Ezt k\u00f6vet\u0151en a v\u00e9rz\u00e9sek <strong>48-52<\/strong> \u00e9ves korig,<strong> 28-30<\/strong> naponta, t\u00f6bb-kevesebb rendszeress\u00e9ggel mutatkoznak. Kezdetben a v\u00e9rz\u00e9sek nem rendszeresek, n\u00e9gy-hat h\u00e9tre is jelentkezhetnek, de egy-m\u00e1sf\u00e9l \u00e9vvel a menzesz megjelen\u00e9se ut\u00e1n m\u00e1r<strong><span style=\"color: #000080;\"> csak a 21 napn\u00e1l nem r\u00f6videbb, \u00e9s a 38 napn\u00e1l nem hosszabb ciklusokat tartjuk \u00e9lettaninak.<\/span><\/strong> A n\u0151i term\u00e9kenys\u00e9g szempontj\u00e1b\u00f3l nagy fontoss\u00e1g\u00fa az \u00e1tlagosan a <strong>14.<\/strong> napon jelentkez\u0151 pete\u00e9r\u00e9s (ovul\u00e1ci\u00f3), mely sor\u00e1n a petesejt a petef\u00e9szekb\u0151l kil\u00f6k\u0151dik \u00e9s k\u00e9szen \u00e1ll a megterm\u00e9keny\u00edt\u00e9sre. A n\u0151i havi ciklus rendszeress\u00e9ge, \u00e9lettani m\u0171k\u00f6d\u00e9se, a szervezet bonyolult hormon\u00e1lis egyens\u00faly\u00e1nak eredm\u00e9nye. Ha ez a harmonikus egy\u00fcttm\u0171k\u00f6d\u00e9s b\u00e1rhol megbomlik, az a menstru\u00e1ci\u00f3 zavar\u00e1hoz, v\u00e9rz\u00e9si rendelleness\u00e9gekhez vezethet.<\/p>\n<p><span style=\"color: #3366ff;\"><strong><img loading=\"lazy\" class=\"alignright size-full wp-image-952\" src=\"http:\/\/magnetovitalrendelo.hu\/rendelo\/wp-content\/uploads\/sites\/4\/2013\/03\/menstruacio-1.jpg\" alt=\"menstruacio-1\" width=\"357\" height=\"450\" srcset=\"http:\/\/magnetovitalrendelo.hu\/rendelo\/wp-content\/uploads\/sites\/4\/2013\/03\/menstruacio-1.jpg 477w, http:\/\/magnetovitalrendelo.hu\/rendelo\/wp-content\/uploads\/sites\/4\/2013\/03\/menstruacio-1-238x300.jpg 238w\" sizes=\"(max-width: 357px) 100vw, 357px\" \/>Norm\u00e1l menstru\u00e1ci\u00f3:<\/strong><\/span><\/p>\n<p>A menstru\u00e1ci\u00f3 <strong>4-6<\/strong> napig tart. A v\u00e9rvesztes\u00e9g <strong>30-50 ml. 80 ml<\/strong> felett k\u00f3ros.<\/p>\n<p>A menstru\u00e1ci\u00f3 higi\u00e9n\u00e9je: mindennapi alapos mosakod\u00e1s, a szem\u00e9remtest megtiszt\u00edt\u00e1sa. A h\u00fcvelyt ki\u00f6bl\u00edteni nem kell. Intim bet\u00e9t vagy tampon haszn\u00e1lhat\u00f3 ig\u00e9ny szerint, de 6-8 \u00f3r\u00e1nk\u00e9nt cser\u00e9lend\u0151. A sima vatta is alkalmazhat\u00f3, de nem korszer\u0171. Er\u0151s v\u00e9rz\u00e9sn\u00e9l a bet\u00e9t a leg-el\u0151ny\u00f6sebb, de egyre nagyobb hangs\u00falyt kap a <strong>Lady Cup<\/strong> nev\u0171 menstru\u00e1ci\u00f3s t\u00f6lcs\u00e9r alkalmaz\u00e1sa, mely vesz\u00e9lytelen, olcs\u00f3 \u00e9s igen hasznos seg\u00e9deszk\u00f6z lehet minden nemi \u00e9letet \u00e9l\u0151 n\u0151 eset\u00e9ben.<\/p>\n<p><span style=\"color: #ff0000;\"><strong>Menses alatt versenysport, \u00fasz\u00e1s \u00e9s k\u00fcl\u00f6n\u00f6sen a k\u00f6z\u00f6s\u00fcl\u00e9s nem aj\u00e1nlott. B\u00e1r vannak n\u0151k, akik azt \u00e1ll\u00edtj\u00e1k, hogy a legfrenetikusabb orgazmust menstru\u00e1ci\u00f3 alatti szeretkez\u00e9skor \u00e9rt\u00e9k el, m\u00e9gis azt tan\u00e1csoljuk, hogy ker\u00fclj\u00fck ilyenkor a k\u00f6z\u00f6s\u00fcl\u00e9st. Mi\u00e9rt? Mert nem higi\u00e9nikus, komoly, ak\u00e1r medd\u0151s\u00e9get is okoz\u00f3 gyullad\u00e1st okozhat, \u00e9s mert a f\u00e9rfiak h\u00fagycs\u0151gyullad\u00e1st kaphatnak, valamint az endometriosis kialakul\u00e1s\u00e1ban is lehet szerepe. Azonban a legfontosabb \u00e9rv, hogy a nemi \u00faton terjed\u0151 betegs\u00e9geket ilyenkor k\u00f6nnyebben el lehet kapni!!!<\/strong><\/span><\/p>\n<p><strong><span style=\"color: #3366ff;\">Menstru\u00e1ci\u00f3 hi\u00e1nya:<\/span><\/strong><\/p>\n<p>Els\u0151k\u00e9nt a havi v\u00e9rz\u00e9s teljes hi\u00e1ny\u00e1r\u00f3l kell besz\u00e9ln\u00fcnk. A menstru\u00e1ci\u00f3 n\u00e9lk\u00fcli \u00e1llapotok (amenorrhoe\u00e1k) k\u00e9t nagy csoportj\u00e1t k\u00fcl\u00f6n\u00edtj\u00fck el:<\/p>\n<ul>\n<li>Az els\u0151dleges amenorrhoea (ha 18 \u00e9vesn\u00e9l id\u0151sebb n\u0151nek m\u00e9g soha nem volt menzesze)<\/li>\n<li>A m\u00e1sodlagos amenorrhoea, ha m\u00e1r volt menzesz, de az \u00fajabb menzesz k\u00e9s\u00e9se meghaladja a 90 napot, \u00e9s terhess\u00e9g nem \u00e1ll fenn. (Pubert\u00e1sban csak 6 h\u00f3napot meghalad\u00f3 v\u00e9rz\u00e9skimarad\u00e1s eset\u00e9n besz\u00e9lhet\u00fcnk m\u00e1sodlagos amenorrhoe\u00e1r\u00f3l.)<\/li>\n<\/ul>\n<p><span style=\"color: #ff0000;\"><strong>Menzesz-kimarad\u00e1s vagy k\u00e9s\u00e9s eset\u00e9n el\u0151sz\u00f6r mindig terhess\u00e9gre kell gondolni, \u00e9s mihamar\u00e1bb szakorvoshoz kell fordulni, mivel m\u00e9hen k\u00edv\u00fcli terhess\u00e9g lehet\u0151s\u00e9ge is fenn\u00e1ll.<\/strong><\/span><\/p>\n<p>Ne felejts\u00fck el azonban, hogy a menstru\u00e1ci\u00f3 n\u00e9lk\u00fcli \u00e1llapot a k\u00f6vetkez\u0151 n\u00e9gy esetben \u00e9lettani, teh\u00e1t a szervezet norm\u00e1lis m\u0171k\u00f6d\u00e9s\u00e9t t\u00fckr\u00f6zi:<\/p>\n<ul>\n<li>a pubert\u00e1s el\u0151tt<\/li>\n<li>a terhess\u00e9g sor\u00e1n<\/li>\n<li>a szoptat\u00e1s id\u0151szaka alatt<\/li>\n<li>a v\u00e1ltoz\u00f3 korban<\/li>\n<\/ul>\n<p>A v\u00e9rz\u00e9s elmarad\u00e1s\u00e1nak t\u00f6bb k\u00f3ros oka lehet, p\u00e9ld\u00e1ul:<\/p>\n<ul>\n<li>petef\u00e9szek megbeteged\u00e9se<\/li>\n<li>a hypothalamus, az agyalapi mirigy, a mell\u00e9kvese, a pajzsmirigy, a hasny\u00e1lmirigy megbeteged\u00e9se, a hormon\u00e1lis egyens\u00faly felborul\u00e1sa.<\/li>\n<\/ul>\n<p><img loading=\"lazy\" class=\"aligncenter size-full wp-image-1004\" src=\"http:\/\/magnetovitalrendelo.hu\/rendelo\/wp-content\/uploads\/sites\/4\/2013\/03\/menstruacio-2.jpg\" alt=\"menstruacio-2\" width=\"501\" height=\"203\" \/><\/p>\n<ul>\n<li>a h\u00fcvely \u00e9s a m\u00e9h megbeteged\u00e9se, fejl\u0151d\u00e9si rendelleness\u00e9ge<\/li>\n<li>k\u00fcls\u0151 t\u00e9nyez\u0151k: sug\u00e1rter\u00e1pia, m\u0171t\u00e9t,<\/li>\n<li>fogamz\u00e1sg\u00e1tl\u00f3k szed\u00e9se ut\u00e1n gyakran kialakul az un. &#8220;postpill amenorrhoea&#8221;, amikor a gy\u00f3gyszerszed\u00e9si peri\u00f3dus ut\u00e1n a menstru\u00e1ci\u00f3 elmarad.<\/li>\n<\/ul>\n<p><span style=\"color: #3366ff;\"><strong>B\u0151vebb menstru\u00e1ci\u00f3:<\/strong><\/span><\/p>\n<p>A v\u00e9rz\u00e9szavarok m\u00e1sik nagy csoportj\u00e1ban a havi v\u00e9rz\u00e9s jelentkezik ugyan, de vagy mennyis\u00e9g\u00e9ben, min\u0151s\u00e9g\u00e9ben, vagy gyakoris\u00e1g\u00e1ban k\u00f3rosan elt\u00e9r az \u00e9lettani havi ciklust\u00f3l. Ezen rendellenes v\u00e9rz\u00e9sek h\u00e1tter\u00e9ben, legt\u00f6bbsz\u00f6r a hormon\u00e1lis m\u0171k\u00f6d\u00e9s kisebb-nagyobb m\u00e9rt\u00e9k\u0171 zavara \u00e1llhat. A szervi eredetet term\u00e9szetesen minden esetben ki kell z\u00e1rni.<\/p>\n<p>A n\u0151i ciklust ir\u00e1ny\u00edt\u00f3 bonyolult rendszer nem t\u00f6k\u00e9letesen harmonikus m\u0171k\u00f6d\u00e9se okozhatja az \u00fagynevezett megvon\u00e1sos v\u00e9rz\u00e9st, melynek h\u00e1tter\u00e9ben az ovul\u00e1ci\u00f3 hi\u00e1nya \u00e1ll, de kialakulhat \u00e1tt\u00f6r\u00e9ses v\u00e9rz\u00e9s is, amikor is a m\u00e9hny\u00e1lkah\u00e1rtya burj\u00e1nz\u00e1sa nagyobb m\u00e9rt\u00e9k\u0171 a norm\u00e1lisn\u00e1l, a termel\u0151d\u0151 n\u0151i hormonok m\u0171k\u00f6d\u00e9s\u00e9t fenntartani k\u00e9ptelenek, a ny\u00e1lkah\u00e1rtya r\u00e9szletekben lel\u00f6k\u0151dik, id\u0151ben elh\u00faz\u00f3d\u00f3 rendellenes v\u00e9rz\u00e9st okozva.<\/p>\n<p>Ha az id\u0151ben jelentkez\u0151 v\u00e9rz\u00e9s mennyis\u00e9ge meghaladja a norm\u00e1lis ciklusra jellemz\u0151 mennyis\u00e9get \u00e9s ez fokozott v\u00e9rvesztes\u00e9get jelent, <strong>hypermenorrhoe\u00e1r\u00f3l<\/strong> besz\u00e9l\u00fcnk, ez \u00f6nmag\u00e1ban csak t\u00fcnet, sz\u00e1mos rendelleness\u00e9g okozhatja.<\/p>\n<p>H\u00e1tter\u00e9ben szervi okok is \u00e1llhatnak:<\/p>\n<ul>\n<li>kismedencei gyullad\u00e1s,<\/li>\n<li>m\u00e9hen k\u00edv\u00fcli terhess\u00e9g,<\/li>\n<li>a m\u00e9h myom\u00e1ja (j\u00f3indulat\u00fa izomdaganat),<\/li>\n<li>m\u00e9hen bel\u00fcli fogamz\u00e1sg\u00e1tl\u00f3 eszk\u00f6z,<\/li>\n<li>a m\u00e9hnyak vagy m\u00e9h rosszindulat\u00fa megbeteged\u00e9se, a petef\u00e9szek daganata, endometriosis).<\/li>\n<\/ul>\n<p><span style=\"color: #3366ff;\"><strong><img loading=\"lazy\" class=\"alignright size-full wp-image-1013\" src=\"http:\/\/magnetovitalrendelo.hu\/rendelo\/wp-content\/uploads\/sites\/4\/2013\/03\/menstruacio-3.jpg\" alt=\"menstruacio-3\" width=\"250\" height=\"202\" \/>Endometriosisr\u00f3l<\/strong> <\/span>akkor besz\u00e9l\u00fcnk, ha m\u00e9hny\u00e1lkah\u00e1rty\u00e1hoz hasonl\u00f3 sz\u00f6vetet tal\u00e1lunk a m\u00e9h \u00fcreg\u00e9n k\u00edv\u00fcl b\u00e1rhol a szervezetben. A k\u00f3ros elhelyezked\u00e9s\u0171 m\u00e9hny\u00e1lkah\u00e1rtya k\u00f6veti a norm\u00e1lis ciklusos v\u00e1ltoz\u00e1sokat, a menzesz alkalm\u00e1val felgy\u00fcleml\u0151 v\u00e1lad\u00e9k, s\u00falyos elv\u00e1ltoz\u00e1sokat, \u00f6sszen\u00f6v\u00e9seket, panaszokat (f\u00e1jdalom) okozhat.<\/p>\n<p>A szervi eredet\u0171 v\u00e9rz\u00e9szavarok a kiv\u00e1lt\u00f3 ok kezel\u00e9s\u00e9vel megsz\u00fcntethet\u0151k. A v\u00e9rz\u00e9si rendelleness\u00e9g gyakran a ciklust nem tart\u00f3, tart\u00f3s \u00e9s visszat\u00e9r\u0151 form\u00e1ban jelentkezik. Itt k\u00e9t k\u00fcl\u00f6nleges csoportot kell megeml\u00edteni:<\/p>\n<p>Pubert\u00e1sban a &#8220;tanul\u00f3&#8221; petef\u00e9szkek szab\u00e1lyoz\u00e1sa nem t\u00f6k\u00e9letes, a hormon\u00e1lis egyens\u00faly megboml\u00e1sa k\u00f6vetkezt\u00e9ben a m\u00e9hny\u00e1lkah\u00e1rtya szerkezete nem lesz egys\u00e9ges, foltokban l\u00f6k\u0151dhet le. A v\u00e9rz\u00e9s nagyon s\u00falyos lehet, ak\u00e1r az \u00e9letet is vesz\u00e9lyezteti. Nagyon fontos ilyenkor is a k\u00f3rel\u0151zm\u00e9ny pontos tiszt\u00e1z\u00e1sa \u00e9s a gondos vizsg\u00e1lat. Ha a pubert\u00e1sban lev\u0151 le\u00e1nynak szexu\u00e1lis kapcsolata van, \u00fagy a vet\u00e9l\u00e9s lehet\u0151s\u00e9g\u00e9t is ki kell z\u00e1rni. Ebben a terhess\u00e9gi teszt \u00e9s az ultrahangvizsg\u00e1lat seg\u00edt. A gyermekkori h\u00fcvelyi v\u00e9rz\u00e9sek h\u00e1tter\u00e9ben leggyakrabban idegen test h\u00faz\u00f3dik meg.<\/p>\n<p>A v\u00e1ltoz\u00f3 korban jelentkez\u0151 v\u00e9rz\u00e9szavarokat is k\u00fcl\u00f6n csoportba kell sorolni, mivel ebben az \u00e9letkorban jelent\u0151sen megn\u0151 a m\u00e9hny\u00e1lkah\u00e1rtya rosszindulat\u00fa daganat\u00e1nak val\u00f3sz\u00edn\u0171s\u00e9ge. Ilyenkor a diagnosztikus m\u00e9hkapar\u00e1st\u00f3l eltekinteni nem lehet, mivel a rosszindulat\u00fa daganat kiz\u00e1r\u00e1s\u00e1hoz sz\u00f6vettani vizsg\u00e1latra van sz\u00fcks\u00e9g.<\/p>\n<p><span style=\"color: #3366ff;\"><strong>Rendszertelen v\u00e9rz\u00e9s:<\/strong><\/span><\/p>\n<p>A ciklus ritmuszavarait temp\u00f3anom\u00e1li\u00e1knak nevezz\u00fck. A 21 napn\u00e1l s\u0171r\u0171bben jelentkez\u0151 menzesz h\u00e1tter\u00e9ben legt\u00f6bbsz\u00f6r az ovul\u00e1ci\u00f3 elmarad\u00e1sa h\u00faz\u00f3dik meg, ilyenkor a m\u00e9hny\u00e1lkah\u00e1rtya a v\u00e1rtn\u00e1l kor\u00e1bban l\u00f6k\u0151dik le. M\u00e1skor viszont gondos elemz\u00e9ssel kider\u00fcl, hogy a k\u00e9thetenk\u00e9nt jelentkez\u0151 v\u00e9rz\u00e9s minden m\u00e1sodik alkalommal l\u00e9nyegesen kevesebb, teh\u00e1t csak a ciklus k\u00f6zep\u00e9n jelentkez\u0151, \u201ck\u00f6z\u00e9pid\u0151s\u201d v\u00e9rz\u00e9sr\u0151l van sz\u00f3, amely l\u00e9nyeg\u00e9ben nem tekinthet\u0151 k\u00f3rosnak. A t\u00fal gyakori menstru\u00e1ci\u00f3 mellett m\u00e9g k\u00f3ros lehet a 38 napn\u00e1l ritk\u00e1bban jelentkez\u0151 havi v\u00e9rz\u00e9s is. Amennyiben a beteg gyermeket nem k\u00edv\u00e1n, viszont a ritka menzeszek zavarj\u00e1k, ciklus-fel\u00e9p\u00edt\u00e9s v\u00e9gezhet\u0151 hormontartalm\u00fa k\u00e9sz\u00edtm\u00e9nyekkel, amely c\u00e9lra alkalmasak a kombin\u00e1lt fogamz\u00e1sg\u00e1tl\u00f3 tablett\u00e1k is.<\/p>\n<p>A v\u00e9rz\u00e9si rendelleness\u00e9gekre hatv\u00e1nyozottan igaz a pszich\u00e9s eredet. A ciklus, a v\u00e9rz\u00e9s a n\u0151iess\u00e9g egyik legeklat\u00e1nsabb kifejez\u0151d\u00e9si form\u00e1ja, melynek rendszeress\u00e9ge, megl\u00e9v\u0151s\u00e9ge er\u0151teljesen jelz\u00e9sek a teljes harm\u00f3ni\u00e1ra, zavarai pedig a harm\u00f3nia megboml\u00e1s\u00e1ra. Saj\u00e1t tapasztalataink szerint negat\u00edv sz\u00f6vettani eredm\u00e9ny eset\u00e9n szinte minden esetben t\u00f6k\u00e9letes eredm\u00e9ny \u00e9rhet\u0151 el az \u00e1ltalunk prefer\u00e1lt vagy alkalmazott pszichoter\u00e1pi\u00e1s m\u00f3dszerekkel. amennyiben a rendetlen\u00fcl v\u00e9rz\u0151 beteg n\u0151iess\u00e9g\u00e9t siker\u00fcl harm\u00f3ni\u00e1ba hozni, \u00f6n\u00e9rt\u00e9kel\u00e9si, \u00f6nbecs\u00fcl\u00e9si zavarait rendezni, p\u00e1rkapcsolati probl\u00e9m\u00e1it megoldani, vagy az ahhoz val\u00f3 hozz\u00e1\u00e1ll\u00e1s\u00e1t hely\u00e9re tenni, szinte automatikusan rendez\u0151dnek a v\u00e9rz\u00e9szavarai is.<\/p>\n<p>Term\u00e9szetesen a pszichoter\u00e1pi\u00e1t szinte mindig kombin\u00e1ljuk<strong> reflexol\u00f3gi\u00e1val<\/strong> vagy <strong>AVIVA-torn\u00e1val<\/strong> is, mert a rendez\u0151d\u00e9s gyorsas\u00e1ga \u00e9s hat\u00e1sfoka ily m\u00f3don jelent\u0151sen jav\u00edthat\u00f3. Ugyancsak jelent\u0151s szerepet kapnak a homeopatikumok \u00e9s a gy\u00f3gyn\u00f6v\u00e9nyek is a ter\u00e1pia kieg\u00e9sz\u00edt\u00e9s\u00e9ben. A magam r\u00e9sz\u00e9r\u0151l hormonter\u00e1pi\u00e1hoz csak s\u00fcrg\u0151s \u00e9s s\u00falyos esetekben ny\u00falik, vagy ha minden alternat\u00edv k\u00eds\u00e9rletem cs\u0151d\u00f6t mondana. Ilyen meglehet\u0151sen ritk\u00e1n fordul el\u0151.<\/p>\n<div class=\"printfriendly pf-button \"><a href=\"http:\/\/magnetovitalrendelo.hu\/rendelo\/szolgaltatasaink-2\/altalanos-szuleszet-nogyogyaszat-onkologia\/nehany-betegsegrol-bovebben\/a-menstruacio-es-zavarai\/?pfstyle=wp\" rel=\"nofollow\"  title=\"Printer Friendly, PDF & Email\"><img src=\"http:\/\/magnetovitalrendelo.hu\/k\/pf-button-both.gif\" alt=\"Print Friendly, PDF & Email\" class=\"pf-button-img\" style=\"\"  \/><\/a><\/div>\n<p style=\"text-align: center;\"><a class=\"scss3b-button scss3b-button-googleplus\" href=\"http:\/\/magnetovitalrendelo.hu\/rendelo\/szakmai-kerdes\/\">Van szem\u00e9lyes k\u00e9rd\u00e9se? Itt f\u00f6lteheti! <\/a><\/p>\n","protected":false},"excerpt":{"rendered":"<p>A pubert\u00e1skor legl\u00e1tv\u00e1nyosabb esem\u00e9nye az els\u0151 menstru\u00e1ci\u00f3 megjelen\u00e9se, amely Magyarorsz\u00e1gon \u00e1tlagosan 12.6 \u00e9ves korban k\u00f6vetkezik be. Ezt k\u00f6vet\u0151en a v\u00e9rz\u00e9sek 48-52 \u00e9ves korig, 28-30 naponta, t\u00f6bb-kevesebb rendszeress\u00e9ggel mutatkoznak. Kezdetben a v\u00e9rz\u00e9sek nem rendszeresek, n\u00e9gy-hat h\u00e9tre is jelentkezhetnek, de egy-m\u00e1sf\u00e9l \u00e9vvel a menzesz megjelen\u00e9se ut\u00e1n m\u00e1r csak a 21 napn\u00e1l nem r\u00f6videbb, \u00e9s a 38 napn\u00e1l [&hellip;]<\/p>\n","protected":false},"author":1,"featured_media":0,"parent":697,"menu_order":0,"comment_status":"closed","ping_status":"closed","template":"","meta":{"_mi_skip_tracking":false},"_links":{"self":[{"href":"http:\/\/magnetovitalrendelo.hu\/rendelo\/wp-json\/wp\/v2\/pages\/709"}],"collection":[{"href":"http:\/\/magnetovitalrendelo.hu\/rendelo\/wp-json\/wp\/v2\/pages"}],"about":[{"href":"http:\/\/magnetovitalrendelo.hu\/rendelo\/wp-json\/wp\/v2\/types\/page"}],"author":[{"embeddable":true,"href":"http:\/\/magnetovitalrendelo.hu\/rendelo\/wp-json\/wp\/v2\/users\/1"}],"replies":[{"embeddable":true,"href":"http:\/\/magnetovitalrendelo.hu\/rendelo\/wp-json\/wp\/v2\/comments?post=709"}],"version-history":[{"count":2,"href":"http:\/\/magnetovitalrendelo.hu\/rendelo\/wp-json\/wp\/v2\/pages\/709\/revisions"}],"predecessor-version":[{"id":1473,"href":"http:\/\/magnetovitalrendelo.hu\/rendelo\/wp-json\/wp\/v2\/pages\/709\/revisions\/1473"}],"up":[{"embeddable":true,"href":"http:\/\/magnetovitalrendelo.hu\/rendelo\/wp-json\/wp\/v2\/pages\/697"}],"wp:attachment":[{"href":"http:\/\/magnetovitalrendelo.hu\/rendelo\/wp-json\/wp\/v2\/media?parent=709"}],"curies":[{"name":"wp","href":"https:\/\/api.w.org\/{rel}","templated":true}]}}