{"id":465,"date":"2013-02-25T23:32:13","date_gmt":"2013-02-25T22:32:13","guid":{"rendered":"http:\/\/magnetovitalrendelo.hu\/rendelo\/?page_id=465"},"modified":"2014-12-13T09:45:50","modified_gmt":"2014-12-13T08:45:50","slug":"paroczi-janos-bemutatas","status":"publish","type":"page","link":"http:\/\/magnetovitalrendelo.hu\/rendelo\/munkatarsaink\/paroczi-janos-bemutatas\/","title":{"rendered":"Par\u00f3czi J\u00e1nos &#8211; bemutat\u00e1s"},"content":{"rendered":"<h3><span style=\"color: #3366ff;\"><img loading=\"lazy\" class=\"alignright size-full wp-image-16\" src=\"http:\/\/magnetovitalrendelo.hu\/rendelo\/wp-content\/uploads\/sites\/4\/2013\/02\/paroczi_janos.jpg\" alt=\"paroczi_janos\" width=\"200\" height=\"274\" \/>Inform\u00e1ci\u00f3s cseppekr\u0151l a f\u0151v\u00e1ros k\u00f6zleked\u00e9si m\u00e9rn\u00f6k\u00e9vel<\/span><\/h3>\n<p>Par\u00f3czi J\u00e1nos a fogorvosa aj\u00e1nl\u00e1s\u00e1ra ismerte meg, majd jegyezte el mag\u00e1t az agytr\u00e9ninggel. Rezg\u00e9ster\u00e1piai k\u00eds\u00e9rleteinek mindannyian haszon\u00e9lvez\u0151i lehet\u00fcnk: n\u00f6v\u00e9nyek \u2013 vir\u00e1gok, r\u00fcgyek \u2013, \u0151sk\u00f6v\u00fcletek, -maradv\u00e1nyok \u00e9s dr\u00e1gak\u00f6vek inform\u00e1ci\u00f3it menti \u00e1t folyad\u00e9kba.<\/p>\n<p>Par\u00f3czi J\u00e1nosnak e tev\u00e9kenys\u00e9g\u00e9ben legal\u00e1bb olyan bonyolult \u00fath\u00e1l\u00f3zaton kellett eligazodnia, mint amilyen\u00e9rt \u2013 a f\u0151v\u00e1ros k\u00f6zleked\u00e9si m\u00e9rn\u00f6kek\u00e9nt \u2013 civil foglalkoz\u00e1sa gyakorl\u00e1sa sor\u00e1n felel. A m\u0171szaki ember imm\u00e1r a harmoniz\u00e1l\u00e1sra, az \u00f6ngy\u00f3gy\u00edt\u00e1sra, a betegs\u00e9gmegel\u0151z\u00e9sre is figyel.<\/p>\n<p>\u2013 Gyermekkoromban sz\u00e1mos betegs\u00e9gen mentem kereszt\u00fcl: a b\u00e1r\u00e1nyhiml\u0151t\u0151l a kanyar\u00f3n \u00e1t megtapasztaltam a reum\u00e1s l\u00e1zat, majd a v\u00edrusos t\u00fcd\u0151gyullad\u00e1st is. Ma m\u00e1r a lass\u00edt\u00e1s sz\u00fcks\u00e9gess\u00e9g\u00e9nek \u00fczenetek\u00e9nt \u00e9rtelmezem agyr\u00e1zk\u00f3d\u00e1ssal j\u00e1r\u00f3 sportbalesetemet. A \u201970-es \u00e9vekben di\u00e1kk\u00e9nt \u2013 a konstrukt\u00edv megold\u00e1sok mellett \u2013 a tud\u00e1s pszichol\u00f3giai oldala is \u00e9rdekelt, ez\u00e9rt a m\u00e9rn\u00f6ki mellett m\u0171szaki tan\u00e1ri tanulm\u00e1nyokat is folytattam.<\/p>\n<p>Re\u00e1l ir\u00e1nyults\u00e1gom ellen\u00e9re mindig nehezen fogadtam el a lehetetlen sz\u00f3t. Ebben az id\u0151ben kezdtem s\u00falyos betegeket reflexol\u00f3gusokhoz \u00e9s akupunkt\u00far\u00e1val kezel\u0151 orvosokhoz kalauzolni.<\/p>\n<p>Meg\u00e9ltem a stressz-t\u00falterhel\u00e9s tipikus k\u00f6vetkezm\u00e9ny\u00e9t, a porckorong-s\u00e9rvet, melyet m\u0171t\u00e9ttel sz\u00fcntettek meg. Ez ut\u00f3bbi bajom megr\u00e1zott, mert h\u00f3napokon kereszt\u00fcl vesztegl\u00e9sre k\u00e9nyszer\u00fcltem S egy \u00e9ven bel\u00fcl megismertem a b\u00e1nat \u00e9s az \u00f6r\u00f6m m\u00e9lys\u00e9geit \u00e9s magaslatait: mindk\u00e9t sz\u00fcl\u0151met elvesztettem, megsz\u00fcletett a fiam, r\u00e1ad\u00e1sul m\u00e9g k\u00f6lt\u00f6zt\u00fcnk is, mindezek mellett a p\u00e1ly\u00e1m megalapoz\u00f3 m\u00e9rn\u00f6ki tev\u00e9kenys\u00e9gem fontos pr\u00f3bat\u00e9teleit \u00e9ltem. R\u00e1j\u00f6ttem, hogy betegs\u00e9geim legfontosabb kiv\u00e1lt\u00f3 oka: az \u00f6nmagammal szembeni vissza\u00e9l\u00e9s, szervezetem t\u00falterhel\u00e9se \u00e9s a stresszek okozta kizs\u00e1km\u00e1nyol\u00e1sa.<\/p>\n<p>A lelki megnyugv\u00e1s \u00e9s harm\u00f3nia fontoss\u00e1ga nyilv\u00e1nval\u00f3v\u00e1 v\u00e1lt sz\u00e1momra. M\u0171szaki ir\u00e1nyults\u00e1gom ellen\u00e9re az eg\u00e9szs\u00e9gmeg\u0151rz\u00e9s sz\u00e1mos form\u00e1j\u00e1t felkutattam \u00e9s kipr\u00f3b\u00e1ltam, s minden olyasmi \u00e9rdekelt, ami a m\u00e1r kibillent egyens\u00faly vissza\u00e1ll\u00edt\u00e1s\u00e1t szolg\u00e1lta.<\/p>\n<p>A 80-as \u00e9vek v\u00e9ge fel\u00e9 kerestem az \u00f6nfejleszt\u00e9s tov\u00e1bbi lehet\u0151s\u00e9geit. Aff\u00e9le \u201emindenev\u0151k\u00e9nt\u201d igyekeztem \u00e9letem r\u00e9sz\u00e9v\u00e9 tenni az \u00faj m\u00f3dszereket. A Dale Carnegie laborat\u00f3riumi oszt\u00e1ly\u00e1t\u00f3l a Darnel-tr\u00e9ningeken, a dianetik\u00e1n kereszt\u00fcl az agykontrollig sok minden meg\u00e9rintett. Ismerkedtem \u00e9s gy\u00f3gy\u00edttattam magam homeop\u00e1ti\u00e1val, talp-reflexol\u00f3gi\u00e1s elj\u00e1r\u00e1sokkal, \u00edriszdiagnosztik\u00e1val. Kipr\u00f3b\u00e1ltam a Chi-Qhungot, a radieszt\u00e9zi\u00e1t, az NLP-t, a feng shuit.<\/p>\n<p>Tomcs\u00e1nyi Csaba vezetett a f\u00e9rfi-n\u0151i energi\u00e1k kiegyens\u00falyoz\u00e1s\u00e1nak megismer\u00e9s\u00e9ben. Hatvani Csaba seg\u00edts\u00e9g\u00e9vel haladtam a reikiben. A debreceni Nagy S\u00e1ndorn\u00e1l gyakoroltam az NLP-t, majd \u2013 Nagy Andrea \u00fatmutat\u00e1sai szerint \u2013 megismertem a Thai-Chi-t. A jungi\u00e1nus Szombati \u00c1gnesn\u00e9l tanulm\u00e1nyokat folytattam az archet\u00edpusokr\u00f3l. R\u00e9sztvev\u0151je voltam egy ment\u00e1lhig\u00e9ni\u00e1s csoportnak, amelyet a telefonos lelki seg\u00edts\u00e9gny\u00fajt\u00e1st m\u0171k\u00f6dtet\u0151 \u00c9let Alap\u00edtv\u00e1ny szervezett. H\u00e1rom kurzust v\u00e9geztem kineziol\u00f3gi\u00e1b\u00f3l dr. Varj\u00fa M\u00e1rt\u00e1n\u00e1l. A F\u00e9ny a F\u00e9nyben Egyes\u00fclet rendezv\u00e9nyein sz\u00e9les sk\u00e1l\u00e1j\u00e1t ismertem meg az ezoterikus ismereteknek. F\u00f6ldi Erzs\u00e9bet \u00e9s F\u00f6ldi Gy\u00f6rgy bevezetett a vir\u00e1g-rezg\u00e9ster\u00e1pi\u00e1hoz meglep\u0151en k\u00f6zel \u00e1ll\u00f3 \u00f6ngy\u00f3gy\u00edt\u00f3 m\u00f3dszerbe, a pr\u00e1na-nadi-ba.<\/p>\n<p>H\u00e1rom \u00e9ve veget\u00e1ri\u00e1nus vagyok: Ferencsik Istv\u00e1nt\u00f3l tanultam a t\u00e1pl\u00e1lkoz\u00e1s eg\u00e9szs\u00e9gmegtart\u00f3, illetve vissza\u00e1ll\u00edt\u00f3 hat\u00e1s\u00e1r\u00f3l. Mintegy f\u00e9l \u00e9vtizedes j\u00f3 tapasztalatom van gy\u00f3gyhat\u00e1s\u00fa \u2013 egyesek szerint \u201etalizm\u00e1n\u201d \u2013 k\u00f6vek alkalmaz\u00e1s\u00e1val; sokat k\u00f6sz\u00f6nhetek Majoros J\u00e1nos term\u00e9szetgy\u00f3gy\u00e1sznak.<\/p>\n<p>\u2013 Elk\u00e9pzelhet\u0151, mennyi energia sz\u00fcks\u00e9ges mindezekhez.<\/p>\n<p>\u2013 Fontos sz\u00e1momra \u2013 \u00e9s az inform\u00e1ci\u00f3s oldatok szempontj\u00e1b\u00f3l is -, hogy megfelel\u0151 energetikai \u00e1llapotban \u00e9s a k\u00edv\u00e1natos lelki b\u00e9k\u00e9vel k\u00e9sz\u00edtsem anyagaimat, ez\u00e9rt, amikor az \u00e1tlagosn\u00e1l jobban elf\u00e1radok, s gyors regener\u00e1l\u00f3d\u00e1st szeretn\u00e9k el\u00e9rni, agytr\u00e9ningezem.<\/p>\n<p>Csontos P\u00e9ter j\u00f3volt\u00e1b\u00f3l ismerkedtem meg a tudati technol\u00f3gi\u00e1val. \u00c9vek \u00f3ta haszn\u00e1lom az agytr\u00e9ner k\u00e9sz\u00fcl\u00e9ket, zseni\u00e1lis tal\u00e1lm\u00e1nynak tartom. Meggy\u0151z\u0151d\u00e9sem, hogy mind a tengernyi inform\u00e1ci\u00f3 befogad\u00e1s\u00e1ban, mind pedig saj\u00e1t alkot\u00f3 munk\u00e1m siker\u00e9ben \u00f3ri\u00e1si seg\u00edts\u00e9get jelent.<\/p>\n<p>\u2013 Elk\u00f6telezettje lett\u00e9l a rezg\u00e9ster\u00e1pi\u00e1nak.<\/p>\n<p>\u2013 A radieszt\u00e9zi\u00e1val a budapesti Kiss Tibor seg\u00edts\u00e9g\u00e9vel foglalkoztam, s n\u00e1la tal\u00e1lkoztam el\u0151sz\u00f6r a Bach-vir\u00e1gter\u00e1pi\u00e1val. Megragadott dr. Edward Bach betegs\u00e9gekr\u0151l val\u00f3 felfog\u00e1sa, ami els\u0151 hall\u00e1sra b\u00e1rmilyen hihetetlennek is t\u0171nik: minden beteg(s\u00e9g) gy\u00f3gy\u00edthat\u00f3!<\/p>\n<p>\u00c9reztem, hogy a hozz\u00e1m legk\u00f6zelebb \u00e1ll\u00f3 m\u00f3dszerre leltem. M\u00e9gis hi\u00e1nyoltam a konkr\u00e9t t\u00fcnetek vagy betegs\u00e9ghajlamok visszaszor\u00edt\u00e1s\u00e1ra val\u00f3 alkalmazhat\u00f3s\u00e1g\u00e1t. Arra gondoltam, hogy manaps\u00e1g az \u00f6ngy\u00f3gy\u00edt\u00e1si-gy\u00f3gyul\u00e1si folyamatok beind\u00edt\u00e1s\u00e1hoz m\u00e1r mark\u00e1nsabb esszenci\u00e1kra van sz\u00fcks\u00e9g a hagyom\u00e1nyosan alkalmazottak mellett. A Bach dr. \u00e1ltal kidolgozott m\u00f3dszert kiterjesztettem a konkr\u00e9t betegs\u00e9gek kik\u00fcsz\u00f6b\u00f6l\u00e9s\u00e9re, megel\u0151z\u00e9s\u00e9re alkalmasnak tal\u00e1lt hazai n\u00f6v\u00e9nyekre \u00e9s gy\u00f3gyhat\u00e1s\u00fa k\u00f6vekre, valamint a v\u00edzi \u00e9l\u0151l\u00e9nyek maradv\u00e1nyaira is.<\/p>\n<p>Tov\u00e1bbgondoltam a 38 f\u00e9le Bach-esszencia alkalmazhat\u00f3s\u00e1g\u00e1t, s elkezdtem a m\u00f3dszert olyan megel\u0151z\u0151, harmoniz\u00e1l\u00f3 cseppek k\u00e9sz\u00edt\u00e9s\u00e9re is felhaszn\u00e1lni, amelyek k\u00f6zvetlen\u00fcl alkalmasak konkr\u00e9t betegs\u00e9gt\u00fcnetek visszaford\u00edt\u00e1s\u00e1ra is. Abb\u00f3l a felt\u00e9telez\u00e9sb\u0151l indultam ki, hogy a lelki t\u00fcnetek visszafejleszt\u00e9s\u00e9re alkalmas esszencia megtal\u00e1l\u00e1s\u00e1hoz a betegs\u00e9gb\u0151l mint t\u00fcnetb\u0151l kiindulva is el lehet jutni, vissza lehet k\u00f6vetkeztetni. A sz\u00fcks\u00e9ges anyag kiv\u00e1laszt\u00e1s\u00e1ra az egy\u00e9ni intu\u00edci\u00f3 \u00e9s a radieszt\u00e9zia is alkalmas m\u00f3dszer lehet. Cukorbetegs\u00e9g\u00e9re inzulint haszn\u00e1l\u00f3 nagyn\u00e9n\u00e9mnek a Bach-cseppek k\u00f6z\u00fcl egyik anyag sem bizonyult kiel\u00e9g\u00edt\u0151nek, viszont \u00fagy \u00e9reztem, tudok neki alkalmas anyagot k\u00e9sz\u00edteni hazai n\u00f6v\u00e9nyekb\u0151l. Mintegy f\u00e9l\u00e9ves keres\u00e9s, felk\u00e9sz\u00fcl\u00e9s ut\u00e1n megtal\u00e1ltam ezt az anyagot, amelyet term\u00e9szetgy\u00f3gy\u00e1sz bar\u00e1taim teszteltek. Az \u0151 m\u00e9r\u00e9seik szerint ez az esszencia a cukorbetegek jelent\u0151s h\u00e1nyad\u00e1n\u00e1l hat\u00e1sos lehet.<\/p>\n<p>Az els\u0151 siker ut\u00e1n \u00fajabb esszenci\u00e1kat k\u00e9sz\u00edtettem. Ma a k\u00edn\u00e1latomban szerepl\u0151 rezg\u00e9smint\u00e1k sz\u00e1ma meghaladja a 150-et. Jelenleg a legf\u0151bb teend\u0151m a rendszerez\u00e9s\u00fck \u00e9s a bevezet\u00e9sre alkalmass\u00e1 t\u00e9tel\u00fck.<\/p>\n","protected":false},"excerpt":{"rendered":"<p>Inform\u00e1ci\u00f3s cseppekr\u0151l a f\u0151v\u00e1ros k\u00f6zleked\u00e9si m\u00e9rn\u00f6k\u00e9vel Par\u00f3czi J\u00e1nos a fogorvosa aj\u00e1nl\u00e1s\u00e1ra ismerte meg, majd jegyezte el mag\u00e1t az agytr\u00e9ninggel. Rezg\u00e9ster\u00e1piai k\u00eds\u00e9rleteinek mindannyian haszon\u00e9lvez\u0151i lehet\u00fcnk: n\u00f6v\u00e9nyek \u2013 vir\u00e1gok, r\u00fcgyek \u2013, \u0151sk\u00f6v\u00fcletek, -maradv\u00e1nyok \u00e9s dr\u00e1gak\u00f6vek inform\u00e1ci\u00f3it menti \u00e1t folyad\u00e9kba. Par\u00f3czi J\u00e1nosnak e tev\u00e9kenys\u00e9g\u00e9ben legal\u00e1bb olyan bonyolult \u00fath\u00e1l\u00f3zaton kellett eligazodnia, mint amilyen\u00e9rt \u2013 a f\u0151v\u00e1ros k\u00f6zleked\u00e9si m\u00e9rn\u00f6kek\u00e9nt \u2013 [&hellip;]<\/p>\n","protected":false},"author":1,"featured_media":0,"parent":15,"menu_order":0,"comment_status":"closed","ping_status":"closed","template":"full-width-page.php","meta":{"_mi_skip_tracking":false},"_links":{"self":[{"href":"http:\/\/magnetovitalrendelo.hu\/rendelo\/wp-json\/wp\/v2\/pages\/465"}],"collection":[{"href":"http:\/\/magnetovitalrendelo.hu\/rendelo\/wp-json\/wp\/v2\/pages"}],"about":[{"href":"http:\/\/magnetovitalrendelo.hu\/rendelo\/wp-json\/wp\/v2\/types\/page"}],"author":[{"embeddable":true,"href":"http:\/\/magnetovitalrendelo.hu\/rendelo\/wp-json\/wp\/v2\/users\/1"}],"replies":[{"embeddable":true,"href":"http:\/\/magnetovitalrendelo.hu\/rendelo\/wp-json\/wp\/v2\/comments?post=465"}],"version-history":[{"count":1,"href":"http:\/\/magnetovitalrendelo.hu\/rendelo\/wp-json\/wp\/v2\/pages\/465\/revisions"}],"predecessor-version":[{"id":1361,"href":"http:\/\/magnetovitalrendelo.hu\/rendelo\/wp-json\/wp\/v2\/pages\/465\/revisions\/1361"}],"up":[{"embeddable":true,"href":"http:\/\/magnetovitalrendelo.hu\/rendelo\/wp-json\/wp\/v2\/pages\/15"}],"wp:attachment":[{"href":"http:\/\/magnetovitalrendelo.hu\/rendelo\/wp-json\/wp\/v2\/media?parent=465"}],"curies":[{"name":"wp","href":"https:\/\/api.w.org\/{rel}","templated":true}]}}