{"id":34,"date":"2013-02-19T17:23:04","date_gmt":"2013-02-19T16:23:04","guid":{"rendered":"http:\/\/magnetovitalrendelo.hu\/rendelo\/?page_id=34"},"modified":"2015-07-29T09:40:01","modified_gmt":"2015-07-29T07:40:01","slug":"magnesterapia","status":"publish","type":"page","link":"http:\/\/magnetovitalrendelo.hu\/rendelo\/szolgaltatasaink-2\/magnesterapia\/","title":{"rendered":"M\u00e1gnester\u00e1pia"},"content":{"rendered":"<div class=\"printfriendly pf-button \"><a href=\"http:\/\/magnetovitalrendelo.hu\/rendelo\/szolgaltatasaink-2\/magnesterapia\/?pfstyle=wp\" rel=\"nofollow\"  title=\"Printer Friendly, PDF & Email\"><img src=\"http:\/\/magnetovitalrendelo.hu\/k\/pf-button-both.gif\" alt=\"Print Friendly, PDF & Email\" class=\"pf-button-img\" style=\"\"  \/><\/a><\/div>\n<blockquote>\n<p style=\"text-align: right;\"><span style=\"color: #800080;\"><img loading=\"lazy\" class=\"alignright size-full wp-image-945\" src=\"http:\/\/magnetovitalrendelo.hu\/rendelo\/wp-content\/uploads\/sites\/4\/2013\/02\/barbara_ann_brennan.jpg\" alt=\"barbara_ann_brennan\" width=\"109\" height=\"120\" \/>&#8220;Mi vagyunk saj\u00e1t sorsunk kov\u00e1csai. Sokkal t\u00f6bbre vagyunk k\u00e9pesek, mint gondoltuk, bele\u00e9rtve \u00f6nmagunk meggy\u00f3gy\u00edt\u00e1s\u00e1t, ak\u00e1r &#8220;hal\u00e1los&#8221; betegs\u00e9gb\u0151l is. Az egyetlen val\u00f3ban &#8220;hal\u00e1los&#8221; betegs\u00e9g &#8211; egyszer\u0171en \u00e9lni, embernek lenni&#8230;&#8221;<\/span> &#8211; <strong>Barbara Ann Brennan<\/strong><\/p>\n<\/blockquote>\n<p>Napjainkra egyre t\u00f6bb orvos k\u00e9nytelen r\u00e1d\u00f6bbenni arra a t\u00e9nyre, hogy csak abban az esetben k\u00e9pes p\u00e1ciensein hat\u00e1sosan \u00e9s tart\u00f3san seg\u00edteni, ha valamilyen m\u00f3dszerrel a beteg ember szervezet\u00e9nek \u00f6ngy\u00f3gy\u00edt\u00f3 mechanizmusait is k\u00e9pes serkenteni. Ez az \u00f6ngy\u00f3gy\u00edt\u00f3 mechanizmus alapfokon \/teh\u00e1t a laikus felfog\u00e1s szerint m\u00e9g eg\u00e9szs\u00e9ges \u00e1llapotban\/ egy periodikus napi szervezeti \u00f6nkontroll r\u00e9v\u00e9n a betegs\u00e9gek megel\u0151z\u00e9s\u00e9ben, a keletkez\u0151 kisebb hib\u00e1k folyamatos kijav\u00edt\u00e1s\u00e1ban nyilv\u00e1nul meg. A betegs\u00e9g kialakul\u00e1s\u00e1t valamint a gy\u00f3gy\u00edt\u00e1s alapj\u00e1t is minden esetben a szervezet energia-rendszer\u00e9ben bek\u00f6vetkez\u0151 v\u00e1ltoz\u00e1sok k\u00e9pezik. T\u00f6k\u00e9letes energetikai \u00e1llapotban a szervezet\u00fcnk k\u00f6zpontja &#8211; az agyunk &#8211; k\u00e9pes ennek a feladatnak teljes eg\u00e9sz\u00e9ben megfelelni, teh\u00e1t \u00edgy k\u00e9pes az eg\u00e9szs\u00e9g\u00fcnket is marad\u00e9ktalanul meg\u0151rizni.<\/p>\n<p><img loading=\"lazy\" class=\"aligncenter size-full wp-image-334\" src=\"http:\/\/magnetovitalrendelo.hu\/rendelo\/wp-content\/uploads\/sites\/4\/2013\/02\/magnesterapia-1.jpg\" alt=\"magnesterapia-1\" width=\"500\" height=\"438\" srcset=\"http:\/\/magnetovitalrendelo.hu\/rendelo\/wp-content\/uploads\/sites\/4\/2013\/02\/magnesterapia-1.jpg 570w, http:\/\/magnetovitalrendelo.hu\/rendelo\/wp-content\/uploads\/sites\/4\/2013\/02\/magnesterapia-1-300x262.jpg 300w\" sizes=\"(max-width: 500px) 100vw, 500px\" \/><\/p>\n<p>A sz\u00fclet\u00e9s\u00fcnk els\u0151 pillanat\u00e1t\u00f3l, ugyan v\u00e1ltoz\u00f3 m\u00e9rt\u00e9kben, de m\u00e1r megkezd\u0151dik a szervezet energia-cs\u00f6kken\u00e9se. Ezt a folyamatot az els\u0151 6-8 \u00e9let\u00e9vben az anyai szervezet m\u00e9g k\u00e9pes nagyr\u00e9szt kompenz\u00e1lni, de a cs\u00f6kken\u00e9s \u00edgy is folyamatos, \u00e9s a szervezet energiaszintje a 20-as \u00e9let\u00e9vekben m\u00e1r megfigyelhet\u0151en, a 40-esekben pedig jelent\u0151sen, ak\u00e1r a kezdeti \u00e9rt\u00e9k<strong> 80 %<\/strong>-\u00e1ra is visszaesve cs\u00f6kkenhet. Az energiapotenci\u00e1l cs\u00f6kken\u00e9s\u00e9nek egyenes k\u00f6vetkezm\u00e9nye a biol\u00f3giai egyens\u00faly eltol\u00f3d\u00e1sa, mely kezdetben m\u00e9g csak a fizikai teljes\u00edt\u0151k\u00e9pess\u00e9g cs\u00f6kken\u00e9s\u00e9ben nyilv\u00e1nul meg. Ezt k\u00f6vet\u0151en az energiadeficit a szellemi t\u00e9nyez\u0151k zavar\u00e1t \/kezdetben eml\u00e9kezetzavarok, bizonytalans\u00e1g, t\u00falreag\u00e1l\u00e1s\/ v\u00e1ltja ki, k\u00e9s\u0151bb pedig m\u00e1r hat\u00e1rozottan megfigyelhetj\u00fck az eg\u00e9szs\u00e9g v\u00e1ltoz\u00f3 m\u00e9rt\u00e9k\u0171 hanyatl\u00e1s\u00e1t is. Bizonyos, az un. funkcion\u00e1lis orvosl\u00e1s k\u00f6r\u00e9be tartoz\u00f3 vizsg\u00e1l\u00f3 m\u00f3dszerekkel, m\u00e1r ebben a t\u00fcnetmentes un. preklinikai st\u00e1diumban is biztons\u00e1ggal kimutathat\u00f3ak a kezd\u0151d\u0151 betegs\u00e9g jelei. Ezek az un. biofizikai elv\u00e1ltoz\u00e1sok m\u00e1ra m\u00e1r bizony\u00edtottan \u00e9s az un. morfol\u00f3giai \/teh\u00e1t a d\u00f6nt\u0151en alaki elv\u00e1ltoz\u00e1sokat keres\u0151\/ orvosl\u00e1s k\u00e9pvisel\u0151i \u00e1ltal is nagyr\u00e9szt elismerten minden esetben megel\u0151zik a szervezet k\u00e9miai \/teh\u00e1t laborvizsg\u00e1latok \u00fatj\u00e1n is \u00e9rz\u00e9kelhet\u0151\/ elv\u00e1ltoz\u00e1sait.<\/p>\n<p><img loading=\"lazy\" class=\"alignnone wp-image-531\" src=\"http:\/\/magnetovitalrendelo.hu\/rendelo\/wp-content\/uploads\/sites\/4\/2013\/02\/magnesterapia-5.jpg\" alt=\"magnesterapia-5\" width=\"359\" height=\"250\" \/> <img loading=\"lazy\" class=\"alignnone  wp-image-532\" src=\"http:\/\/magnetovitalrendelo.hu\/rendelo\/wp-content\/uploads\/sites\/4\/2013\/02\/magnesterapia-6.jpg\" alt=\"magnesterapia-6\" width=\"348\" height=\"250\" \/><\/p>\n<p>Az eg\u00e9szs\u00e9g teh\u00e1t felt\u00e9telez egy nagyj\u00e1b\u00f3l t\u00f6k\u00e9letes energia\u00e1llapotot, melyben az elvesztett energi\u00e1k k\u00e9pesek folyamatosan \u00e9s megfelel\u0151en \u00fajratermel\u0151dni, az agy pedig k\u00e9pes a napi rendszeres ellen\u0151rz\u0151 \u00e9s hibajav\u00edt\u00f3 programj\u00e1t marad\u00e9ktalanul v\u00e9grehajtani. Term\u00e9szetes \u00e9letsz\u00fcks\u00e9gleteink \u00e9s a k\u00f6rnyezet\u00fcnket napjainkban meghat\u00e1roz\u00f3 rendez\u0151 elvek sajnos m\u00e1r messze nem harmoniz\u00e1lnak egym\u00e1ssal. Ennek k\u00f6vetkezt\u00e9ben is, b\u00e1r er\u0151sen v\u00e1ltoz\u00f3 m\u00e9rt\u00e9kben, de szinte mindenkir\u0151l elmondhat\u00f3, hogy energiadeficitben van, ez\u00e9rt a mai \u00e9letfelt\u00e9telek mellett igenis sz\u00fcks\u00e9ges egy tudatosan ir\u00e1ny\u00edtott eg\u00e9szs\u00e9grendez\u0151 \u00e9letm\u00f3d bevezet\u00e9se \/az un. Wellness\/ is. A modern ember \u00e9letszeml\u00e9let\u00e9hez \u00e9s a modern orvosi gondolkod\u00e1shoz egyar\u00e1nt hozz\u00e1 kell, hogy tartozz\u00e9k az eg\u00e9szs\u00e9g tudatos \u00e9s folyamatos figyel\u00e9se, azaz a megel\u0151z\u00e9s, de ugyanakkor elengedhetetlen volna &#8211; arra hajlamos\u00edt\u00f3 t\u00e9nyez\u0151kkel rendelkez\u0151 emberekn\u00e9l k\u00fcl\u00f6n\u00f6sen &#8211; a betegs\u00e9geknek szubklinikus, teh\u00e1t m\u00e9g a klinikailag t\u00fcnetmentes \u00e1llapotban val\u00f3 felismer\u00e9se \u00e9s gy\u00f3gy\u00edt\u00e1sa.<\/p>\n<p>A mai felt\u00e9telek mellett, a szervezet ellen\u00e1ll\u00f3 erej\u00e9nek optim\u00e1lis megtart\u00e1s\u00e1hoz m\u00e1r nem elegend\u0151 csak a tudatosan ir\u00e1ny\u00edtott eg\u00e9szs\u00e9ges \u00e9letm\u00f3d. A sz\u00e9lesk\u00f6r\u0171 eg\u00e9szs\u00e9gv\u00e9delem c\u00e9lj\u00e1b\u00f3l \u00e9s a hat\u00e9kony betegs\u00e9gmegel\u0151z\u00e9s \u00e9rdek\u00e9ben a t\u00e1mogat\u00f3 seg\u00e9deszk\u00f6z\u00f6k haszn\u00e1lata elker\u00fclhetetlen.<\/p>\n<p>Ezen probl\u00e9m\u00e1k megold\u00e1s\u00e1ban, els\u0151sorban a kezel\u00e9si m\u00f3dszereket tekintve sz\u00e1mos k\u00fcl\u00f6nb\u00f6z\u0151 \u00e9s egyar\u00e1nt j\u00f3hat\u00e1s\u00fa m\u00f3dszer \u00e9s eszk\u00f6z ismeretes. Vannak olyan m\u00f3dszerek, melyek alapszinten nem ig\u00e9nyelnek k\u00fcl\u00f6n\u00f6sebb szakir\u00e1ny\u00fa k\u00e9pzetts\u00e9get, seg\u00edts\u00e9g\u00fckkel a betegs\u00e9gmegel\u0151z\u00e9s biztons\u00e1ggal v\u00e9grehajthat\u00f3, term\u00e9szetesen a betegs\u00e9gek kezel\u00e9se ugyanakkor m\u00e1r k\u00e9pzetts\u00e9ghez, esetleg orvosi diplom\u00e1hoz \u00e9s speci\u00e1lis szakk\u00e9pzetts\u00e9ghez is k\u00f6t\u00f6tt.<\/p>\n<p><img loading=\"lazy\" class=\"alignnone wp-image-536\" src=\"http:\/\/magnetovitalrendelo.hu\/rendelo\/wp-content\/uploads\/sites\/4\/2013\/02\/magnesterapia-10.jpg\" alt=\"magnesterapia-10\" width=\"218\" height=\"330\" srcset=\"http:\/\/magnetovitalrendelo.hu\/rendelo\/wp-content\/uploads\/sites\/4\/2013\/02\/magnesterapia-10.jpg 219w, http:\/\/magnetovitalrendelo.hu\/rendelo\/wp-content\/uploads\/sites\/4\/2013\/02\/magnesterapia-10-198x300.jpg 198w\" sizes=\"(max-width: 218px) 100vw, 218px\" \/> <img loading=\"lazy\" class=\"alignnone wp-image-534\" src=\"http:\/\/magnetovitalrendelo.hu\/rendelo\/wp-content\/uploads\/sites\/4\/2013\/02\/magnesterapia-8.jpg\" alt=\"magnesterapia-8\" width=\"218\" height=\"330\" srcset=\"http:\/\/magnetovitalrendelo.hu\/rendelo\/wp-content\/uploads\/sites\/4\/2013\/02\/magnesterapia-8.jpg 221w, http:\/\/magnetovitalrendelo.hu\/rendelo\/wp-content\/uploads\/sites\/4\/2013\/02\/magnesterapia-8-198x300.jpg 198w\" sizes=\"(max-width: 218px) 100vw, 218px\" \/> <img loading=\"lazy\" class=\"alignnone wp-image-535\" src=\"http:\/\/magnetovitalrendelo.hu\/rendelo\/wp-content\/uploads\/sites\/4\/2013\/02\/magnesterapia-9.jpg\" alt=\"magnesterapia-9\" width=\"218\" height=\"330\" srcset=\"http:\/\/magnetovitalrendelo.hu\/rendelo\/wp-content\/uploads\/sites\/4\/2013\/02\/magnesterapia-9.jpg 215w, http:\/\/magnetovitalrendelo.hu\/rendelo\/wp-content\/uploads\/sites\/4\/2013\/02\/magnesterapia-9-198x300.jpg 198w\" sizes=\"(max-width: 218px) 100vw, 218px\" \/><\/p>\n<p>A m\u00e1gnesrezonancia-kezel\u00e9s, a M\u00e1gneses sejtregener\u00e1ci\u00f3 \/MCR\/ egy olyan energetikai ter\u00e1pia, melynek sor\u00e1n a kezel\u00e9sben az emberi test elektrom\u00e1gneses rezg\u00e9seit hasznos\u00edtj\u00e1k. Ennek sor\u00e1n a k\u00f3ros, un. diszharmonikus frekvenci\u00e1kat a szervezetb\u0151l elvezetik, ugyanakkor viszont a meggyeng\u00fclt harmonikus, teh\u00e1t az eg\u00e9szs\u00e9ges rezg\u00e9seket feler\u0151s\u00edtik. A beteg elektrom\u00e1gneses mez\u0151je azonnal reag\u00e1l a k\u00e9sz\u00fcl\u00e9k \u00e1ltal pontosan hangolt ter\u00e1pi\u00e1s jelekre, m\u00e1s jelz\u00e9sek ugyanakkor reakci\u00f3 n\u00e9lk\u00fcl maradnak. A beteg szervezet\u00e9ben a k\u00f3ros jelek az interferencia \/hull\u00e1mk\u00f6lcs\u00f6nhat\u00e1s\/ k\u00f6vetkezt\u00e9ben el\u0151bb gyeng\u00fclnek, majd kiolt\u00f3dnak \u00e9s az \u00e9lettaniak ugyanakkor er\u0151s\u00f6dnek, melynek eredm\u00e9nyek\u00e9ppen a szervezet a tov\u00e1bbiakban m\u00e1r akad\u00e1lytalanul k\u00e9pes a norm\u00e1lis \u00f6nszab\u00e1lyoz\u00e1sra, az \u00f6ngy\u00f3gy\u00edt\u00e1sra.<\/p>\n<p><img loading=\"lazy\" class=\"aligncenter wp-image-335\" src=\"http:\/\/magnetovitalrendelo.hu\/rendelo\/wp-content\/uploads\/sites\/4\/2013\/02\/magnesterapia-2.jpg\" alt=\"magnesterapia-2\" width=\"600\" height=\"290\" srcset=\"http:\/\/magnetovitalrendelo.hu\/rendelo\/wp-content\/uploads\/sites\/4\/2013\/02\/magnesterapia-2.jpg 589w, http:\/\/magnetovitalrendelo.hu\/rendelo\/wp-content\/uploads\/sites\/4\/2013\/02\/magnesterapia-2-300x145.jpg 300w\" sizes=\"(max-width: 600px) 100vw, 600px\" \/><\/p>\n<p>Az elektromos er\u0151 polariz\u00e1ci\u00f3s hat\u00e1s\u00e1ra a membr\u00e1non un. ioncsatorn\u00e1k ny\u00edlnak meg, mi\u00e1ltal javul a sejtek t\u00e1pell\u00e1t\u00e1sa \u00e9s ellen\u00e1ll\u00f3bb\u00e1 is v\u00e1lnak. Ez a folyamat term\u00e9szetes k\u00f6r\u00fclm\u00e9nyek k\u00f6z\u00f6tt \u00fagy zajlik, hogy a sejtek a sz\u00fcks\u00e9ges energi\u00e1t \u00f6nmagukb\u00f3l \u00e1ll\u00edtj\u00e1k el\u0151, a m\u00e1gneses er\u0151t\u00e9r-kezel\u00e9s teh\u00e1t az energiaszeg\u00e9ny sejteket ett\u0151l az \u201eer\u0151fesz\u00edt\u00e9st\u0151l\u201d k\u00edm\u00e9li meg, kiegyenl\u00edtve ily m\u00f3don a szervezet \u00e1tmeneti vagy tart\u00f3s energiahi\u00e1ny\u00e1t. A szervezet csak a pulz\u00e1l\u00f3 elektrom\u00e1gneses er\u0151t\u00e9rhez nem szokik hozz\u00e1, teh\u00e1t arra k\u00e9pes folyamatosan pozit\u00edvan reag\u00e1lni. Ennek alkalmaz\u00e1sa lehet\u0151v\u00e9 teszi, hogy k\u00e1ros hat\u00e1s n\u00e9lk\u00fcl, a F\u00f6ld m\u00e1gneses t\u00e9rerej\u00e9t meg nem halad\u00f3an, teh\u00e1t \u00e1rtalmatlanul kicsiny t\u00e9rer\u0151 felhaszn\u00e1l\u00e1sa seg\u00edts\u00e9g\u00e9vel kezel\u00e9seket v\u00e9gezz\u00fcnk. Az elektrolitok \u00e9s m\u00e1s folyad\u00e9kok, mint a v\u00e9r vagy a nyirok kering\u00e9se elektromos \u00e1rammal vagy m\u00e1gneses er\u0151t\u00e9rrel k\u00edv\u00fclr\u0151l befoly\u00e1solhat\u00f3. A m\u00e1gneses er\u0151t\u00e9r k\u00fcl\u00f6n\u00f6sen a hajsz\u00e1lerekben jav\u00edtja az un. mikrokering\u00e9st, mi\u00e1ltal a t\u00e1pl\u00e1l\u00e9kok transzportja \u00e9s a salakanyagok elsz\u00e1ll\u00edt\u00e1sa a \u201ev\u00e9gfelhaszn\u00e1l\u00f3n\u00e1l\u201d optimaliz\u00e1l\u00f3dik.<\/p>\n<p><img loading=\"lazy\" class=\"alignright size-full wp-image-537\" src=\"http:\/\/magnetovitalrendelo.hu\/rendelo\/wp-content\/uploads\/sites\/4\/2013\/02\/magnesterapia-11.jpg\" alt=\"magnesterapia-11\" width=\"229\" height=\"165\" \/>A perif\u00e9ri\u00e1s v\u00e9r s\u00f6t\u00e9tl\u00e1t\u00f3teres mikroszk\u00f3pos felv\u00e9tele kezel\u00e9s el\u0151tt \u00e9s ut\u00e1n j\u00f3l mutatja, hogy a kering\u00e9s optimaliz\u00e1l\u00e1s\u00e1n t\u00fal is vannak jelent\u0151s pozit\u00edv hat\u00e1sok, mert a v\u00f6r\u00f6sv\u00e9rtestek a kezel\u00e9st k\u00f6vet\u0151en l\u00e9nyegesen nagyobb mennyis\u00e9g\u0171 hemoglobin sz\u00e1ll\u00edt\u00e1s\u00e1ra k\u00e9pesek, ami \u00e1ltal javul a szervezet t\u00e1panyagell\u00e1t\u00e1sa. A prosztaglandin-termel\u00e9s n\u00f6vel\u00e9se r\u00e9v\u00e9n ugyanakkor a v\u00e9rlemezk\u00e9k \u00f6sszecsapz\u00f3d\u00e1s\u00e1nak k\u00e9pess\u00e9ge, azaz a tromb\u00f3zis-hajlam cs\u00f6kken, ami gy\u00f3gyszerszed\u00e9s n\u00e9lk\u00fcli tromb\u00f3zis-megel\u0151z\u00e9st jelent.<\/p>\n<p><strong>Bizony\u00edtott t\u00e9ny, hogy a pulz\u00e1l\u00f3 elektrom\u00e1gneses terek hat\u00e1s\u00e1ra a szervezetben javul<\/strong><\/p>\n<ul>\n<li>a sejtek t\u00e1pl\u00e1l\u00e1sa,<\/li>\n<li>a v\u00e9rkering\u00e9s,<\/li>\n<li>a feh\u00e9rj\u00e9k fel\u00e9p\u00edt\u00e9se,<\/li>\n<li>a hormonrendszer m\u0171k\u00f6d\u00e9se<\/li>\n<li>az immunrendszer \u00e1llapota.<\/li>\n<\/ul>\n<p>A kezel\u0151programok ideje 8 \u00e9s 24 perc k\u00f6z\u00f6tt v\u00e1ltozik, fel\u00e9p\u00edt\u00e9s\u00fck f\u00fcgg a bioritmust\u00f3l. A k\u00fcl\u00f6nb\u00f6z\u0151 programok r\u00e9szben a megel\u0151z\u00e9st, r\u00e9szben az eg\u00e9sz test harmoniz\u00e1l\u00e1s\u00e1t szolg\u00e1lj\u00e1k, seg\u00edtik a szervezet meg\u00fajul\u00e1s\u00e1t, n\u00f6velik a szervezet v\u00e9dekez\u0151 erej\u00e9t, t\u00e1mogatj\u00e1k az anyagcser\u00e9t, fokozz\u00e1k a csont\u00e9p\u00edt\u00e9st, jav\u00edtj\u00e1k a v\u00e9rkering\u00e9st. Ugyanakkor nem elhanyagolhat\u00f3an t\u00e1mogatj\u00e1k a szellemi ellazul\u00e1st, az elalv\u00e1st, a medit\u00e1ci\u00f3t, fokozz\u00e1k a koncentr\u00e1ci\u00f3t, a tanul\u00e1si- \u00e9s az eml\u00e9kez\u0151k\u00e9pess\u00e9get.<\/p>\n<p><img loading=\"lazy\" class=\"alignleft size-full wp-image-533\" src=\"http:\/\/magnetovitalrendelo.hu\/rendelo\/wp-content\/uploads\/sites\/4\/2013\/02\/magnesterapia-7.jpg\" alt=\"magnesterapia-7\" width=\"229\" height=\"165\" \/>Term\u00e9szetesen a felhaszn\u00e1l\u00f3k \u00e9rz\u00e9kenys\u00e9ge k\u00fcl\u00f6nb\u00f6z\u0151, a hat\u00e1s f\u00fcgg a sav-b\u00e1zis h\u00e1ztart\u00e1s aktu\u00e1lis \u00e1llapot\u00e1t\u00f3l, teh\u00e1t a kimer\u00fclt, em\u00e9szt\u00e9si zavarokkal k\u00fcszk\u00f6d\u0151, alkoholt rendszeresen fogyaszt\u00f3, valamint a cs\u00f6kkent energi\u00e1j\u00fa, beteg, id\u0151s emberek \u00e9s a kezd\u0151 felhaszn\u00e1l\u00f3k sokkal \u00e9rz\u00e9kenyebben reag\u00e1lnak a kezel\u00e9sre. Mindezek miatt a m\u00e1gneses t\u00e9r intenzit\u00e1s\u00e1t a napi ritmushoz \u00e9s az elektromos \u00e9rz\u00e9kenys\u00e9ghez igaz\u00edtjuk. A kezel\u00e9s ir\u00e1nyulhat az eg\u00e9sz testre \u00e9s speci\u00e1lis kezel\u0151egys\u00e9gek seg\u00edts\u00e9g\u00e9vel a k\u00fcl\u00f6nb\u00f6z\u0151 testt\u00e1jakra. Az eg\u00e9sz test egyidej\u0171 stimul\u00e1l\u00e1sa a kiegyenl\u00edtett energia-fel\u00e9p\u00edt\u00e9st \u00e9s a biol\u00f3giai folyamatok teljes harmoniz\u00e1l\u00e1s\u00e1t eredm\u00e9nyezi. <strong><span style=\"color: #000080;\">Ez teh\u00e1t egy vitaliz\u00e1l\u00f3 \u00e9s az \u00f6reged\u00e9si folyamatot hathat\u00f3san lass\u00edt\u00f3 akt\u00edv eg\u00e9szs\u00e9ggondoz\u00e1si program, mely legink\u00e1bb a testi \u00e9s szellemi fitts\u00e9g fenntart\u00e1s\u00e1t szolg\u00e1lja, ugyanakkor alkalmas bizonyos betegs\u00e9gek gy\u00f3gy\u00edt\u00e1s\u00e1nak gyors\u00edt\u00e1s\u00e1ra, hat\u00e9kony f\u00e1jdalomcsillap\u00edt\u00e1sra, stresszold\u00e1sra \u00e9s a stresszhat\u00e1sok \u00e1rtalmainak megel\u0151z\u00e9s\u00e9re valamint j\u00f3min\u0151s\u00e9g\u0171 testi-szellemi relax\u00e1ci\u00f3ra.<\/span> <\/strong>Egy<strong> 8<\/strong> perces kezel\u00e9s energia-potenci\u00e1lja \u00e9s hat\u00e1sai megfelelnek <strong>60-90<\/strong> perc \u00e1tlagos testmozg\u00e1snak.<\/p>\n<p>A kezel\u00e9s sor\u00e1n a p\u00e1ciens fel\u00f6lt\u00f6zve egy speci\u00e1lis matracra fekszik, melyben egy speci\u00e1lis sz\u00e1m\u00edt\u00f3g\u00e9p \u00e1ltal ir\u00e1ny\u00edtott elektrom\u00e1gneses er\u0151t\u00e9r alakul ki, ami a l\u00e9nyegi kezel\u00e9st v\u00e9gzi. Ez semmif\u00e9le kellemetlen \u00e9rz\u00e9ssel vagy hat\u00e1ssal nem b\u00edr, a kezel\u00e9s naponta h\u00e1romszor v\u00e9gezhet\u0151, \u00f6sszess\u00e9g\u00e9ben maximum 1 \u00f3rai id\u0151tartamban. A kezel\u00e9s hat\u00e9konys\u00e1ga 3-12 h\u00e9t ut\u00e1n \u00e9rz\u00e9kelhet\u0151v\u00e9 v\u00e1lik \u00e9s folyamatos, a kr\u00f3nikus betegs\u00e9gek kezel\u00e9se k\u00f6zben elk\u00e9pzelhet\u0151 azonban \u00e1tmeneti \u00e1llapotroml\u00e1s is. A tart\u00f3s javul\u00e1s z\u00e1loga a rendszeres alkalmaz\u00e1s, azonban min\u00e9l m\u00e9lyebbr\u0151l indulunk, ann\u00e1l hosszabb id\u0151 kell ennek az el\u00e9r\u00e9s\u00e9hez. A felhaszn\u00e1l\u00e1s id\u0151tartama korl\u00e1tlan, k\u00e1ros k\u00f6vetkezm\u00e9nyek jelenleg nem ismeretesek. A kezel\u00e9s ilyen c\u00e9l\u00fa alkalmaz\u00e1sa otthon, saj\u00e1t tulajdon\u00fa g\u00e9ppel, orvosi ellen\u0151rz\u00e9s n\u00e9lk\u00fcl is biztons\u00e1ggal v\u00e9gezhet\u0151. Egy\u00e9b esetben a gy\u00f3gyul\u00e1st k\u00f6vet\u0151en h\u00e1romhavonta minimum 3 hetes id\u0151tartamra ism\u00e9telend\u0151.<\/p>\n<p><img loading=\"lazy\" class=\"size-full wp-image-336 alignright\" src=\"http:\/\/magnetovitalrendelo.hu\/rendelo\/wp-content\/uploads\/sites\/4\/2013\/02\/magnesterapia-3.jpg\" alt=\"magnesterapia-3\" width=\"266\" height=\"280\" \/><\/p>\n<p>A kezel\u00e9s ilyen form\u00e1j\u00e1nak egyik legfontosabb javallata az lenne, hogy m\u00e9g a betegs\u00e9gek kialakul\u00e1sa el\u0151tt, a szervezet folyamatos energetikai harm\u00f3ni\u00e1j\u00e1t er\u0151s\u00edts\u00fck \u00e9s ez\u00e1ltal egy optim\u00e1lis szinten tartsuk. K\u00edv\u00e1natos volna, hogy minden h\u00e1ztart\u00e1s rendelkezz\u00e9k olyan lehet\u0151s\u00e9ggel, melynek r\u00e9v\u00e9n a csal\u00e1d minden tagja k\u00e9pes legyen szervezet\u00e9t ily m\u00f3don er\u0151s\u00edteni, ezt azonban a jelenlegi, m\u00e9g az un. olcs\u00f3bb kateg\u00f3ri\u00e1j\u00fa g\u00e9pek \u00e1ra is csak korl\u00e1tozottan teszi lehet\u0151v\u00e9. R\u00f6vid t\u00e1von ez\u00e9rt olcs\u00f3bb megold\u00e1sk\u00e9nt javasolhat\u00f3 volna ezen kezel\u00e9sek bizonyos rendszeress\u00e9ggel folytatott megel\u0151z\u0151 alkalmaz\u00e1sa.<\/p>\n<p>Speci\u00e1lis elektr\u00f3d\u00e1kkal az al\u00e1bb felsorolt megbeteged\u00e9sek kezel\u00e9se m\u00e1r csak orvosi javallat alapj\u00e1n, rendszeres orvosi ellen\u0151rz\u00e9s mellett, az esetek egy r\u00e9sz\u00e9ben csak orvos \u00e1ltal kivitelezve aj\u00e1nlatosak.<\/p>\n<p>A m\u00e1gnesrezonancia-kezel\u00e9s legismertebb \u00e9s legkiforrottabb kezel\u00e9si javallatai a k\u00f6vetkez\u0151ek:<\/p>\n<ul>\n<li><span style=\"color: #000080;\">allergi\u00e1k, k\u00fcl\u00f6n\u00f6sen az \u00e9lelmiszer \u00e9s pollen-allergia<\/span><\/li>\n<li><span style=\"color: #000080;\">m\u0171t\u00e9ti el\u0151- \u00e9s ut\u00f3kezel\u00e9s<\/span><\/li>\n<li><span style=\"color: #000080;\">kr\u00f3nikus \/ideg- \u00e9s daganatos\/ f\u00e1jdalmak<\/span><\/li>\n<li><span style=\"color: #000080;\">s\u00e9r\u00fcl\u00e9sek<\/span><\/li>\n<li><span style=\"color: #000080;\">immungyenges\u00e9g, fert\u0151z\u00e9sekre val\u00f3 hajlam<\/span><\/li>\n<li><span style=\"color: #000080;\">kr\u00f3nikus elfajul\u00e1sos betegs\u00e9gek, k\u00fcl\u00f6n\u00f6sen a reuma<\/span><\/li>\n<li><span style=\"color: #000080;\">kr\u00f3nikus l\u00e9g\u00fati betegs\u00e9gek<\/span><\/li>\n<li><span style=\"color: #000080;\">kr\u00f3nikus gyomor- \u00e9s b\u00e9lrendszeri betegs\u00e9gek<\/span><\/li>\n<li><span style=\"color: #000080;\">sz\u00edv- \u00e9s kering\u00e9si betegs\u00e9gek<\/span><\/li>\n<li><span style=\"color: #000080;\">a nyirokrendszer betegs\u00e9gei<\/span><\/li>\n<li><span style=\"color: #000080;\">kr\u00f3nikus n\u0151gy\u00f3gy\u00e1szati betegs\u00e9gek<\/span><\/li>\n<li><span style=\"color: #000080;\">funkcion\u00e1lis n\u0151gy\u00f3gy\u00e1szati k\u00f3r\u00e1llapotok \/menses-zavarok, medd\u0151s\u00e9g, hormon\u00e1lis zavarok stb.\/<\/span><\/li>\n<li><span style=\"color: #000080;\">eml\u0151betegs\u00e9gek<\/span><\/li>\n<li><span style=\"color: #000080;\">nem inzulinf\u00fcgg\u0151 cukorbetegs\u00e9g<\/span><\/li>\n<li><span style=\"color: #000080;\">kr\u00f3nikus h\u00fagy\u00fati megbeteged\u00e9sek<\/span><\/li>\n<li><span style=\"color: #000080;\">hegekb\u0151l ered\u0151 zavar\u00f3 mez\u0151k<\/span><\/li>\n<li><span style=\"color: #000080;\">migr\u00e9n<\/span><\/li>\n<li><span style=\"color: #000080;\">alv\u00e1szavarok<\/span><\/li>\n<li><span style=\"color: #000080;\">csaknem valamennyi m\u00e9rgez\u00e9ses terhel\u00e9s \/m\u00e9regtelen\u00edt\u00e9s\/<\/span><\/li>\n<\/ul>\n<p><strong>Mi v\u00e1rhat\u00f3 ak\u00e1r hobbi- ak\u00e1r versenysport-c\u00e9l\u00fa alkalmaz\u00e1sok eset\u00e9n?<\/strong><\/p>\n<ul>\n<li><span style=\"color: #000080;\">Energiaveszt\u00e9s n\u00e9lk\u00fcli passz\u00edv bemeleg\u00edt\u00e9s,<\/span><\/li>\n<li><span style=\"color: #000080;\">\u00c1ll\u00f3k\u00e9pess\u00e9g-fokoz\u00e1s,<\/span><\/li>\n<li><span style=\"color: #000080;\">Sejtszintig hat\u00f3 jobb oxig\u00e9n- \u00e9s t\u00e1panyagfelv\u00e9tel a v\u00f6r\u00f6sv\u00e9rtestek \u00f6sszetapad\u00e1s\u00e1nak a megg\u00e1tl\u00e1sa \u00e9s a jobb kering\u00e9s r\u00e9v\u00e9n,<\/span><\/li>\n<li><span style=\"color: #000080;\">Nagyobb teljes\u00edtm\u00e9ny,<\/span><\/li>\n<li><span style=\"color: #000080;\">Az izoml\u00e1z megel\u0151z\u00e9se \u00e9s gyors elimin\u00e1ci\u00f3ja a gyorsabb tejsav-felsz\u00edv\u00f3d\u00e1s r\u00e9v\u00e9n,<\/span><\/li>\n<li><span style=\"color: #000080;\">Az edz\u00e9sek \u00e9s versenyek k\u00f6z\u00f6tti gyorsabb regener\u00e1ci\u00f3 a t\u00falsavasod\u00e1s megg\u00e1tl\u00e1sa r\u00e9v\u00e9n,<\/span><\/li>\n<li><span style=\"color: #000080;\">Jobb min\u0151s\u00e9g\u0171 izom- \u00e9s csontfel\u00e9p\u00edt\u00e9s,<\/span><\/li>\n<li><span style=\"color: #000080;\">Stabil alv\u00e1s-\u00e9brenl\u00e9t ritmus, jobb min\u0151s\u00e9g\u0171 ellazul\u00e1s, magasabb sz\u00ednt\u0171 koncentr\u00e1ci\u00f3s k\u00e9szs\u00e9g,<\/span><\/li>\n<li><span style=\"color: #000080;\">Nagyobb es\u00e9ly a s\u00e9r\u00fcl\u00e9sek megel\u0151z\u00e9s\u00e9re.<\/span><\/li>\n<li><span style=\"color: #000080;\">Gyorsabb gy\u00f3gyul\u00e1s, hat\u00e1sosabb regener\u00e1ci\u00f3 sports\u00e9r\u00fcl\u00e9sek eset\u00e9n.<\/span><\/li>\n<\/ul>\n<p><strong>Milyen sportc\u00e9l\u00fa alkalmaz\u00e1st javaslunk?<\/strong><\/p>\n<ul>\n<li><span style=\"color: #000080;\">Reggeli vitaliz\u00e1l\u00e1s<\/span><\/li>\n<li><span style=\"color: #000080;\">Edz\u00e9sek vagy versenyek el\u0151tti passz\u00edv bemeleg\u00edt\u00e9s<\/span><\/li>\n<li><span style=\"color: #000080;\">Edz\u00e9si vagy versenysz\u00fcnetekben, vagy ezek ut\u00e1n hat\u00e9kony regener\u00e1l\u00f3 eszk\u00f6z<\/span><\/li>\n<li><span style=\"color: #000080;\">Felk\u00e9sz\u00fcl\u00e9si id\u0151szakban az em\u00e9szt\u00e9s hat\u00e9konyabb\u00e1 t\u00e9tel\u00e9hez<\/span><\/li>\n<li><span style=\"color: #000080;\">Er\u0151s\u00edti az immunrendszert, betegs\u00e9gmegel\u0151z\u0151 hat\u00e1s\u00fa<\/span><\/li>\n<li><span style=\"color: #000080;\">Hat\u00e1sos seg\u00edts\u00e9g az izomer\u0151-\u00e9p\u00edt\u00e9sben ill. meg\u0151rz\u00e9sben glikog\u00e9n be\u00e9p\u00fcl\u00e9s gyors\u00edt\u00e1sa r\u00e9v\u00e9n<\/span><\/li>\n<li><span style=\"color: #000080;\">A gyorsabb tejsav-le\u00e9p\u00edt\u00e9s folyt\u00e1n az izoml\u00e1z gyorsabb elimin\u00e1l\u00e1sa<\/span><\/li>\n<li><span style=\"color: #000080;\">A menstru\u00e1ci\u00f3 zavar\u00f3 hat\u00e1sainak lek\u00fczd\u00e9se<\/span><\/li>\n<li><span style=\"color: #000080;\">Izomg\u00f6rcs-old\u00e1s, izomlaz\u00edt\u00e1s, massz\u00e1zs el\u0151tti izomt\u00f3nus-cs\u00f6kkent\u00e9s<\/span><\/li>\n<li><span style=\"color: #000080;\">Gerinc-k\u00edm\u00e9l\u0151, -v\u00e9d\u0151 hat\u00e1s kihaszn\u00e1l\u00e1sa<\/span><\/li>\n<li><span style=\"color: #000080;\">F\u00e1jdalomcsillap\u00edt\u00e1s<\/span><\/li>\n<li><span style=\"color: #000080;\">Fesz\u00fclts\u00e9g-old\u00e1s<\/span><\/li>\n<li><span style=\"color: #000080;\">S\u00e9r\u00fcl\u00e9sek kezel\u00e9s\u00e9nek hat\u00e9konyabb\u00e1 t\u00e9tele<\/span><\/li>\n<\/ul>\n<p>Ellenjavallatk\u00e9nt legel\u0151sz\u00f6r az epilepszi\u00e1t kell megeml\u00edteni, mert a ritmikus k\u00fcls\u0151 ingerek esetleg rohamot provok\u00e1lhatnak. Sz\u00edvritmus-szab\u00e1lyoz\u00f3t visel\u0151 \u00e9s akut fert\u0151z\u0151 megbeteged\u00e9sben szenved\u0151 l\u00e1zas \/kiv\u00e9ve az influenz\u00e1s\/ betegek sz\u00e1m\u00e1ra a kezel\u00e9s ugyancsak nem aj\u00e1nlott.<\/p>\n<p><strong>A m\u00e1gneses er\u0151t\u00e9r-kezel\u00e9ssel kapcsolatos v\u00e9gk\u00f6vetkeztet\u00e9sek<\/strong><\/p>\n<ul>\n<li><strong><span style=\"color: #000080;\">gyermekek sz\u00e1m\u00e1ra is j\u00f3l elviselhet\u0151, f\u00e1jdalommentes kezel\u00e9s,<\/span><\/strong><\/li>\n<li><strong><span style=\"color: #000080;\">a kezel\u00e9st a p\u00e1ciens megszokott k\u00f6rnyezet\u00e9ben is el lehet v\u00e9gezni ,<\/span><\/strong><\/li>\n<li><strong><span style=\"color: #000080;\">a p\u00e1ciensek j\u00f3l toler\u00e1lj\u00e1k,<\/span><\/strong><\/li>\n<li><strong><span style=\"color: #000080;\">a kezel\u00e9si c\u00e9lok el\u00e9rhet\u0151ek,<\/span><\/strong><\/li>\n<li><strong><span style=\"color: #000080;\">mell\u00e9khat\u00e1sa nincs.<\/span><\/strong><\/li>\n<\/ul>\n<p><strong>Felt\u00e9telezz\u00fck, hogy a fentiekben le\u00edrtak felkeltett\u00e9k a figyelm\u00e9t. Ez volt a c\u00e9lunk!<\/strong><\/p>\n<p>Most m\u00e1r tal\u00e1n \u00d6n sem olyan biztos abban, hogy az\u00e9rt mert semmilyen testi t\u00fcnete sincsen, teljesen eg\u00e9szs\u00e9ges. Tal\u00e1n m\u00e1r az \u00d6n szervezet\u00e9ben is elkezd\u0151d\u00f6tt valami, aminek a tov\u00e1bbfejl\u0151d\u00e9s\u00e9t m\u00e9g biztons\u00e1gosan, fizikai k\u00e1rosod\u00e1s, anyagi- \u00e9s munkaid\u0151-kies\u00e9s n\u00e9lk\u00fcl meg lehetne akad\u00e1lyozni? Tal\u00e1n tenni is szeretne valamit ennek az \u00e9rdek\u00e9ben.<\/p>\n<p><strong>Szeretne?<\/strong><\/p>\n<p><strong><img loading=\"lazy\" class=\"alignright size-full wp-image-538\" src=\"http:\/\/magnetovitalrendelo.hu\/rendelo\/wp-content\/uploads\/sites\/4\/2013\/02\/magnesterapia-12.jpg\" alt=\"magnesterapia-12\" width=\"229\" height=\"165\" \/>Mi ebben komoly seg\u00edts\u00e9get tudunk ny\u00fajtani!<\/strong><\/p>\n<p>A betegs\u00e9gek kialakul\u00e1s\u00e1ban mint l\u00e1tt\u00e1k a k\u00fcls\u0151\/m\u00e9reganyagok, mikroorganizmusok, traum\u00e1k, k\u00e1rosan visszahat\u00f3 energi\u00e1k, t\u00e1pl\u00e1lkoz\u00e1si, \u00e9letm\u00f3dbeli zavarok\/ \u00e9s bels\u0151 \/\u00e1lland\u00f3 fesz\u00fclts\u00e9g, elszabadult ment\u00e1lis okok, a szervezet korai jelz\u00e9seinek figyelmen k\u00edv\u00fcl hagy\u00e1sa\/ stresszhat\u00e1soknak igen komoly jelent\u0151s\u00e9g\u00fck van. Ezek a stresszhat\u00e1sok az \u00e1tlagember sz\u00e1m\u00e1ra ma m\u00e9g sajnos csak kism\u00e9rt\u00e9kben befoly\u00e1solhat\u00f3ak. Hogy ezek a stresszek mennyire k\u00e9pesek legy\u0171rni benn\u00fcnket, az jelent\u0151sen f\u00fcgg a stresszt\u0171r\u0151 k\u00e9pess\u00e9g\u00fcnkt\u0151l. Ez egy objektiviz\u00e1lhat\u00f3 t\u00e9nyez\u0151, melyet most m\u00e1r pontosan sz\u00e1mszer\u0171s\u00edteni is tudunk. Hogyan? Miut\u00e1n a stressz\u00e1llapotok leg\u00e9rz\u00e9kenyebb indik\u00e1tora az emberi sz\u00edv, term\u00e9szetesen egy speci\u00e1lis sz\u00edvvizsg\u00e1lattal, egy speci\u00e1lis, az EKG-t t\u00e9rben \u00e1br\u00e1zol\u00f3, kb. 15 perc idej\u00e9t ig\u00e9nybe vev\u0151 sz\u00edvelektromoss\u00e1g-vizsg\u00e1lattal. Amennyiben a m\u00e9rt \u00e9rt\u00e9kek a norm\u00e1list\u00f3l elt\u00e9rnek, \u00d6n ter\u00e1pi\u00e1s javaslatot, \u00e9s ha ig\u00e9nyli konkr\u00e9t seg\u00edts\u00e9get is kaphat t\u0151l\u00fcnk a nagyobb k\u00e1rok megel\u0151z\u00e9s\u00e9t \u00e9s a gy\u00f3gy\u00edt\u00e1s alternat\u00edv lehet\u0151s\u00e9geit illet\u0151en. Nem csodaszert k\u00edn\u00e1lunk, hanem egy azonnal ig\u00e9nybevehet\u0151, re\u00e1lis lehet\u0151s\u00e9get!<\/p>\n<p>K\u00f6sz\u00f6nj\u00fck a figyelm\u00e9t!<\/p>\n<p><span style=\"color: #ff0000;\"><strong>A lehet\u0151s\u00e9g az \u00d6n kez\u00e9ben van, k\u00edv\u00e1n \u00e9lni vele?<\/strong><\/span><\/p>\n<div class=\"printfriendly pf-button \"><a href=\"http:\/\/magnetovitalrendelo.hu\/rendelo\/szolgaltatasaink-2\/magnesterapia\/?pfstyle=wp\" rel=\"nofollow\"  title=\"Printer Friendly, PDF & Email\"><img src=\"http:\/\/magnetovitalrendelo.hu\/k\/pf-button-both.gif\" alt=\"Print Friendly, PDF & Email\" class=\"pf-button-img\" style=\"\"  \/><\/a><\/div>\n","protected":false},"excerpt":{"rendered":"<p>&#8220;Mi vagyunk saj\u00e1t sorsunk kov\u00e1csai. Sokkal t\u00f6bbre vagyunk k\u00e9pesek, mint gondoltuk, bele\u00e9rtve \u00f6nmagunk meggy\u00f3gy\u00edt\u00e1s\u00e1t, ak\u00e1r &#8220;hal\u00e1los&#8221; betegs\u00e9gb\u0151l is. Az egyetlen val\u00f3ban &#8220;hal\u00e1los&#8221; betegs\u00e9g &#8211; egyszer\u0171en \u00e9lni, embernek lenni&#8230;&#8221; &#8211; Barbara Ann Brennan Napjainkra egyre t\u00f6bb orvos k\u00e9nytelen r\u00e1d\u00f6bbenni arra a t\u00e9nyre, hogy csak abban az esetben k\u00e9pes p\u00e1ciensein hat\u00e1sosan \u00e9s tart\u00f3san seg\u00edteni, ha valamilyen m\u00f3dszerrel [&hellip;]<\/p>\n","protected":false},"author":1,"featured_media":0,"parent":14,"menu_order":0,"comment_status":"closed","ping_status":"closed","template":"","meta":{"_mi_skip_tracking":false},"_links":{"self":[{"href":"http:\/\/magnetovitalrendelo.hu\/rendelo\/wp-json\/wp\/v2\/pages\/34"}],"collection":[{"href":"http:\/\/magnetovitalrendelo.hu\/rendelo\/wp-json\/wp\/v2\/pages"}],"about":[{"href":"http:\/\/magnetovitalrendelo.hu\/rendelo\/wp-json\/wp\/v2\/types\/page"}],"author":[{"embeddable":true,"href":"http:\/\/magnetovitalrendelo.hu\/rendelo\/wp-json\/wp\/v2\/users\/1"}],"replies":[{"embeddable":true,"href":"http:\/\/magnetovitalrendelo.hu\/rendelo\/wp-json\/wp\/v2\/comments?post=34"}],"version-history":[{"count":3,"href":"http:\/\/magnetovitalrendelo.hu\/rendelo\/wp-json\/wp\/v2\/pages\/34\/revisions"}],"predecessor-version":[{"id":1447,"href":"http:\/\/magnetovitalrendelo.hu\/rendelo\/wp-json\/wp\/v2\/pages\/34\/revisions\/1447"}],"up":[{"embeddable":true,"href":"http:\/\/magnetovitalrendelo.hu\/rendelo\/wp-json\/wp\/v2\/pages\/14"}],"wp:attachment":[{"href":"http:\/\/magnetovitalrendelo.hu\/rendelo\/wp-json\/wp\/v2\/media?parent=34"}],"curies":[{"name":"wp","href":"https:\/\/api.w.org\/{rel}","templated":true}]}}