{"id":319,"date":"2013-02-21T23:07:04","date_gmt":"2013-02-21T22:07:04","guid":{"rendered":"http:\/\/magnetovitalrendelo.hu\/rendelo\/?page_id=319"},"modified":"2014-12-13T09:47:04","modified_gmt":"2014-12-13T08:47:04","slug":"miert-van-nagy-jelentosege-a-munkanknak","status":"publish","type":"page","link":"http:\/\/magnetovitalrendelo.hu\/rendelo\/gyogyitasi-filozofiank\/miert-van-nagy-jelentosege-a-munkanknak\/","title":{"rendered":"Mi\u00e9rt van nagy jelent\u0151s\u00e9ge a munk\u00e1nknak?"},"content":{"rendered":"<div class=\"printfriendly pf-button \"><a href=\"http:\/\/magnetovitalrendelo.hu\/rendelo\/gyogyitasi-filozofiank\/miert-van-nagy-jelentosege-a-munkanknak\/?pfstyle=wp\" rel=\"nofollow\"  title=\"Printer Friendly, PDF & Email\"><img src=\"http:\/\/magnetovitalrendelo.hu\/k\/pf-button-both.gif\" alt=\"Print Friendly, PDF & Email\" class=\"pf-button-img\" style=\"\"  \/><\/a><\/div>\n<blockquote>\n<p style=\"text-align: right;\"><img loading=\"lazy\" class=\"alignright size-full wp-image-321\" src=\"http:\/\/magnetovitalrendelo.hu\/rendelo\/wp-content\/uploads\/sites\/4\/2013\/02\/popper_peter.jpg\" alt=\"popper_peter\" width=\"107\" height=\"150\" srcset=\"http:\/\/magnetovitalrendelo.hu\/rendelo\/wp-content\/uploads\/sites\/4\/2013\/02\/popper_peter.jpg 350w, http:\/\/magnetovitalrendelo.hu\/rendelo\/wp-content\/uploads\/sites\/4\/2013\/02\/popper_peter-216x300.jpg 216w\" sizes=\"(max-width: 107px) 100vw, 107px\" \/><span style=\"color: #800080;\">\u201e&#8230;az \u00e9let tisztelete nem abb\u00f3l \u00e1ll, hogy nem hagyjuk meghalni a haldokl\u00f3t. Az \u00e9let tisztelete azt jelenti, hogy a sz\u00fclet\u00e9s \u00e9s a hal\u00e1l v\u00e9gpontjai k\u00f6z\u00f6tt \u00fagy b\u00e1nunk egym\u00e1ssal, hogy \u00e9rdemes legyen a vil\u00e1gon \u00e9lni. \u00dajsz\u00fcl\u00f6ttre mosolyogni, halottat siratni k\u00f6nny\u0171. De a kett\u0151 k\u00f6z\u00f6tt&#8230; Az \u00e9l\u0151 sz\u00e1m\u00e1ra emberi m\u00e9lt\u00f3s\u00e1g\u00e1nak megfelel\u0151 sorsot biztos\u00edtani neh\u00e9z.\u201d<\/span> &#8211; <strong>Popper P\u00e9ter<\/strong><\/p>\n<\/blockquote>\n<p><strong>Bach<\/strong> felfog\u00e1sa szerint a betegs\u00e9g <span style=\"color: #993366;\"><em>\u201enem kegyetlens\u00e9g vagy b\u00fcntet\u00e9s, hanem csakis \u00e9s kiz\u00e1r\u00f3lag ir\u00e1nymutat\u00f3; egy eszk\u00f6z, amit a szellem\u00fcnk felhaszn\u00e1l arra, hogy jelezze a hib\u00e1inkat, hogy visszatartson minket a m\u00e9g nagyobb ostobas\u00e1gokt\u00f3l, megakad\u00e1lyozza azt, hogy m\u00e9g t\u00f6bb k\u00e1rt okozzunk, \u00e9s hogy az igazs\u00e1g \u00e9s a f\u00e9ny \u00fatj\u00e1ra tereljen minket. Arra az \u00fatra, amelyr\u0151l soha nem lett volna szabad let\u00e9rn\u00fcnk.\u201d<\/em><\/span><\/p>\n<p>A szervezet mely \u00e1llapotv\u00e1ltoz\u00e1sai azok, melyek megl\u00e9te eset\u00e9n m\u00e1r betegs\u00e9gr\u0151l besz\u00e9lhet\u00fcnk?<\/p>\n<p><strong>A betegs\u00e9gek kialakul\u00e1s\u00e1nak \u00f6t klasszikus szakasz\u00e1t k\u00fcl\u00f6nb\u00f6ztetj\u00fck meg:<\/strong><\/p>\n<ol>\n<li><strong><span style=\"color: #3366ff;\">A genetikai szakasz<\/span><\/strong>, mely m\u00e9g teljesen t\u00fcnetmentes \u00e1llapotban potenci\u00e1lisan csak a betegs\u00e9g kialakul\u00e1s\u00e1nak lehet\u0151s\u00e9g\u00e9t rejti mag\u00e1ban.<\/li>\n<li><strong><span style=\"color: #3366ff;\">A preklinikai szakasz<\/span><\/strong>, mely m\u00e9g mindig t\u00fcnetmentes \u00e1llapotot takar, de melyben a szervezetet \u00e9r\u0151 k\u00fcls\u0151 \u00e9s bels\u0151 hat\u00e1sok a betegs\u00e9g kialakul\u00e1s\u00e1nak folyamat\u00e1t bizonyos \u2013 hangs\u00falyozn\u00e1m &#8211; tudom\u00e1nyos m\u00f3dszerekkel m\u00e1r \u00e9rz\u00e9kelhet\u0151en megind\u00edtj\u00e1k.<\/li>\n<li><strong><span style=\"color: #3366ff;\">A t\u00fcneti szakasz<\/span><\/strong>, melynek sor\u00e1n, amennyiben c\u00e9lzottan keress\u00fck bizonyos betegs\u00e9gek klinikai t\u00fcneteit, \u00fagy azok kisebb-nagyobb m\u00e9rt\u00e9kben m\u00e1r els\u0151sorban laborat\u00f3riumi m\u00f3dszerekkel bizony\u00edthat\u00f3ak.<\/li>\n<li><strong><span style=\"color: #3366ff;\">A klinikai szakasz<\/span><\/strong>, melyben m\u00e1r egy\u00e9rtelm\u0171, a betegs\u00e9gre utal\u00f3 k\u00f3ros klinikai t\u00fcnetek szerepelnek.<\/li>\n<li><span style=\"color: #3366ff;\"><strong>A val\u00f3di betegs\u00e9g szakasza<\/strong><\/span>, melyben a szervezet morfol\u00f3giai elv\u00e1ltoz\u00e1sai m\u00e1r egy\u00e9rtelm\u0171en igazolj\u00e1k a betegs\u00e9get.<\/li>\n<\/ol>\n<p>Az els\u0151 szakasz &#8211; mint l\u00e1thatjuk &#8211; vel\u00fcnk sz\u00fcletett, l\u00e9nyeg\u00e9ben a szervezet\u00fcnkbe k\u00f3dolt, akaratunkt\u00f3l semmiben nem f\u00fcgg\u0151 \u00e9s a k\u00f6r\u00fclm\u00e9nyeink gy\u00f6keres megv\u00e1ltoztat\u00e1s\u00e1val sem befoly\u00e1solhat\u00f3 t\u00e9nyez\u0151.<\/p>\n<p>Minden egy\u00e9n teh\u00e1t m\u00e1r a fogamz\u00e1sa pillanat\u00e1ban bizonyos alkalmazkod\u00e1si \u00e9s szab\u00e1lyoz\u00e1si k\u00e9pess\u00e9get hordoz mag\u00e1ban, lehet\u0151s\u00e9get az eg\u00e9szs\u00e9gre \u00e9s a betegs\u00e9gre egyar\u00e1nt. Erre rak\u00f3dnak r\u00e1 a szerzett k\u00e9pess\u00e9geink \u00e9s hi\u00e1nyaink, melyek eredm\u00e9nyek\u00e9ppen teh\u00e1t a betegs\u00e9gek megval\u00f3sul\/hat\/nak.<\/p>\n<p>Tapasztalatok szerint az, amit ma az \u00e1tlagemberre jellemz\u0151 eg\u00e9szs\u00e9g-betegs\u00e9gfelfog\u00e1snak nevezhet\u00fcnk, \u00edgy sz\u00f3l nem \u00e9rzem magam betegnek, teh\u00e1t biztosan eg\u00e9szs\u00e9ges vagyok.\/!\/<\/p>\n<p><span style=\"color: #000080;\"><strong>Mikor vagyok teh\u00e1t beteg? Ha annak \u00e9rzem magam!<\/strong><\/span><\/p>\n<p>Ezen emberekn\u00e9l a megel\u0151z\u00e9s is \u00fagy m\u0171k\u00f6dik, hogy figyelik \u00e9s keresik a betegs\u00e9gre jellemz\u0151 k\u00fcls\u0151 t\u00fcneteket. Az orvosaik sajnos term\u00e9szetesen ugyanezt teszik! A legt\u00f6bb ember teh\u00e1t ez\u00e9rt ma m\u00e9g csak akkor fordul orvoshoz, amikor m\u00e1r sokszor sajnos gy\u00f3gy\u00edthatatlan \/!!!\/ <strong><span style=\"color: #ff0000;\">a betegs\u00e9ge, annak a 4., 5. f\u00e1zis\u00e1ban.<\/span><\/strong> Ennek az\u00e9rt van komoly jelent\u0151s\u00e9ge, mert ez a t\u00e9ny jelent\u0151sen leronthatja a gy\u00f3gyul\u00e1si es\u00e9lyeit! <strong><span style=\"color: #ff0000;\">Ez az, amiben tal\u00e1n nek\u00fcnk orvosoknak ma m\u00e1r nem szabadna egy\u00fcttm\u0171k\u00f6dn\u00fcnk betegeinkkel vagy t\u00e9tlen\u00fcl szeml\u00e9ln\u00fcnk \u00f6npuszt\u00edt\u00f3 magatart\u00e1sukat!<\/span><\/strong><\/p>\n<p>A betegs\u00e9gek val\u00f3s \u00e9rz\u00e9kelhet\u0151s\u00e9ge, befoly\u00e1solhat\u00f3s\u00e1ga \u00e9s ezzel egy\u00fctt a jav\u00edt\u00e1si lehet\u0151s\u00e9g \/a gy\u00f3gy\u00edt\u00f3 \u00e9s betege sz\u00e1m\u00e1ra egyar\u00e1nt\/ ma m\u00e9g <strong>csak az \u00f6tfokozat\u00fa betegs\u00e9gsk\u00e1la m\u00e1sodik szakasz\u00e1t\u00f3l ad\u00f3dik<\/strong>. Az els\u0151 szakaszt az\u00e9rt kell ilyen szempontb\u00f3l most m\u00e9g figyelmen k\u00edv\u00fcl hagynunk, mert a betegs\u00e9gek jelent\u0151s t\u00f6bbs\u00e9ge genetikailag azonos\u00edthatatlan, m\u00e1sr\u00e9szt a g\u00e9nseb\u00e9szet m\u00e9g k\u00f6zel sem \u00e1ll azon a sz\u00ednvonalon, hogy a hib\u00e1s g\u00e9neket k\u00e9pesek lenn\u00e9nk rutinszer\u0171en kicser\u00e9lni. Ahhoz, hogy az energetikai lehet\u0151s\u00e9geinket meg\u00e9rthess\u00fck \u00e9s el is tudjuk fogadni \u0151ket, tudnunk kell, <strong>hogy a sz\u00fclet\u00e9s\u00fcnk pillanat\u00e1t\u00f3l, ugyan v\u00e1ltoz\u00f3 m\u00e9rt\u00e9kben, de a szervezet energia-cs\u00f6kken\u00e9se m\u00e1r megkezd\u0151dik<\/strong>. Ezt a folyamatot az els\u0151 <strong>6-8 \u00e9let\u00e9vben<\/strong> az anyai szervezet m\u00e9g k\u00e9pes nagyr\u00e9szt kompenz\u00e1lni, de a cs\u00f6kken\u00e9s \u00edgy is folyamatos, \u00e9s \u00edgy a szervezet energiaszintje a <strong>20-as \u00e9let\u00e9vekben<\/strong> m\u00e1r j\u00f3l megfigyelhet\u0151en, a <strong>40-esekben<\/strong> pedig igen jelent\u0151sen, ak\u00e1r a kezdeti \u00e9rt\u00e9k <strong><span style=\"color: #ff0000;\">80 %-\u00e1ra<\/span><\/strong> (!!!) is visszaesve cs\u00f6kkenhet.<\/p>\n<p>Az emberek sz\u00e1mottev\u0151 r\u00e9sze nem mer, vagy nem tud szemben\u00e9zni a val\u00f3s probl\u00e9m\u00e1ival, vagy olyan helyzetben \u00e9l, hogy b\u00e1r t\u00f6k\u00e9letesen ismeri azokat, de nem tud, vagy nem is akar v\u00e1ltoztatni rajtuk.<\/p>\n<p><span style=\"color: #ff0000;\"><strong>Sz\u00e1mukra csak a szervezet\u00fck folyamatos karbantart\u00e1sa, illetve a stresszfaktorok bizonyos m\u00e9rt\u00e9k\u0171 folyamatos k\u00f6z\u00f6mb\u00f6s\u00edt\u00e9se k\u00e9pezheti a megold\u00e1st!<\/strong><\/span><\/p>\n<p>Ahogy egy adott helyis\u00e9gben az uralkod\u00f3 geop\u00e1tiai \/a F\u00f6ld alatti vil\u00e1g k\u00f3ros rezg\u00e9seinek megbeteg\u00edt\u0151 hat\u00e1s\u00e1b\u00f3l ad\u00f3d\u00f3\/ helyzetet is jelent\u0151sen ellens\u00falyozni lehet bizonyos fizikai k\u00f6z\u00f6mb\u00f6s\u00edt\u0151 elj\u00e1r\u00e1sok r\u00e9v\u00e9n, \u00fagy a folyamatos stresszhat\u00e1s\u00fa kapcsolatokat, \u00e9lethelyzeteket, illetve azok folyamatos energiaelsz\u00edv\u00f3 hat\u00e1s\u00e1t is k\u00e9pesek lehet\u00fcnk megfelel\u0151en feldolgozni, ha ehhez k\u00e9pesek vagyunk a k\u00f6rnyezet\u00fcnkb\u0151l megfelel\u0151 mennyis\u00e9g\u0171 \u00e9s min\u0151s\u00e9g\u0171 energi\u00e1t nyerni. Ezt a helyzetet sokan sajnos &#8211; nem is mindig tudatosan &#8211; de \u00fagy pr\u00f3b\u00e1lj\u00e1k megoldani, hogy egyszer\u0171en elsz\u00edvj\u00e1k m\u00e1sok energi\u00e1it, megint m\u00e1sok n\u00e9h\u00e1ny val\u00f3di parafenom\u00e9n \/pl. Harasztosi L\u00e1szl\u00f3\/ energi\u00e1j\u00e1t pr\u00f3b\u00e1lj\u00e1k meg id\u0151szakosan be\u00e9p\u00edteni a szervezet\u00fckbe. Ez ut\u00f3bbi azonban folyamatosan m\u00e1r meglehet\u0151sen neh\u00e9zkesen oldhat\u00f3 meg, vagy igen k\u00f6lts\u00e9ges dolog.<\/p>\n<p>Ilyen helyzetekben is folyamatos megold\u00e1st jelentenek azok a kezel\u00e9si- vagy medit\u00e1ci\u00f3s m\u00f3dszerek, melyek hozz\u00e1seg\u00edtik az embert a folyamatos energia-visszap\u00f3tl\u00e1shoz, ez\u00e1ltal a j\u00f3 k\u00f6z\u00e9rzet\u00fck folyamatos biztos\u00edt\u00e1s\u00e1hoz. Stabil energiahelyzetben m\u00e9g a zaklatott \u00e9letk\u00f6r\u00fclm\u00e9nyek, a rohan\u00f3 temp\u00f3 is l\u00e9nyegesen pozit\u00edvabban reag\u00e1lhat\u00f3ak le, a szervezet nem rakt\u00e1roz, nem \u00f6sszegez negat\u00edv, a k\u00e9s\u0151bbiekre n\u00e9zve megbeteg\u00edt\u0151 hat\u00e1s\u00fa \u00e9lm\u00e9nyeket, a k\u00f3ros rezg\u00e9sek pedig m\u00e1r a kialakul\u00e1suk pillanat\u00e1ban visszaver\u0151dnek vagy k\u00f6z\u00f6mb\u00f6s\u00edtve elvezet\u00e9sre ker\u00fclnek.<\/p>\n<p>Ez az a pont, ahol az \u00e1ltalunk v\u00e1zolt pozit\u00edv gondolkod\u00e1s\u00fa, a megel\u0151z\u00e9st t\u00e1mogat\u00f3 orvos lelk\u00e9t ma m\u00e1r megnyugv\u00e1s t\u00f6ltheti el. Ha nincs is mindenki sz\u00e1m\u00e1ra v\u00e9gleges lehet\u0151s\u00e9g a stresszt\u00e9nyez\u0151k korl\u00e1toz\u00e1s\u00e1ra vagy kiz\u00e1r\u00e1s\u00e1ra, valamint <strong><span style=\"color: #ff0000;\">a hat\u00e1saik megel\u0151z\u00e9s\u00e9re vagy azonnali k\u00f6z\u00f6mb\u00f6s\u00edt\u00e9s\u00e9re, azonban az energiap\u00f3tl\u00f3 m\u00f3dszerek r\u00e9v\u00e9n az \u00e1ltaluk kiv\u00e1lthat\u00f3 betegs\u00e9gek megel\u0151z\u00e9s\u00e9re a lehet\u0151s\u00e9g ma m\u00e1r nagy biztons\u00e1ggal adott.<\/span><\/strong><\/p>\n<p>Ebben a helyzetben m\u00e1r csak k\u00e9t dologgal kell megk\u00fczden\u00fcnk: az egyik az emberek hitetlenked\u00e9se \u00e9s a napjainkban sajnos jogos bizalmatlans\u00e1ga, m\u00e1sik a sz\u00fcks\u00e9ges anyagi javak nagym\u00e9rt\u00e9k\u0171 hi\u00e1nya. Mindenki sz\u00e1m\u00e1ra \u00e9rthet\u0151v\u00e9 kell azonban hogy v\u00e1lj\u00e9k, hogy p\u00e9nzt becs\u00fcletesen csak k\u00e9t dologb\u00f3l lehet kell\u0151 mennyis\u00e9gben el\u0151teremteni: <strong>p\u00e9nzb\u0151l \u00e9s eg\u00e9szs\u00e9gb\u0151l<\/strong>.<\/p>\n<p><span style=\"color: #ff0000;\"><strong>Ahhoz hogy p\u00e9nzt csin\u00e1ljunk, eg\u00e9szs\u00e9gre van sz\u00fcks\u00e9g\u00fcnk; ha az elv\u00e9sz, hi\u00e1ba van m\u00e1r p\u00e9nz\u00fcnk, nem biztos, hogy azt m\u00e9g vissza is tudjuk v\u00e1s\u00e1rolni.<\/strong><\/span><\/p>\n<p>Egyetlen lehet\u0151s\u00e9g\u00fcnk van teh\u00e1t csak:<\/p>\n<p><strong><span style=\"color: #ff0000;\">minden\u00e1ron meg kell \u0151rizn\u00fcnk az eg\u00e9szs\u00e9g\u00fcnket, \u00fagy kell vigy\u00e1znunk r\u00e1, mint a legdr\u00e1g\u00e1bb kincs\u00fcnkre!<\/span><\/strong><\/p>\n<div class=\"printfriendly pf-button \"><a href=\"http:\/\/magnetovitalrendelo.hu\/rendelo\/gyogyitasi-filozofiank\/miert-van-nagy-jelentosege-a-munkanknak\/?pfstyle=wp\" rel=\"nofollow\"  title=\"Printer Friendly, PDF & Email\"><img src=\"http:\/\/magnetovitalrendelo.hu\/k\/pf-button-both.gif\" alt=\"Print Friendly, PDF & Email\" class=\"pf-button-img\" style=\"\"  \/><\/a><\/div>\n","protected":false},"excerpt":{"rendered":"<p>\u201e&#8230;az \u00e9let tisztelete nem abb\u00f3l \u00e1ll, hogy nem hagyjuk meghalni a haldokl\u00f3t. Az \u00e9let tisztelete azt jelenti, hogy a sz\u00fclet\u00e9s \u00e9s a hal\u00e1l v\u00e9gpontjai k\u00f6z\u00f6tt \u00fagy b\u00e1nunk egym\u00e1ssal, hogy \u00e9rdemes legyen a vil\u00e1gon \u00e9lni. \u00dajsz\u00fcl\u00f6ttre mosolyogni, halottat siratni k\u00f6nny\u0171. De a kett\u0151 k\u00f6z\u00f6tt&#8230; Az \u00e9l\u0151 sz\u00e1m\u00e1ra emberi m\u00e9lt\u00f3s\u00e1g\u00e1nak megfelel\u0151 sorsot biztos\u00edtani neh\u00e9z.\u201d &#8211; Popper P\u00e9ter [&hellip;]<\/p>\n","protected":false},"author":1,"featured_media":0,"parent":120,"menu_order":0,"comment_status":"closed","ping_status":"closed","template":"","meta":{"_mi_skip_tracking":false},"_links":{"self":[{"href":"http:\/\/magnetovitalrendelo.hu\/rendelo\/wp-json\/wp\/v2\/pages\/319"}],"collection":[{"href":"http:\/\/magnetovitalrendelo.hu\/rendelo\/wp-json\/wp\/v2\/pages"}],"about":[{"href":"http:\/\/magnetovitalrendelo.hu\/rendelo\/wp-json\/wp\/v2\/types\/page"}],"author":[{"embeddable":true,"href":"http:\/\/magnetovitalrendelo.hu\/rendelo\/wp-json\/wp\/v2\/users\/1"}],"replies":[{"embeddable":true,"href":"http:\/\/magnetovitalrendelo.hu\/rendelo\/wp-json\/wp\/v2\/comments?post=319"}],"version-history":[{"count":1,"href":"http:\/\/magnetovitalrendelo.hu\/rendelo\/wp-json\/wp\/v2\/pages\/319\/revisions"}],"predecessor-version":[{"id":1363,"href":"http:\/\/magnetovitalrendelo.hu\/rendelo\/wp-json\/wp\/v2\/pages\/319\/revisions\/1363"}],"up":[{"embeddable":true,"href":"http:\/\/magnetovitalrendelo.hu\/rendelo\/wp-json\/wp\/v2\/pages\/120"}],"wp:attachment":[{"href":"http:\/\/magnetovitalrendelo.hu\/rendelo\/wp-json\/wp\/v2\/media?parent=319"}],"curies":[{"name":"wp","href":"https:\/\/api.w.org\/{rel}","templated":true}]}}