{"id":2,"date":"2013-02-19T14:23:53","date_gmt":"2013-02-19T14:23:53","guid":{"rendered":"http:\/\/magnetovitalrendelo.hu\/rendelo\/?page_id=2"},"modified":"2014-12-05T08:41:44","modified_gmt":"2014-12-05T07:41:44","slug":"bemutatkozas","status":"publish","type":"page","link":"http:\/\/magnetovitalrendelo.hu\/rendelo\/bemutatkozas\/","title":{"rendered":"A rendel\u0151 bemutat\u00e1sa"},"content":{"rendered":"<blockquote>\n<p style=\"text-align: right;\"><span style=\"color: #800080;\">\u201eA nagy \u00dathoz nincsen kapu<\/span><br \/>\n<span style=\"color: #800080;\"><img loading=\"lazy\" class=\"alignleft size-full wp-image-1138\" src=\"http:\/\/magnetovitalrendelo.hu\/rendelo\/wp-content\/uploads\/sites\/4\/2013\/02\/bemutatkozas-2.jpg\" alt=\"bemutatkozas-2\" width=\"171\" height=\"100\" \/> <\/span><span style=\"color: #800080;\">Ezer t\u00e9v\u00fat visz tova<\/span><br \/>\n<span style=\"color: #800080;\"> A soromp\u00f3t ha \u00e1tugrod,<\/span><br \/>\n<span style=\"color: #800080;\">Egy ugr\u00e1ssal jutsz oda\u201d<\/span><br \/>\n&#8211; <strong>Vu Men Kuan<\/strong> (1229)<\/p>\n<\/blockquote>\n<p><img loading=\"lazy\" class=\"size-full wp-image-374 alignright\" src=\"http:\/\/magnetovitalrendelo.hu\/rendelo\/wp-content\/uploads\/sites\/4\/2013\/02\/bemutatkozas.jpg\" alt=\"bemutatkozas\" width=\"194\" height=\"190\" \/><\/p>\n<p>&nbsp;<\/p>\n<p><span style=\"color: #993300;\"><strong>Szeretettel \u00e9s tis<\/strong><\/span><span style=\"color: #993300;\"><strong>ztelettel k\u00f6sz\u00f6ntj\u00fck a honlapunkon!<\/strong> <\/span>Engedje meg, hogy r\u00f6viden bemutassuk magunkat \u00e9s a c\u00e9ljainkat.<\/p>\n<p>Rendel\u0151nket <strong>1991<\/strong>-ben alap\u00edtottuk mag\u00e1norvosi tev\u00e9kenys\u00e9g folytat\u00e1sa c\u00e9lj\u00e1b\u00f3l, kezdetben d\u00f6nt\u0151en sz\u00fcl\u00e9szeti-n\u0151gy\u00f3gy\u00e1szati feladatok ell\u00e1t\u00e1s\u00e1ra. Ehhez a munk\u00e1nkhoz t\u00e1rsult alternat\u00edv gy\u00f3gy\u00e1szati tev\u00e9kenys\u00e9gk\u00e9nt el\u0151sz\u00f6r az agytr\u00e9ner-kezel\u00e9s, majd ezt k\u00f6vet\u0151en m\u00e9g egyre t\u00f6bb rezg\u00e9ster\u00e1pi\u00e1s m\u00f3dszer. <span style=\"color: #993300;\">M\u00e1ra m\u00e1r munk\u00e1nk jelent\u0151s r\u00e9sz\u00e9t ez k\u00e9pezi, \u00e9s b\u00e1r rizik\u00f3t sohasem v\u00e1llalva, vagy azt a betegeinkre \u00e1th\u00e1r\u00edtva, de a gy\u00f3gy\u00edt\u00f3 tev\u00e9kenys\u00e9g\u00fcnkben a gy\u00f3gyszerek \u00e9s a k\u00e9s szerep\u00e9t is egyre t\u00f6bbsz\u00f6r veszik \u00e1t \u2013 hat\u00e1sosan \u2013 a k\u00e1ros mell\u00e9khat\u00e1sok lehet\u0151s\u00e9g\u00e9t sokkal kev\u00e9sb\u00e9 magukban hordoz\u00f3 term\u00e9szetgy\u00f3gy\u00e1szati m\u00f3dszerek.<\/span><\/p>\n<p><strong>Valljuk, hogy az emberek a betegs\u00e9g\u00fcket jelent\u0151s r\u00e9szben saj\u00e1t maguknak k\u00f6sz\u00f6nhetik \u00e9s csak saj\u00e1t maguk is k\u00e9pesek \u2013 a szervezet\u00fck \u00f6ngy\u00f3gy\u00edt\u00f3 rendszer\u00e9nek hat\u00e1sos m\u0171k\u00f6dtet\u00e9se r\u00e9v\u00e9n \u2013 meggy\u00f3gy\u00edtani. A mi feladatunk teh\u00e1t az kell, hogy legyen, hogy hozz\u00e1seg\u00edts\u00fck \u0151ket ehhez a hat\u00e1sos \u00f6ngy\u00f3gy\u00edt\u00e1shoz.<\/strong><\/p>\n<p>Betegs\u00e9gfelfog\u00e1sunk l\u00e9nyege az, hogy a szervezet\u00fcnkben jelentkez\u0151 betegs\u00e9g nem m\u00e1s, mint a benn\u00fcnket \u00e9r\u0151 k\u00fcls\u0151 \u00e9s bels\u0151 stresszhat\u00e1sok k\u00f6vetkezt\u00e9ben megv\u00e1ltozott rezg\u00e9sek okozta anyagcsere-zavar, melyeket a leghat\u00e1sosabban gy\u00f3gy\u00edtani is csak az\u00e1ltal tudunk, hogy a sejtek, sz\u00f6vetek, szervek, szervrendszerek betegs\u00e9gokoz\u00f3 k\u00f3ros rezg\u00e9seit rezg\u00e9ster\u00e1pi\u00e1s m\u00f3dszerekkel sz\u00fcks\u00e9g szerint er\u0151s\u00edtj\u00fck, gyeng\u00edtj\u00fck, elimin\u00e1ljuk, illetve a hi\u00e1nyz\u00f3akat p\u00f3toljuk. Ezen v\u00e1ltoztat\u00e1sok r\u00e9v\u00e9n \u00e9rhetj\u00fck el, hogy az \u00e1ltalunk kezelt emberek hat\u00e1sosabban legyenek k\u00e9pesek \u00f6nmagukat meggy\u00f3gy\u00edtani.<\/p>\n<p>Tev\u00e9kenys\u00e9g\u00fcnk sor\u00e1n el\u0151sz\u00f6r az egyre b\u0151v\u00fcl\u0151 m\u00f3dszer-palett\u00e1nk seg\u00edts\u00e9g\u00e9vel korrekt \u00e1llapotfelm\u00e9r\u00e9st v\u00e9gz\u00fcnk, melyhez minden alkalommal hozz\u00e1rendelj\u00fck az \u00e1ltalunk legmegfelel\u0151bbnek \u00edt\u00e9lt kezel\u00e9st. Sohasem a betegs\u00e9gek, t\u00fcnetek elmulaszt\u00e1s\u00e1t, hanem a beteg embernek val\u00f3 szellemi, ment\u00e1lis \u00e9s fizikai seg\u00edts\u00e9gny\u00fajt\u00e1st tekintj\u00fck els\u0151dleges feladatunknak, mindig bel\u0151le indulunk ki \u00e9s hozz\u00e1 \u00e9rkez\u00fcnk vissza.<\/p>\n<p>A klasszikus sz\u00fcl\u00e9szeti, n\u0151gy\u00f3gy\u00e1szati \u00e9s n\u0151gy\u00f3gy\u00e1szati onkol\u00f3giai tev\u00e9kenys\u00e9g mell\u00e9 ma m\u00e1r rezg\u00e9s- \u00e9s energiater\u00e1pi\u00e1s m\u00f3dszerk\u00e9nt j\u00f3l illeszkedik<\/p>\n<ul>\n<li>az agytr\u00e9ner-kezel\u00e9s,<\/li>\n<li>a m\u00e1gnester\u00e1pia,<\/li>\n<li>a testgyertya-kezel\u00e9s,<\/li>\n<li>a Bach-vir\u00e1gter\u00e1pi\u00e1n alapul\u00f3 speci\u00e1lis homeop\u00e1ti\u00e1s elj\u00e1r\u00e1sok alkalmaz\u00e1sa \u00e9s az<\/li>\n<li>eg\u00e9szs\u00e9g\u00fcgyi probl\u00e9m\u00e1k kialakul\u00e1s\u00e1\u00e9rt nagyon sok esetben felel\u0151s t\u00e9renergia- \u00e9s f\u00f6ldsug\u00e1rz\u00e1si zavarokat rendezni hivatott Vaszati t\u00e9rrendez\u00e9si- \u00e9s radieszt\u00e9zi\u00e1s szaktan\u00e1csad\u00e1s.<\/li>\n<li>\u00e9letvezet\u00e9si tev\u00e9kenys\u00e9gk\u00e9nt pszich\u00e9s \u00e1llapotjav\u00edt\u00e1s c\u00e9lj\u00e1b\u00f3l leg\u00fajabban az \u00c9FT-ter\u00e1pi\u00e1t alkalmazzuk.<\/li>\n<\/ul>\n<p>Tev\u00e9kenys\u00e9g\u00fcnkben magasan kvalifik\u00e1lt orvosok, k\u00e9pes\u00edt\u00e9ssel rendelkez\u0151 term\u00e9szetgy\u00f3gy\u00e1sz, pszichol\u00f3gus, kineziol\u00f3gus \u00e9s az \u00e9letvezet\u00e9sben, agytr\u00e9ningben, \u00c9FT-ter\u00e1pi\u00e1ban, lakberendez\u00e9sben \u00e9s a t\u00e9renergi\u00e1k rendez\u00e9s\u00e9ben j\u00e1ratos j\u00f3l k\u00e9pzett \u00e9s nagy gyakorlat\u00fa tr\u00e9ner \u00e1llnak az \u00d6n rendelkez\u00e9s\u00e9re, \u00e9s \u0151k ny\u00fajtanak seg\u00edts\u00e9get minden hozz\u00e1nk fordul\u00f3 embernek abban, hogy megel\u0151zz\u00e9k vagy legy\u0151zz\u00e9k a betegs\u00e9geiket.<\/p>\n<p>Nagy hangs\u00falyt fektet\u00fcnk a szervezeti \u00e1llapotfelm\u00e9r\u00e9sre, a betegs\u00e9gfelder\u00edt\u00e9sre- \u00e9s megel\u0151z\u00e9sre, \u00e9s ilyen ir\u00e1ny\u00fa ig\u00e9ny eset\u00e9n int\u00e9zm\u00e9nyeknek is hat\u00e1sos, \u00e9s kell\u0151 sz\u00e1m\u00fa jelentkez\u00e9s eset\u00e9n, ak\u00e1r az orsz\u00e1g b\u00e1rmely pontj\u00e1n helysz\u00edni seg\u00edts\u00e9get is k\u00e9pesek vagyunk ny\u00fajtani abban, hogy megismerj\u00e9k dolgoz\u00f3ik stressz\u00e1llapot\u00e1t \u00e9s tehessenek valamit stresszmentes\u00edt\u00e9s\u00fckben, ez\u00e1ltal megel\u0151z\u0151 jelleggel a beteg\u00e1llom\u00e1nyok okozta termel\u00e9s- \u00e9s j\u00f6vedelem-kies\u00e9s megel\u0151z\u00e9s\u00e9ben.<\/p>\n<p>Ez a honlap \u2013 \u00fagy v\u00e9lj\u00fck \u2013 minden eg\u00e9szs\u00e9ges \u00e9s beteg ember \u00e9rdekl\u0151d\u00e9s\u00e9re sz\u00e1mot tarthat!<\/p>\n<p>Mondanival\u00f3nkat sz\u00e1nd\u00e9kosan tagoltuk, \u00e9s k\u00e9rj\u00fck, hogy olvassa el figyelmesen mindazt, ami itt az \u00d6n \u00e9rdekl\u0151d\u00e9s\u00e9t felkelti.<\/p>\n<p>E honlapon azokat az inform\u00e1ci\u00f3kat tal\u00e1lja meg, melyek r\u00e9v\u00e9n jobban megismerhet minket, munkat\u00e1rsainkat \u00e9s egy\u00fcttm\u0171k\u00f6d\u0151 partnereinket. \u00datbaigaz\u00edtjuk \u00d6nt a rendel\u0151nkbe, t\u00e1j\u00e9koztatjuk a rendel\u00e9si id\u0151kr\u0151l \u00e9s a bejelentkez\u00e9s m\u00f3dj\u00e1r\u00f3l is. Megismerheti az \u00e1tlagos orvosi rendel\u0151 munk\u00e1j\u00e1t\u00f3l elt\u00e9r\u0151 megel\u0151z\u0151, gy\u00f3gy\u00edt\u00f3 tev\u00e9kenys\u00e9g\u00fcnk elm\u00e9leti, filoz\u00f3fiai \u00e9s etikai alapvet\u00e9seit, \u00e9s n\u00e9mi betekint\u00e9st ny\u00fajtunk \u00d6nnek a munk\u00e1nk gyakorlati r\u00e9sz\u00e9be is.<\/p>\n<p><span style=\"color: #993300;\"><strong>Ha ezek ut\u00e1n \u00fagy d\u00f6nt, hogy k\u00e9pes azonosulni a felfog\u00e1sunkkal \u00e9s a m\u00f3dszereinkkel, sz\u00edvesen \u00e1llunk a rendelkez\u00e9s\u00e9re abban, hogy hat\u00e1sosan meg\u0151rizze vagy visszanyerje az eg\u00e9szs\u00e9g\u00e9t!<\/strong><\/span><\/p>\n<p>Az eddigi tapasztalatok \u00e9s a gy\u00f3gy\u00edt\u00e1sban id\u00e1ig el\u00e9rt eredm\u00e9nyeink azt mutatj\u00e1k, hogy a d\u00f6nt\u00e9s\u00e9t \u00d6n sem fogja megb\u00e1nni!<\/p>\n<p>Lehet\u0151s\u00e9ge van arra is, hogy t\u0151l\u00fcnk b\u00e1rmit, ak\u00e1r \u00edr\u00e1sban is k\u00e9rdezzen, \u00e9s tisztelettel k\u00e9rj\u00fck, ha ak\u00e1r a le\u00edrtakkal, ak\u00e1r a tev\u00e9kenys\u00e9g\u00fcnkkel kapcsolatban benn\u00fcnket seg\u00edt\u0151, a munk\u00e1nk hat\u00e1s-fok\u00e1t jav\u00edt\u00f3 v\u00e9lem\u00e9nye, kritik\u00e1ja lenne, azt felt\u00e9tlen\u00fcl \u00edrja meg nek\u00fcnk!<\/p>\n<p><span style=\"color: #993300;\"><strong>K\u00f6sz\u00f6nj\u00fck a figyelm\u00e9t, tov\u00e1bbi j\u00f3 eg\u00e9szs\u00e9get, vagy teljes gy\u00f3gyul\u00e1st k\u00edv\u00e1nunk!<\/strong><\/span><\/p>\n","protected":false},"excerpt":{"rendered":"<p>\u201eA nagy \u00dathoz nincsen kapu Ezer t\u00e9v\u00fat visz tova A soromp\u00f3t ha \u00e1tugrod, Egy ugr\u00e1ssal jutsz oda\u201d &#8211; Vu Men Kuan (1229) &nbsp; Szeretettel \u00e9s tisztelettel k\u00f6sz\u00f6ntj\u00fck a honlapunkon! Engedje meg, hogy r\u00f6viden bemutassuk magunkat \u00e9s a c\u00e9ljainkat. Rendel\u0151nket 1991-ben alap\u00edtottuk mag\u00e1norvosi tev\u00e9kenys\u00e9g folytat\u00e1sa c\u00e9lj\u00e1b\u00f3l, kezdetben d\u00f6nt\u0151en sz\u00fcl\u00e9szeti-n\u0151gy\u00f3gy\u00e1szati feladatok ell\u00e1t\u00e1s\u00e1ra. Ehhez a munk\u00e1nkhoz t\u00e1rsult alternat\u00edv [&hellip;]<\/p>\n","protected":false},"author":1,"featured_media":0,"parent":0,"menu_order":0,"comment_status":"closed","ping_status":"closed","template":"","meta":{"_mi_skip_tracking":false},"_links":{"self":[{"href":"http:\/\/magnetovitalrendelo.hu\/rendelo\/wp-json\/wp\/v2\/pages\/2"}],"collection":[{"href":"http:\/\/magnetovitalrendelo.hu\/rendelo\/wp-json\/wp\/v2\/pages"}],"about":[{"href":"http:\/\/magnetovitalrendelo.hu\/rendelo\/wp-json\/wp\/v2\/types\/page"}],"author":[{"embeddable":true,"href":"http:\/\/magnetovitalrendelo.hu\/rendelo\/wp-json\/wp\/v2\/users\/1"}],"replies":[{"embeddable":true,"href":"http:\/\/magnetovitalrendelo.hu\/rendelo\/wp-json\/wp\/v2\/comments?post=2"}],"version-history":[{"count":1,"href":"http:\/\/magnetovitalrendelo.hu\/rendelo\/wp-json\/wp\/v2\/pages\/2\/revisions"}],"predecessor-version":[{"id":1350,"href":"http:\/\/magnetovitalrendelo.hu\/rendelo\/wp-json\/wp\/v2\/pages\/2\/revisions\/1350"}],"wp:attachment":[{"href":"http:\/\/magnetovitalrendelo.hu\/rendelo\/wp-json\/wp\/v2\/media?parent=2"}],"curies":[{"name":"wp","href":"https:\/\/api.w.org\/{rel}","templated":true}]}}