{"id":151,"date":"2013-02-19T22:18:44","date_gmt":"2013-02-19T21:18:44","guid":{"rendered":"http:\/\/magnetovitalrendelo.hu\/rendelo\/?page_id=151"},"modified":"2015-09-02T11:08:10","modified_gmt":"2015-09-02T09:08:10","slug":"a-meddoseg-es-kivizsgalasa","status":"publish","type":"page","link":"http:\/\/magnetovitalrendelo.hu\/rendelo\/szolgaltatasaink-2\/a-meddoseg-es-kivizsgalasa\/","title":{"rendered":"A medd\u0151s\u00e9g \u00e9s kivizsg\u00e1l\u00e1sa"},"content":{"rendered":"<div class=\"printfriendly pf-button \"><a href=\"http:\/\/magnetovitalrendelo.hu\/rendelo\/szolgaltatasaink-2\/a-meddoseg-es-kivizsgalasa\/?pfstyle=wp\" rel=\"nofollow\"  title=\"Printer Friendly, PDF & Email\"><img src=\"http:\/\/magnetovitalrendelo.hu\/k\/pf-button-both.gif\" alt=\"Print Friendly, PDF & Email\" class=\"pf-button-img\" style=\"\"  \/><\/a><\/div>\n<p><strong><span style=\"color: #3366ff;\">Medd\u0151s\u00e9gr\u0151l<\/span><\/strong> akkor besz\u00e9l\u00fcnk, ha egy h\u00e1zass\u00e1gban vagy kapcsolatban k\u00e9t \u00e9vi rendszeres v\u00e9dekez\u00e9s n\u00e9lk\u00fcli nemi \u00e9letet k\u00f6vet\u0151en sem j\u00f6n l\u00e9tre terhess\u00e9g.<\/p>\n<p><img loading=\"lazy\" class=\"aligncenter wp-image-920\" src=\"http:\/\/magnetovitalrendelo.hu\/rendelo\/wp-content\/uploads\/sites\/4\/2013\/02\/medosseg-10.jpg\" alt=\"medosseg-10\" width=\"600\" height=\"225\" srcset=\"http:\/\/magnetovitalrendelo.hu\/rendelo\/wp-content\/uploads\/sites\/4\/2013\/02\/medosseg-10.jpg 800w, http:\/\/magnetovitalrendelo.hu\/rendelo\/wp-content\/uploads\/sites\/4\/2013\/02\/medosseg-10-300x112.jpg 300w\" sizes=\"(max-width: 600px) 100vw, 600px\" \/><\/p>\n<p><span style=\"text-decoration: underline;\"><strong><img loading=\"lazy\" class=\"size-full wp-image-1075 alignright\" src=\"http:\/\/magnetovitalrendelo.hu\/rendelo\/wp-content\/uploads\/sites\/4\/2013\/03\/drhamvasferenc_gyogyito_jel.jpg\" alt=\"drhamvasferenc_gyogyito_jel\" width=\"160\" height=\"250\" srcset=\"http:\/\/magnetovitalrendelo.hu\/rendelo\/wp-content\/uploads\/sites\/4\/2013\/03\/drhamvasferenc_gyogyito_jel.jpg 300w, http:\/\/magnetovitalrendelo.hu\/rendelo\/wp-content\/uploads\/sites\/4\/2013\/03\/drhamvasferenc_gyogyito_jel-191x300.jpg 191w\" sizes=\"(max-width: 160px) 100vw, 160px\" \/>A kivizsg\u00e1l\u00e1st<\/strong><\/span> <strong>1 \u00e9ven bel\u00fcl csak igen indokolt esetben kezdj\u00fck meg, az kiz\u00e1r\u00e1sos alapon t\u00f6rt\u00e9nik, el\u0151sz\u00f6r minden esetben a teljesen vesz\u00e9lytelen vizsg\u00e1latok t\u00f6rt\u00e9nnek meg, ezek eredm\u00e9nytelens\u00e9ge eset\u00e9n fokozatosan l\u00e9p\u00fcnk tov\u00e1bb az olyan vizsg\u00e1latok fel\u00e9, melyek esetleg m\u00e1r sz\u00f6v\u0151dm\u00e9nnyel is j\u00e1rhatnak.<\/strong> A kivizsg\u00e1l\u00e1s az esetek t\u00f6bbs\u00e9g\u00e9ben nem gyors folyamat, k\u00e9rj\u00fck, hogy ne legyen t\u00fcrelmetlen. T\u00fcrelm\u00e9\u00e9rt cser\u00e9be \u00edg\u00e9rem, hogy egyetlen percig sem fogom \u00e1ltatni, becs\u00fcletesen meg fogom mondani, ha az \u00e9n lehet\u0151s\u00e9geim m\u00e1r nem elegend\u0151ek, vagy ha a kezel\u00e9st rem\u00e9nytelennek tartom. <span style=\"color: #ff0000;\">Addig azonban am\u00edg ezt t\u0151lem nem hallja, k\u00e9rem ne vesz\u00edtse el t\u00fcrelm\u00e9t \u00e9s pontosan tegyen mindent \u00fagy, ahogy azt megbesz\u00e9lj\u00fck.<\/span><\/p>\n<p><img loading=\"lazy\" class=\"aligncenter wp-image-876\" src=\"http:\/\/magnetovitalrendelo.hu\/rendelo\/wp-content\/uploads\/sites\/4\/2013\/02\/medosseg-7.jpg\" alt=\"medosseg-7\" width=\"600\" height=\"450\" srcset=\"http:\/\/magnetovitalrendelo.hu\/rendelo\/wp-content\/uploads\/sites\/4\/2013\/02\/medosseg-7.jpg 500w, http:\/\/magnetovitalrendelo.hu\/rendelo\/wp-content\/uploads\/sites\/4\/2013\/02\/medosseg-7-300x225.jpg 300w\" sizes=\"(max-width: 600px) 100vw, 600px\" \/><\/p>\n<p>Mindenek el\u0151tt egy \u00e1ltal\u00e1nos n\u0151gy\u00f3gy\u00e1szati vizsg\u00e1latra, r\u00e1ksz\u0171r\u00e9sre \u00e9s v\u00e1lad\u00e9kteny\u00e9szt\u00e9sre, valamint h\u00fcvelyi ultrahang-vizsg\u00e1latra ker\u00fcl sor annak c\u00e9lj\u00e1b\u00f3l, hogy van-e valamilyen tapinthat\u00f3 vagy l\u00e1that\u00f3 elt\u00e9r\u00e9s az \u00d6n bels\u0151 nemi szerveiben.<\/p>\n<p>A legels\u0151 speci\u00e1lis vizsg\u00e1lat arra ir\u00e1nyul, hogy az \u00d6n pete\u00e9r\u00e9se milyen. Ennek meg\u00e1llap\u00edt\u00e1s\u00e1hoz a legdurv\u00e1bb megk\u00f6zel\u00edt\u00e9s az <strong>alaph\u0151m\u00e9rs\u00e9klet m\u00e9r\u00e9se<\/strong>.<\/p>\n<p><strong><img loading=\"lazy\" class=\"alignright size-full wp-image-507\" src=\"http:\/\/magnetovitalrendelo.hu\/rendelo\/wp-content\/uploads\/sites\/4\/2013\/02\/meddoseg-2.jpg\" alt=\"meddoseg-2\" width=\"331\" height=\"470\" srcset=\"http:\/\/magnetovitalrendelo.hu\/rendelo\/wp-content\/uploads\/sites\/4\/2013\/02\/meddoseg-2.jpg 352w, http:\/\/magnetovitalrendelo.hu\/rendelo\/wp-content\/uploads\/sites\/4\/2013\/02\/meddoseg-2-211x300.jpg 211w\" sizes=\"(max-width: 331px) 100vw, 331px\" \/>Ennek kivitelez\u00e9se a k\u00f6vetkez\u0151:<\/strong> A menses els\u0151 napj\u00e1t\u00f3l kezdve minden reggel, \u00e9bred\u00e9s ut\u00e1n, felkel\u00e9s el\u0151tt, m\u00e9g az \u00e1gyban fekve, v\u00e9gb\u00e9lben m\u00e9rje meg a testh\u0151m\u00e9rs\u00e9klet\u00e9t, a lehet\u0151s\u00e9ghez k\u00e9pest ne digit\u00e1lis h\u0151m\u00e9r\u0151vel.. A m\u00e9rt \u00e9rt\u00e9ket minden alkalommal jegyezze fel a mell\u00e9kelt \u00e9s let\u00f6lthet\u0151 lap megfelel\u0151 rubrik\u00e1j\u00e1ba, \u00edgy ki fog alakulni egy <strong>un. alaph\u0151m\u00e9rs\u00e9kleti g\u00f6rbe<\/strong>. Ezt minden alkalommal a lehet\u0151s\u00e9gekhez k\u00e9pest m\u00e1r a menses els\u0151 napj\u00e1n, de legk\u00e9s\u0151bb az \u00f6t\u00f6dik napig mutassa meg nekem, mert amennyiben gy\u00f3gyszeres kezel\u00e9sre van sz\u00fcks\u00e9ge, azt a lehet\u0151 leghamarabb el kell kezdeni.<\/p>\n<p>A m\u00e9r\u00e9shez sz\u00fcks\u00e9ges g\u00f6rb\u00e9t <a href=\"http:\/\/www.csaladivilag.hu\/baba-mama-kodex\/varandos-kisokos\/ebredesi-homerseklet-gorbe\/9222\/\" target=\"_blank\">innen let\u00f6ltheti, kinyomtathatja \u00e9s vezetheti<\/a>.<\/p>\n<p>Amennyiben az eredm\u00e9ny nem biztons\u00e1ggal meg\u00edt\u00e9lhet\u0151, \u00fagy <strong>sorozat-ultrahang-vizsg\u00e1lattal<\/strong> meg kell \u00e1llap\u00edtani, hogy l\u00e1that\u00f3-e pete\u00e9r\u00e9s illetve t\u00fcsz\u0151reped\u00e9s, illetve a <strong>v\u00e9rhormonszint-vizsg\u00e1latokkal<\/strong> kell tiszt\u00e1zni, hogy mely hormonok zavara okozza a pete\u00e9r\u00e9si rendelleness\u00e9get.<\/p>\n<p><strong>Pete\u00e9r\u00e9si rendelleness\u00e9g<\/strong> eset\u00e9n el\u0151sz\u00f6r alternat\u00edv kezel\u00e9sekkel pr\u00f3b\u00e1lkozunk, a kev\u00e9s sikertelen esetben t\u00f6bbf\u00e9le er\u0151ss\u00e9g\u0171 gy\u00f3gyszeres kezel\u00e9sre ker\u00fclhet sor, ami t\u00fcrelmet ig\u00e9nyel \u00d6nt\u0151l, mert csak az esetek igen kis sz\u00e1zal\u00e9k\u00e1ban v\u00e1rhat\u00f3 azonnali eredm\u00e9ny. Sajnos a gy\u00f3gyszerek egy r\u00e9sze igen dr\u00e1ga, ez\u00e9rt minden esetben az egyszer\u0171bb \u00e9s olcs\u00f3bb k\u00e9sz\u00edtm\u00e9nyek adagol\u00e1s\u00e1val fogok k\u00eds\u00e9rletet tenni pete\u00e9r\u00e9s\u00e9nek serkent\u00e9s\u00e9re. <strong>K\u00e9rem, hogy vegye tudom\u00e1sul, hogy m\u00e9g t\u00f6k\u00e9letes pete\u00e9r\u00e9s eset\u00e9n sem mindig v\u00e1rhat\u00f3 azonnali eredm\u00e9ny.<\/strong><\/p>\n<p>Tapasztalataink szerint a medd\u0151s\u00e9gek egy jelent\u0151s r\u00e9sz\u00e9t <strong>pszich\u00e9s gondok<\/strong> okozz\u00e1k. Nagyon sokszor fordul el\u0151, hogy addig ameddig a beteg tudatos \u00e9nj\u00e9ben er\u0151s gyermek ut\u00e1ni v\u00e1gy van, a tudatalattij\u00e1ban ugyanakkor a terhess\u00e9get elutas\u00edt\u00f3, a pete\u00e9r\u00e9st vagy a terhess\u00e9g befogad\u00e1s\u00e1t g\u00e1tl\u00f3 program aktiv\u00e1l\u00f3dik, \u00e9s a tapasztalatok szerint, az esetek d\u00f6nt\u0151 t\u00f6bbs\u00e9g\u00e9ben ez ut\u00f3bbi a domin\u00e1ns. <strong><span style=\"color: #0000ff;\">\u00c9ppen ez\u00e9rt a pete\u00e9r\u00e9s indukci\u00f3s programja n\u00e1lunk minden esetben a p\u00e1r pszich\u00e9s kivizsg\u00e1l\u00e1s\u00e1val, \u00e9s sz\u00fcks\u00e9g szerinti pszichoter\u00e1pi\u00e1j\u00e1val kezd\u0151dik.<\/span><\/strong><\/p>\n<p><img loading=\"lazy\" class=\"alignleft size-full wp-image-878\" src=\"http:\/\/magnetovitalrendelo.hu\/rendelo\/wp-content\/uploads\/sites\/4\/2013\/02\/medosseg-8.jpg\" alt=\"medosseg-8\" width=\"250\" height=\"167\" \/>A k\u00f6vetkez\u0151 l\u00e9p\u00e9s a <strong>partner kivizsg\u00e1l\u00e1sa<\/strong>. Erre el\u0151zetes megbesz\u00e9l\u00e9s alapj\u00e1n az Urol\u00f3giai Klinika androl\u00f3giai szakrendel\u00e9s\u00e9n, vagy megadott mag\u00e1nrendel\u00e9sen fog sor ker\u00fclni. Amennyiben sz\u00fcks\u00e9ges, itt fogj\u00e1k elv\u00e9gezni az un. postcoital tesztet (PCT), melynek sor\u00e1n k\u00f6z\u00f6s\u00fcl\u00e9st k\u00f6vet\u0151en vizsg\u00e1lj\u00e1k meg a partnernek a h\u00fcvelyboltozatb\u00f3l \u00e9s a m\u00e9h nyakcsatorn\u00e1j\u00e1b\u00f3l lesz\u00edvott spermiumok min\u0151s\u00e9g\u00e9t \u00e9s mozg\u00e1sk\u00e9pess\u00e9g\u00e9t. Ugyancsak itt fog sor ker\u00fclni sz\u00fcks\u00e9g eset\u00e9n az un. biok\u00e9miai vizsg\u00e1latokra is, melynek c\u00e9lja annak meg\u00e1llap\u00edt\u00e1sa, hogy van-e \u00f6sszef\u00e9rhetetlens\u00e9g a nyakcsatorna v\u00e1lad\u00e9ka \u00e9s a partner spermiumai k\u00f6z\u00f6tt.<\/p>\n<p>Az androl\u00f3giai vizsg\u00e1lat eredm\u00e9ny\u00e9t\u0151l f\u00fcgg\u0151en, ha erre a javaslat megt\u00f6rt\u00e9nik \u00e9s mindk\u00e9t partner beleegyezik, sor ker\u00fclhet <strong><span style=\"color: #0000ff;\">mesters\u00e9ges megterm\u00e9keny\u00edt\u00e9s<\/span><\/strong>re, egyszer\u0171bb esetben a partner ond\u00f3j\u00e1val, bizonyos esetekben idegen spermiumokkal. Ehhez mindkett\u0151j\u00fck \u00edr\u00e1sos k\u00e9relm\u00e9re sz\u00fcks\u00e9g lesz. Az idegen sperm\u00e1t egy \u00d6n\u00f6k \u00e1ltal semmilyen k\u00f6r\u00fclm\u00e9nyek k\u00f6z\u00f6tt meg nem ismerhet\u0151, kivizsg\u00e1lt eg\u00e9szs\u00e9ges fiatalembert\u0151l nyerik. A megterm\u00e9keny\u00edt\u00e9s olyan m\u00f3don t\u00f6rt\u00e9nik, hogy egy v\u00e9kony szond\u00e1n \u00e1t direkt a m\u00e9h\u0171rbe fecskendezz\u00fck a spermiumokat a t\u00fcsz\u0151reped\u00e9s idej\u00e9n egy ciklusban k\u00e9t alkalommal. Idegen sperm\u00e1val val\u00f3 megterm\u00e9keny\u00edt\u00e9s a jelenlegi jogszab\u00e1lyok szerint csak h\u00e1zass\u00e1gban \u00e9l\u0151 szem\u00e9lyek eset\u00e9n t\u00f6rt\u00e9nhet.<\/p>\n<p>Amennyiben ezek a vizsg\u00e1la<img loading=\"lazy\" class=\"size-full wp-image-895 alignright\" src=\"http:\/\/magnetovitalrendelo.hu\/rendelo\/wp-content\/uploads\/sites\/4\/2013\/02\/medosseg-9.jpg\" alt=\"medosseg-9\" width=\"264\" height=\"200\" \/>tok mind negat\u00edv eredm\u00e9nyt adtak, \u00fagy <strong>\u00e1tj\u00e1rhat\u00f3s\u00e1gi vizsg\u00e1latra<\/strong> ker\u00fcl sor. Ennek sor\u00e1n inform\u00e1ci\u00f3t nyerhet\u00fcnk arra vonatkoz\u00f3lag, hogy petevezet\u0151i \u00e1tj\u00e1rhat\u00f3ak-e. A vizsg\u00e1lat altat\u00e1sban t\u00f6rt\u00e9nik oly m\u00f3don, hogy a m\u00e9h\u0171rbe egy speci\u00e1lis kat\u00e9ter seg\u00edts\u00e9g\u00e9vel egy az eg\u00e9szs\u00e9gre \u00e1rtalmatlan fest\u00e9kanyagot fecskendez\u00fcnk, mely ha a petevezet\u0151k \u00e1tj\u00e1rhat\u00f3ak, azokon \u00e1t a has\u00fcregbe jut. Err\u0151l \u00fagy tudunk meggy\u0151z\u0151dni, hogy a h\u00fcvelyboltozatba egy t\u0171t sz\u00farunk \u00e9s azon \u00e1t a has\u00fcregbe jutott fest\u00e9kanyagot visszasz\u00edvjuk. Akad\u00e1lyozotts\u00e1g eset\u00e9n a fest\u00e9kanyag a h\u00fcvelybe visszacsorog.<\/p>\n<p><img loading=\"lazy\" class=\"size-full wp-image-508 alignleft\" src=\"http:\/\/magnetovitalrendelo.hu\/rendelo\/wp-content\/uploads\/sites\/4\/2013\/02\/meddoseg-3.jpg\" alt=\"meddoseg-3\" width=\"230\" height=\"230\" srcset=\"http:\/\/magnetovitalrendelo.hu\/rendelo\/wp-content\/uploads\/sites\/4\/2013\/02\/meddoseg-3.jpg 295w, http:\/\/magnetovitalrendelo.hu\/rendelo\/wp-content\/uploads\/sites\/4\/2013\/02\/meddoseg-3-150x150.jpg 150w\" sizes=\"(max-width: 230px) 100vw, 230px\" \/><\/p>\n<p>Sz\u0171k\u00fclet vagy \u00e1tj\u00e1rhatatlans\u00e1gi akad\u00e1ly eset\u00e9n az elv\u00e1ltoz\u00e1s hely\u00e9re \u00e9s m\u00e9rt\u00e9k\u00e9re vonatkoz\u00f3lag nem fogunk felvil\u00e1gos\u00edt\u00e1st kapni. Ehhez vagy egy sokkal vesz\u00e9lytelenebb, de kev\u00e9sb\u00e9 informat\u00edv speci\u00e1lis ultrahangos- \/<strong>HyCoSy<\/strong>\/, vagy r\u00f6ntgenkontrasztanyagos vizsg\u00e1latra \/<strong>HSG<\/strong>\/ van sz\u00fcks\u00e9g. A vizsg\u00e1lat sor\u00e1n a h\u00fcvely fel\u0151l kontrasztanyagot fecskendez\u00fcnk a m\u00e9hnyakon \u00e1t a m\u00e9h\u0171r\u00f6n kereszt\u00fcl a petevezet\u00e9kekbe, \u00e9s ultrahangos, vagy rtg-k\u00e9perny\u0151n vizsg\u00e1ljuk az anyag \u00e1tjut\u00e1s\u00e1t a has\u00fcregbe.<\/p>\n<p><strong>Ezzel a m\u00f3dszerrel pontosan behat\u00e1rolhat\u00f3 az is, hogy a sz\u0171k\u00fclet vagy az elz\u00e1r\u00f3d\u00e1s pontosan hol tal\u00e1lhat\u00f3, \u00e9s hogy m\u0171t\u00e9ti megold\u00e1sra van-e es\u00e9ly.<\/strong><\/p>\n<p>\u00c1tj\u00e1rhatatlans\u00e1g eset\u00e9n bizonyos esetekben lehet\u0151s\u00e9g van az \u00e1tj\u00e1rhat\u00f3s\u00e1g m\u0171t\u00e9ti megold\u00e1s\u00e1ra, azonban sajnos vannak esetek, amikor m\u00e9g egy esetleges m\u0171t\u00e9tt\u0151l sem v\u00e1rhatunk eredm\u00e9nyt. Ma m\u00e1r leggyakrabban laparoszk\u00f3pos m\u0171t\u00e9t sor\u00e1n fecskendezik be a fest\u00e9kanyagot, \u00e9s figyelik annak a has\u00fcregben val\u00f3 megjelen\u00e9s\u00e9t.<\/p>\n<p><img loading=\"lazy\" class=\"aligncenter wp-image-509\" src=\"http:\/\/magnetovitalrendelo.hu\/rendelo\/wp-content\/uploads\/sites\/4\/2013\/02\/meddoseg-4.jpg\" alt=\"meddoseg-4\" width=\"600\" height=\"521\" srcset=\"http:\/\/magnetovitalrendelo.hu\/rendelo\/wp-content\/uploads\/sites\/4\/2013\/02\/meddoseg-4.jpg 364w, http:\/\/magnetovitalrendelo.hu\/rendelo\/wp-content\/uploads\/sites\/4\/2013\/02\/meddoseg-4-300x260.jpg 300w\" sizes=\"(max-width: 600px) 100vw, 600px\" \/><\/p>\n<p>Ugyan\u00edgy lehet\u0151s\u00e9g van a m\u00e9h\u0171r megtekint\u00e9s\u00e9re \u00e9s az esetleg ott elhelyezked\u0151 rendelleness\u00e9gek m\u0171t\u00e9ti megold\u00e1s\u00e1ra.<\/p>\n<p><img loading=\"lazy\" class=\"alignnone wp-image-510\" src=\"http:\/\/magnetovitalrendelo.hu\/rendelo\/wp-content\/uploads\/sites\/4\/2013\/02\/meddoseg-5.jpg\" alt=\"meddoseg-5\" width=\"398\" height=\"260\" srcset=\"http:\/\/magnetovitalrendelo.hu\/rendelo\/wp-content\/uploads\/sites\/4\/2013\/02\/meddoseg-5.jpg 314w, http:\/\/magnetovitalrendelo.hu\/rendelo\/wp-content\/uploads\/sites\/4\/2013\/02\/meddoseg-5-300x195.jpg 300w\" sizes=\"(max-width: 398px) 100vw, 398px\" \/><img loading=\"lazy\" class=\"alignnone  wp-image-511\" src=\"http:\/\/magnetovitalrendelo.hu\/rendelo\/wp-content\/uploads\/sites\/4\/2013\/02\/meddoseg-6.jpg\" alt=\"meddoseg-6\" width=\"258\" height=\"260\" srcset=\"http:\/\/magnetovitalrendelo.hu\/rendelo\/wp-content\/uploads\/sites\/4\/2013\/02\/meddoseg-6.jpg 277w, http:\/\/magnetovitalrendelo.hu\/rendelo\/wp-content\/uploads\/sites\/4\/2013\/02\/meddoseg-6-150x150.jpg 150w\" sizes=\"(max-width: 258px) 100vw, 258px\" \/><\/p>\n<p>Elz\u00e1r\u00f3d\u00e1s eset\u00e9n k\u00eds\u00e9rletet lehet tenni a petevezet\u00e9kek has\u00fcreg fel\u0151li elz\u00e1r\u00f3d\u00e1s\u00e1nak az old\u00e1s\u00e1ra, azonban a petevezet\u00e9kek m\u00e9h fel\u0151li oldal elz\u00e1rts\u00e1ga eset\u00e9n sajnos nincs lehet\u0151s\u00e9g erre.<\/p>\n<p>Ilyen esetekben nyerhet \u00d6n felv\u00e9telt az un. <strong><span style=\"color: #0000ff;\">\u201clombikb\u00e9bi programba\u201d<\/span><\/strong>, melynek sor\u00e1n a petef\u00e9szekb\u0151l lesz\u00edvott \u00e9rett petesejteket a szervezeten k\u00edv\u00fcl term\u00e9keny\u00edtik meg \u00e9s juttatj\u00e1k vissza a m\u00e9h\u0171rbe.<\/p>\n<h3><span style=\"color: #3366ff;\">A medd\u0151s\u00e9g megk\u00f6zel\u00edt\u00e9se \u00e1ltalam:<\/span><\/h3>\n<p>Egyre t\u00f6bb vizsg\u00e1lat jelzi, hogy <span style=\"color: #0000ff;\"><strong>sokszor a medd\u0151s\u00e9g h\u00e1tter\u00e9ben emocion\u00e1lis stressz \u00e9s depresszi\u00f3 \u00e1ll<\/strong><\/span>. Egyr\u00e9szt a depresszi\u00f3nak komoly kock\u00e1zata a medd\u0151s\u00e9g (akinek depresszi\u00f3s t\u00fcnetei voltak m\u00e1r \u00e9let\u00e9ben, az k\u00e9tszer val\u00f3sz\u00edn\u0171bben v\u00e1lik medd\u0151v\u00e9), m\u00e1sr\u00e9szt tapasztalatok szerint a medd\u0151 n\u0151k kb. egy \u00e9vi sikertelen kezel\u00e9s ut\u00e1n nagy ar\u00e1nyban v\u00e1lnak depresszi\u00f3sakk\u00e1, ami \u00edgy tov\u00e1bb rontja es\u00e9ly\u00fcket a medd\u0151s\u00e9g\u00fck kezel\u00e9s\u00e9ben. T\u00f6bb olyan vizsg\u00e1lat ismert, amelyben mesters\u00e9ges megterm\u00e9keny\u00edt\u00e9si programban r\u00e9szt vett n\u0151ket vizsg\u00e1ltak, s a vizsg\u00e1latoknak egybecseng\u0151 a v\u00e9gk\u00f6vetkeztet\u00e9se: a programban a depresszi\u00f3s n\u0151k sokkal kisebb ar\u00e1nyban esnek teherbe, mint a nem depresszi\u00f3sok.<\/p>\n<p><strong>Logikusnak t\u0171nhet, hogy ha siker\u00fcl a depresszi\u00f3t, szorong\u00e1st pszichoter\u00e1pi\u00e1s m\u00f3dszerekkel cs\u00f6kkenteni, akkor javulnia kell a teherbees\u00e9si ar\u00e1nynak.<\/strong><\/p>\n<p>S\u00falyos depresszi\u00f3val k\u00fczd\u0151 medd\u0151 n\u0151ket v\u00e9letlenszer\u0171en k\u00e9t csoportra osztottak, s az egyik csoport 10 \u00fcl\u00e9ses pszichoter\u00e1pi\u00e1ban r\u00e9szes\u00fclt, m\u00edg a m\u00e1sik csoport nem kapott ilyen kezel\u00e9st. A kezelt csoportban hat h\u00f3napon bel\u00fcl a n\u0151k <span style=\"color: #ff0000;\"><strong>60%-a<\/strong><\/span> (!) teherbe esett \u00e9s azt sikeresen ki is hordta, m\u00edg a m\u00e1sik csoportban a n\u0151k <span style=\"color: #993300;\"><strong>24%-a<\/strong><\/span> esett csup\u00e1n teherbe.<\/p>\n<p>Egy vizsg\u00e1latban medd\u0151 n\u0151ket r\u00f6vid, stresszcs\u00f6kkent\u0151 csoport pszichoter\u00e1pi\u00e1ban r\u00e9szes\u00edtettek, s a n\u0151k <strong>34%<\/strong>-a az ezt k\u00f6vet\u0151 hat h\u00f3napon bel\u00fcl teherbe esett.<\/p>\n<p>Egy m\u00e1sik vizsg\u00e1latban medd\u0151 n\u0151k t\u00edz\u00fcl\u00e9ses csoport pszichoter\u00e1pi\u00e1ban vettek r\u00e9szt, s azt tal\u00e1lt\u00e1k, hogy akik magas stressz-szinttel voltak jellemezhet\u0151k a ter\u00e1pia indul\u00e1sakor, sokkal nagyobb ar\u00e1nyban estek teherbe a ter\u00e1pi\u00e1t k\u00f6vet\u0151en. <strong>Feltehet\u0151 teh\u00e1t, hogy a magas stressz-szint\u0171ekn\u00e9l a stressz volt a medd\u0151s\u00e9g f\u0151 oka.<\/strong> Hogy sokszor m\u00e1r a probl\u00e9m\u00e1r\u00f3l val\u00f3 egyetlen besz\u00e9lget\u00e9s is hat\u00e1sos lehet, p\u00e9lda erre az a vizsg\u00e1lat, amelyben medd\u0151s\u00e9ggel kezelt n\u0151ket osztottak k\u00e9t csoportra: az egyik csoporttal n\u00e9gyszemk\u00f6zti egyszeri besz\u00e9lget\u00e9st folytatott egy pszichoterapeuta, a m\u00e1sik csoporttal nem t\u00f6rt\u00e9nt besz\u00e9lget\u00e9s. 18 h\u00f3nappal k\u00e9s\u0151bb a meginterj\u00favolt csoport <span style=\"color: #ff0000;\"><strong>60%-a<\/strong> <\/span>teherbe esett, m\u00edg a m\u00e1sik csoportban ez az ar\u00e1ny <span style=\"color: #993300;\"><strong>10%-os<\/strong><\/span> volt.<\/p>\n<p>Egy vizsg\u00e1latban legal\u00e1bb k\u00e9t \u00e9ve sikertelen\u00fcl pr\u00f3b\u00e1lkoz\u00f3 medd\u0151 n\u0151ket osztottak h\u00e1rom csoportba. Az egyik csoport 10 \u00fcl\u00e9ses akt\u00edv pszichoter\u00e1pi\u00e1ban r\u00e9szes\u00fclt, ahol pl. relax\u00e1ci\u00f3t tanultak, stb. A m\u00e1sodik csoport direkt pszichoter\u00e1pi\u00e1ban nem r\u00e9szes\u00fclt, csak rendszeresen \u00f6ssze-j\u00f6ttek, \u00e9s az aktu\u00e1lis probl\u00e9m\u00e1kat, orvosi kezel\u00e9seket, a medd\u0151s\u00e9g neh\u00e9zs\u00e9geit besz\u00e9lt\u00e9k meg. A harmadik csoport semmilyen pszichoter\u00e1pi\u00e1ban nem r\u00e9szes\u00fclt. Mindenkit arra k\u00e9rtek, hogy rendszeresen jegyezze fel, milyen medd\u0151s\u00e9g ellenes orvosi kezel\u00e9seken vesz r\u00e9szt. Egy \u00e9ven \u00e1t k\u00f6vett\u00e9k a n\u0151ket, \u00e9s a pszichoter\u00e1pi\u00e1s \u00e9s a besz\u00e9lget\u0151s csoportban <strong><span style=\"color: #ff0000;\">55<\/span> ill. <span style=\"color: #ff0000;\">54%-os<\/span><\/strong> ar\u00e1nyban j\u00f6tt l\u00e9tre kihordhat\u00f3 terhess\u00e9g, m\u00edg a harmadik csoportban csak <span style=\"color: #993300;\"><strong>20%- os<\/strong><\/span> volt ez az ar\u00e1ny. <span style=\"color: #ff0000;\">Ami igaz\u00e1n meglep\u0151 volt, hogy a teherbees\u00e9sek egyik csoportban sem mutattak semmif\u00e9le kapcsolatot azzal, hogy r\u00e9szes\u00fclt-e medd\u0151s\u00e9g elleni orvosi kezel\u00e9sben a n\u0151, vagy sem.<\/span><\/p>\n<p><strong><span style=\"color: #ff0000;\">Ez az utols\u00f3nak id\u00e9zett vizsg\u00e1lat felveti azt a lehet\u0151s\u00e9get is, hogy a medd\u0151s\u00e9g elleni orvosi kezel\u00e9sek sikere sokszor <span style=\"text-decoration: underline;\">olyan pszich\u00e9s t\u00e9nyez\u0151k\u00f6n m\u00falik, aminek sem a p\u00e1ciens sem az orvos nincsen tudat\u00e1ban<\/span>.<\/span><\/strong><\/p>\n<h3><span style=\"color: #3366ff;\">Akkor most mindenki menjen pszichol\u00f3gushoz?<\/span><\/h3>\n<p><strong><img loading=\"lazy\" class=\"alignright size-full wp-image-1136\" src=\"http:\/\/magnetovitalrendelo.hu\/rendelo\/wp-content\/uploads\/sites\/4\/2013\/02\/medosseg-11.jpg\" alt=\"medosseg-11\" width=\"200\" height=\"150\" \/>A mi felfog\u00e1sunk szerint <span style=\"color: #ff0000;\">igen<\/span>, illetve <span style=\"text-decoration: underline;\"><span style=\"color: #ff0000; text-decoration: underline;\">a gyorsabb eredm\u00e9ny \u00e9rdek\u00e9ben kineziol\u00f3gushoz vagy \u00c9FT-terapeut\u00e1hoz<\/span><\/span>.<\/strong><\/p>\n<p>A medd\u0151s\u00e9gnek sok oka lehet. Azonban \u00f6nmag\u00e1ban az egyik ok megl\u00e9te nem z\u00e1rja ki a m\u00e1sikat. Vagyis, ha valakinek igazoltan tubasz\u0171k\u00fclet okozza a medd\u0151s\u00e9g\u00e9t, att\u00f3l m\u00e9g lehet depresszi\u00f3s is &#8211; tal\u00e1n \u00e9ppen az \u00e9vek \u00f3ta tart\u00f3 v\u00e1rakoz\u00e1s miatt. A mai mindennapi orvosl\u00e1shoz lassan jutnak el a mai orvosi kutat\u00e1sok eredm\u00e9nyei. <strong>A mindennapi orvosl\u00e1s hadil\u00e1bon \u00e1ll a pszichol\u00f3gi\u00e1val, s ennek els\u0151sorban a p\u00e1ciensek, jelen esetben a medd\u0151 n\u0151k viselik k\u00f6vetkezm\u00e9nyeit.<\/strong> Egy gyenge h\u00e1zass\u00e1g, egy p\u00e1lyat\u00e9veszt\u00e9s, egy fel nem dolgozott trauma, hal\u00e1leset mind eredm\u00e9nyezhet n\u00e9ma depresszi\u00f3t, amit az emberek megszoknak, egy\u00fctt \u00e9lnek vele, csak s\u00f6t\u00e9ten l\u00e1tj\u00e1k egy kicsit a vil\u00e1got. \u00c9s esetleg emiatt is, k\u00f6nnyebben t\u00f6r\u0151dnek bele abba, hogy \u00e9ppen \u0151k azok, akiknek m\u00e9g gyerek\u00fck sem lehet.<\/p>\n<p><strong><span style=\"color: #3366ff;\">Fel kell hogy h\u00edvjam a figyelm\u00e9t arra, hogy a medd\u0151s\u00e9gi kezel\u00e9s eredm\u00e9nyek\u00e9nt l\u00e9trej\u00f6v\u0151 terhess\u00e9gekre az \u00e1tlagosn\u00e1l t\u00f6bb vesz\u00e9ly leselkedik, ez\u00e9rt a terhess\u00e9g l\u00e9trej\u00f6tte csak &#8220;csatanyer\u00e9st&#8221; jelent, <span style=\"text-decoration: underline;\">a &#8220;h\u00e1bor\u00fat&#8221; csak akkor nyilv\u00e1n\u00edthatjuk megnyertnek, ha \u00d6n m\u00e1r kiviselte a terhess\u00e9g\u00e9t \u00e9s egy eg\u00e9szs\u00e9ges gyermeket sz\u00fclt<\/span>.<\/span><\/strong><\/p>\n<div class=\"printfriendly pf-button \"><a href=\"http:\/\/magnetovitalrendelo.hu\/rendelo\/szolgaltatasaink-2\/a-meddoseg-es-kivizsgalasa\/?pfstyle=wp\" rel=\"nofollow\"  title=\"Printer Friendly, PDF & Email\"><img src=\"http:\/\/magnetovitalrendelo.hu\/k\/pf-button-both.gif\" alt=\"Print Friendly, PDF & Email\" class=\"pf-button-img\" style=\"\"  \/><\/a><\/div>\n<p style=\"text-align: center;\"><a class=\"scss3b-button scss3b-button-googleplus\" href=\"http:\/\/magnetovitalrendelo.hu\/rendelo\/szakmai-kerdes\/\">Van szem\u00e9lyes k\u00e9rd\u00e9se? Itt f\u00f6lteheti! <\/a><\/p>\n","protected":false},"excerpt":{"rendered":"<p>Medd\u0151s\u00e9gr\u0151l akkor besz\u00e9l\u00fcnk, ha egy h\u00e1zass\u00e1gban vagy kapcsolatban k\u00e9t \u00e9vi rendszeres v\u00e9dekez\u00e9s n\u00e9lk\u00fcli nemi \u00e9letet k\u00f6vet\u0151en sem j\u00f6n l\u00e9tre terhess\u00e9g. A kivizsg\u00e1l\u00e1st 1 \u00e9ven bel\u00fcl csak igen indokolt esetben kezdj\u00fck meg, az kiz\u00e1r\u00e1sos alapon t\u00f6rt\u00e9nik, el\u0151sz\u00f6r minden esetben a teljesen vesz\u00e9lytelen vizsg\u00e1latok t\u00f6rt\u00e9nnek meg, ezek eredm\u00e9nytelens\u00e9ge eset\u00e9n fokozatosan l\u00e9p\u00fcnk tov\u00e1bb az olyan vizsg\u00e1latok fel\u00e9, melyek [&hellip;]<\/p>\n","protected":false},"author":1,"featured_media":0,"parent":14,"menu_order":0,"comment_status":"closed","ping_status":"closed","template":"","meta":{"_mi_skip_tracking":false},"_links":{"self":[{"href":"http:\/\/magnetovitalrendelo.hu\/rendelo\/wp-json\/wp\/v2\/pages\/151"}],"collection":[{"href":"http:\/\/magnetovitalrendelo.hu\/rendelo\/wp-json\/wp\/v2\/pages"}],"about":[{"href":"http:\/\/magnetovitalrendelo.hu\/rendelo\/wp-json\/wp\/v2\/types\/page"}],"author":[{"embeddable":true,"href":"http:\/\/magnetovitalrendelo.hu\/rendelo\/wp-json\/wp\/v2\/users\/1"}],"replies":[{"embeddable":true,"href":"http:\/\/magnetovitalrendelo.hu\/rendelo\/wp-json\/wp\/v2\/comments?post=151"}],"version-history":[{"count":4,"href":"http:\/\/magnetovitalrendelo.hu\/rendelo\/wp-json\/wp\/v2\/pages\/151\/revisions"}],"predecessor-version":[{"id":1488,"href":"http:\/\/magnetovitalrendelo.hu\/rendelo\/wp-json\/wp\/v2\/pages\/151\/revisions\/1488"}],"up":[{"embeddable":true,"href":"http:\/\/magnetovitalrendelo.hu\/rendelo\/wp-json\/wp\/v2\/pages\/14"}],"wp:attachment":[{"href":"http:\/\/magnetovitalrendelo.hu\/rendelo\/wp-json\/wp\/v2\/media?parent=151"}],"curies":[{"name":"wp","href":"https:\/\/api.w.org\/{rel}","templated":true}]}}