{"id":131,"date":"2013-02-19T18:56:13","date_gmt":"2013-02-19T17:56:13","guid":{"rendered":"http:\/\/magnetovitalrendelo.hu\/rendelo\/?page_id=131"},"modified":"2015-07-29T09:26:47","modified_gmt":"2015-07-29T07:26:47","slug":"az-agytrener-teszt-es-a-kezeles-kivitelezese","status":"publish","type":"page","link":"http:\/\/magnetovitalrendelo.hu\/rendelo\/szolgaltatasaink-2\/agytrener-kezeles\/az-agytrener-teszt-es-a-kezeles-kivitelezese\/","title":{"rendered":"Az agytr\u00e9ner-teszt \u00e9s a kezel\u00e9s kivitelez\u00e9se"},"content":{"rendered":"<div class=\"printfriendly pf-button \"><a href=\"http:\/\/magnetovitalrendelo.hu\/rendelo\/szolgaltatasaink-2\/agytrener-kezeles\/az-agytrener-teszt-es-a-kezeles-kivitelezese\/?pfstyle=wp\" rel=\"nofollow\"  title=\"Printer Friendly, PDF & Email\"><img src=\"http:\/\/magnetovitalrendelo.hu\/k\/pf-button-both.gif\" alt=\"Print Friendly, PDF & Email\" class=\"pf-button-img\" style=\"\"  \/><\/a><\/div>\n<blockquote>\n<p style=\"text-align: right;\"><span style=\"color: #800080;\"><img loading=\"lazy\" class=\"alignright size-full wp-image-568\" src=\"http:\/\/magnetovitalrendelo.hu\/rendelo\/wp-content\/uploads\/sites\/4\/2013\/02\/emile_coue.jpg\" alt=\"emile_coue\" width=\"110\" height=\"150\" \/>\u201eSoha nem gy\u00f3gy\u00edtottam meg senkit, csak megtan\u00edtottam \u0151ket arra, hogy mik\u00e9nt gy\u00f3gy\u00edts\u00e1k meg \u00f6nmagukat.\u201d<\/span> &#8211; <strong>\u00c9mile Cou\u00e9<\/strong> (1920)<\/p>\n<\/blockquote>\n<p><span style=\"color: #0000ff;\"><strong>Az agytr\u00e9ning<\/strong><\/span><\/p>\n<p>Nyugalmi helyzetben, ingerszeg\u00e9ny k\u00f6rnyezetben zajlik, rendszerint fekv\u0151 testhelyzetben. Az alkalmaz\u00f3 szem\u00e9n s\u00f6t\u00e9t, \u00e1tl\u00e1tszatlan szem\u00fcveg van, melynek bels\u0151 r\u00e9sz\u00e9ben speci\u00e1lis, kor\u00e1bban csak a haditechnik\u00e1ban alkalmazott f\u00e9nyforr\u00e1sok villognak. A fej\u00e9n f\u00fclhallgat\u00f3 van, melyb\u0151l a f\u00e9nyeffektusokhoz hasonl\u00f3an, a k\u00e9sz\u00fcl\u00e9kben l\u00e9v\u0151 mini-komputer \u00e1ltal vez\u00e9relt frekvenci\u00e1j\u00fa hanghull\u00e1mok \u00e1ramlanak az agyi receptorokba. A Comptronic Devices Ltd. \u00e1ltal forgalmazott, \u00e9s jelenleg a vil\u00e1gon egyed\u00fcl\u00e1ll\u00f3 Omniscreen Tru-Vu szem\u00fcveg lehet\u0151v\u00e9 teszi, hogy az agyat egy szemen bel\u00fcl, ak\u00e1r k\u00e9t l\u00e1t\u00f3t\u00e9rben is k\u00fcl\u00f6nb\u00f6z\u0151 frekvenci\u00e1kkal stimul\u00e1ljuk. A k\u00e9sz\u00fcl\u00e9k \u00e1ltal kiv\u00e1ltott hat\u00e1s els\u0151 megk\u00f6zel\u00edt\u00e9sben a medit\u00e1ci\u00f3hoz hasonl\u00edthat\u00f3, technik\u00e1ja azonban eg\u00e9szen m\u00e1s. A legf\u0151bb k\u00fcl\u00f6nbs\u00e9g az, hogy a tudati technol\u00f3gia medit\u00e1ci\u00f3s m\u00f3dszer\u00e9n\u00e9l nincsen sz\u00fcks\u00e9g hosszas tanul\u00e1sra \u00e9s a felhaszn\u00e1l\u00f3 akt\u00edv energi\u00e1j\u00e1ra, az alkalmaz\u00e1s hat\u00e1s\u00e1t nem befoly\u00e1solja az alkalmaz\u00f3 intelligenci\u00e1ja, m\u0171velts\u00e9ge \u00e9s aktu\u00e1lis koncentr\u00e1ci\u00f3s k\u00e9pess\u00e9ge. Az akt\u00edv energi\u00e1t a k\u00e9sz\u00fcl\u00e9k szolg\u00e1ltatja f\u00e9ny- \u00e9s hangingerek form\u00e1j\u00e1ban, melyek az aktu\u00e1lisan be\u00e1ll\u00edtott program \u00e1ltal vez\u00e9relve bizonyos kijel\u00f6lt agyter\u00fcleteknek &#8220;k\u00e9rd\u00e9seket&#8221; tesznek fel.<\/p>\n<p><img loading=\"lazy\" class=\"size-full wp-image-547 alignleft\" src=\"http:\/\/magnetovitalrendelo.hu\/rendelo\/wp-content\/uploads\/sites\/4\/2013\/02\/agytrener-teszt-1.jpg\" alt=\"agytrener-teszt-1\" width=\"300\" height=\"199\" srcset=\"http:\/\/magnetovitalrendelo.hu\/rendelo\/wp-content\/uploads\/sites\/4\/2013\/02\/agytrener-teszt-1.jpg 400w, http:\/\/magnetovitalrendelo.hu\/rendelo\/wp-content\/uploads\/sites\/4\/2013\/02\/agytrener-teszt-1-300x199.jpg 300w\" sizes=\"(max-width: 300px) 100vw, 300px\" \/><\/p>\n<p>A tesztvizsg\u00e1lat sor\u00e1n a kezel\u00e9st vezet\u0151 szem\u00e9ly az ezekre \u00e9rkez\u0151 agyi v\u00e1laszokat \u00e9rt\u00e9keli.<\/p>\n<p><span style=\"color: #000080;\"><strong>A norm\u00e1list\u00f3l elt\u00e9r\u0151 v\u00e1laszok eset\u00e9n a tr\u00e9ner \u00e1ltal el\u0151re meghat\u00e1rozott kezel\u0151-programsorok az agyat ism\u00e9t megtan\u00edtj\u00e1k a kor\u00e1bban m\u00e9g meglev\u0151, de aktu\u00e1lisan nem termel\u0151d\u0151 norm\u00e1l agyhull\u00e1mok l\u00e9trehoz\u00e1s\u00e1ra.<\/strong><\/span><\/p>\n<p>A k\u00e9sz\u00fcl\u00e9k tizedhertz pontoss\u00e1ggal k\u00e9pes a kijel\u00f6lt agyter\u00fcletekkel kommunik\u00e1lni, melynek hat\u00e1s\u00e1ra azok az \u00e1ltaluk kiv\u00e1lasztott biok\u00e9miai anyagokat ism\u00e9t a kell\u0151 mennyis\u00e9gben fogj\u00e1k termelni, megel\u0151zve vagy gy\u00f3gy\u00edtva ezzel a betegs\u00e9get, jav\u00edtva az \u00e9letmin\u0151s\u00e9get. <strong><span style=\"color: #000080;\">Ezzel a technik\u00e1val percek alatt, biztons\u00e1ggal \u00e9rhet\u0151 el az un. alfa-szint \/alfa-\u00e1llapot\/, m\u00edg a hagyom\u00e1nyos medit\u00e1ci\u00f3k vagy az agykontroll sor\u00e1n a medit\u00e1l\u00f3k egy r\u00e9sze h\u00f3napokig, \u00e9vekig nem lehet biztos abban, hogy el\u00e9rte azt a szintet, mely pihentet\u0151 \u00e9s regener\u00e1l\u00f3 hat\u00e1s\u00fa \u00e1llapotot jelent az agy sz\u00e1m\u00e1ra.<\/span><\/strong> A programok alatt l\u00e1tott sz\u00ednes \u00e1br\u00e1k, k\u00e9pek, jelenetsorok az ember &#8220;tudatalattij\u00e1nak&#8221; term\u00e9kei.<\/p>\n<p><strong><span style=\"color: #000080;\">A k\u00e9sz\u00fcl\u00e9k m\u00e1sik, d\u00f6nt\u0151en egyed\u00fcl\u00e1ll\u00f3 hat\u00e1sa abban mutatkozik meg, hogy \u00e1ltala \u00e9ber \u00e1llapotban \u00e9lhet\u0151 meg a t\u00e9ta-szint, \u00e9s a tudatalatti megnyit\u00e1sa r\u00e9v\u00e9n az ak\u00e1r \u00e9vekig \u201ecipelt\u201d probl\u00e9m\u00e1k is felhozhat\u00f3ak \u00e9s ez\u00e1ltal megoldhat\u00f3ak.<\/span> <\/strong>K\u00e9t agyf\u00e9ltek\u00e9nk nem m\u0171k\u00f6dik egyens\u00falyban, ma sokkal ink\u00e1bb a bal agyf\u00e9ltek\u00e9s \/racion\u00e1lis, analitikus\/ cselekv\u00e9sm\u00f3dok jellemz\u0151ek r\u00e1nk, melyek az eg\u00e9sz szervezetre kihat\u00e1ssal vannak. Bizonys\u00e1got nyert, hogy norm\u00e1l esetben a mindennapi \u00e9ber \u00e1llapotban a k\u00e9t agyf\u00e9ltek\u00e9nk a nap k\u00fcl\u00f6nb\u00f6z\u0151 id\u0151szakaiban egym\u00e1shoz k\u00e9pest v\u00e1ltoz\u00f3 aktivit\u00e1ssal m\u0171k\u00f6dik, azaz a dominanci\u00e1juk v\u00e1ltakozik. A norm\u00e1lis \u00e9letvitelhez mindk\u00e9t agyf\u00e9ltek\u00e9nk tev\u00e9kenys\u00e9g\u00e9re egyar\u00e1nt sz\u00fcks\u00e9g\u00fcnk van, a jelenlegi tapasztalatok szerint azonban \u00e1ltal\u00e1ban a jobb agyf\u00e9ltek\u00e9nket &#8220;elhanyagoljuk&#8221;. Bizonyos az is, hogy a ma m\u0171k\u00f6d\u0151 iskolarendszerek t\u00f6bbs\u00e9ge is sajnos erre &#8220;tan\u00edtja&#8221; meg az agyunkat. Az egyens\u00falyt tov\u00e1bb bontja \u00e9s \u00edgy rendk\u00edv\u00fcl negat\u00edvan hat r\u00e1nk \u00e9s rajtunk kereszt\u00fcl a k\u00f6rnyezet\u00fcnkre az a magas &#8220;fordulatsz\u00e1m&#8221;, mellyel \u00e9l\u00fcnk. A napk\u00f6zbeni magas, un. &#8220;b\u00e9t\u00e1s&#8221; \u00e1llapot, a napi &#8220;t\u00falp\u00f6rg\u00e9s&#8221; r\u00e1nyomja a b\u00e9lyeg\u00e9t a pihen\u00e9s\u00fcnkre, az alv\u00e1sunkra \u00e9s az eg\u00e9szs\u00e9g\u00fcnkre.<\/p>\n<p><img loading=\"lazy\" class=\"size-full wp-image-565 alignright\" src=\"http:\/\/magnetovitalrendelo.hu\/rendelo\/wp-content\/uploads\/sites\/4\/2013\/02\/agytrener-teszt-2.jpg\" alt=\"agytrener-teszt-2\" width=\"300\" height=\"300\" srcset=\"http:\/\/magnetovitalrendelo.hu\/rendelo\/wp-content\/uploads\/sites\/4\/2013\/02\/agytrener-teszt-2.jpg 500w, http:\/\/magnetovitalrendelo.hu\/rendelo\/wp-content\/uploads\/sites\/4\/2013\/02\/agytrener-teszt-2-150x150.jpg 150w, http:\/\/magnetovitalrendelo.hu\/rendelo\/wp-content\/uploads\/sites\/4\/2013\/02\/agytrener-teszt-2-300x300.jpg 300w\" sizes=\"(max-width: 300px) 100vw, 300px\" \/>Az \u00e1lland\u00f3 stresszben \u00e9l\u0151 ember a term\u00e9keny m\u00e9ly alfa \u00e1llapotot nehezen vagy nem \u00e9ri el, ebb\u0151l k\u00f6vetkez\u0151en a t\u00e9ta- \u00e9s az igen fontos delta \u00e1llapotot m\u00e1r gyakran nem k\u00e9pes \u00e1t\u00e9lni, \u00edgy teh\u00e1t az agya is k\u00e9ptelen az alv\u00e1s alatti feladatainak ell\u00e1t\u00e1s\u00e1ra, \u00edgy a szervezet regener\u00e1l\u00e1s\u00e1ra is. Az \u00edgy felhalmozott energiahi\u00e1ny negat\u00edvan hat, kezdetben csak a teljes\u00edtm\u00e9ny\u00fcnkre, a m\u00e1sokkal val\u00f3 viszonyunkra, a munkab\u00edr\u00e1sunkra, k\u00e9s\u0151bb azonban m\u00e1r a szervezet\u00fcnkre, az eg\u00e9szs\u00e9gi \u00e1llapotunkra is. A mindannyiunkat \u00e9r\u0151 k\u00e1ros \u00e9s k\u00f3ros hat\u00e1sokat teh\u00e1t megfelel\u0151 \u00e9letm\u00f3ddal, eg\u00e9szs\u00e9ges t\u00e1pl\u00e1lkoz\u00e1ssal, fizikai aktivit\u00e1ssal \u00e9s az agyunk megfelel\u0151 edz\u00e9s\u00e9vel kell ellens\u00falyoznunk. <strong><span style=\"color: #000080;\">Nem t\u00falz\u00e1s azt \u00e1ll\u00edtani, hogy nincsen olyan ember, akinek erre a m\u00f3dszerre valamilyen okb\u00f3l ne lenne sz\u00fcks\u00e9ge, mert a felhaszn\u00e1l\u00e1s a koncentr\u00e1ci\u00f3fokoz\u00e1st\u00f3l a megel\u0151z\u00e9sen \u00e1t eg\u00e9szen a gy\u00f3gy\u00edt\u00e1sig terjed.<\/span><\/strong> A m\u00f3dszer nem a gy\u00f3gyszereket p\u00f3tolja vagy k\u00fcsz\u00f6b\u00f6li ki, hanem azokat az \u00e1llapotokat kezeli, melyek el\u0151k\u00e9sz\u00edtik a talajt a betegs\u00e9gek kialakul\u00e1s\u00e1hoz.<\/p>\n<p><strong><span style=\"color: #000080;\">Az agy a tr\u00e9ning sor\u00e1n \u00fajratanulja az id\u0151k sor\u00e1n k\u00fcl\u00f6nb\u00f6z\u0151 okokb\u00f3l &#8220;elfelejtett&#8221;, vagy nem megfelel\u0151 id\u0151ben kibocs\u00e1tott agyhull\u00e1mok akt\u00edv birtokl\u00e1s\u00e1t, hat\u00e1sosan gy\u00f3gy\u00edtva ezzel az alv\u00e1sprobl\u00e9m\u00e1kat, a depresszi\u00f3t, a fejf\u00e1j\u00e1sokat, az un. pszichoszomatikus betegs\u00e9geket, mint amilyenek pl. a gyomor- b\u00e9lrendszeri, sz\u00edvritmus- \u00e9s veseprobl\u00e9m\u00e1k, szexu\u00e1lis zavarok stb.<\/span><\/strong><\/p>\n<p>A k\u00fcl\u00f6nb\u00f6z\u0151 pszich\u00e9s \u00e9s pszichoszomatikusnak tartott betegs\u00e9gekre fel\u00edrt gy\u00f3gyszerek is vegyi folyamatokon kereszt\u00fcl befoly\u00e1solj\u00e1k az agym\u0171k\u00f6d\u00e9st. Sajnos sokszor negat\u00edv ir\u00e1nyba, mert egyr\u00e9szt a gy\u00f3gyszerek szed\u00e9s\u00e9nek sz\u00fcks\u00e9gess\u00e9ge sokakn\u00e1l betegs\u00e9gtudatot gener\u00e1l, m\u00e1sr\u00e9szt az embert &#8220;gy\u00f3gyszerf\u00fcgg\u0151v\u00e9&#8221; teszi.<\/p>\n<p><strong><span style=\"color: #000080;\">Az audiovizu\u00e1lis stimul\u00e1ci\u00f3 ezzel ellent\u00e9tben bizonyos agyter\u00fcletek aktiv\u00e1ci\u00f3ja r\u00e9v\u00e9n ugyanezen anyagokat, mindenfajta k\u00e1ros mell\u00e9khat\u00e1s n\u00e9lk\u00fcl, term\u00e9szetes \u00faton hozza l\u00e9tre.<\/span><\/strong><\/p>\n<p>Amennyiben valamilyen t\u00fcnet miatt valaki kezel\u00e9sre szorul, \u00fagy heti 2-3 alkalommal kb. hathetes kezel\u00e9sre van sz\u00fcks\u00e9ge, mindig a tr\u00e9ner \u00e1ltal meghat\u00e1rozott, azonos &#8220;tr\u00e9ning\u201d-id\u0151ben. Az agynak kb. 3 h\u00e9tre van sz\u00fcks\u00e9ge, hogy a rossz beidegz\u0151d\u00e9seit &#8220;elfelejtse&#8221;, \u00e9s \u00fajabb 3 h\u00e9tre, hogy a helyes hull\u00e1mtev\u00e9kenys\u00e9get \u00fajra &#8220;megtanulja&#8221;.<\/p>\n<p><strong><span style=\"color: #000080;\">A kezel\u00e9st egy tesztvizsg\u00e1lat el\u0151zi meg, melynek sor\u00e1n felm\u00e9r\u00e9sre ker\u00fcl, hogy az ide\u00e1lis \u00e1llapott\u00f3l milyen hull\u00e1mtev\u00e9kenys\u00e9gben \u00e9s hol van elt\u00e9r\u00e9s. Mindezt a g\u00e9p seg\u00edts\u00e9g\u00e9vel a tudatalattib\u00f3l kell a felsz\u00ednre hozni, majd a feldolgoz\u00e1s ut\u00e1n oda m\u00e1r korrig\u00e1lva, illetve k\u00f6z\u00f6mb\u00f6s\u00edtve visszak\u00fcldeni.<\/span><\/strong><\/p>\n<p>Az \u00e1ltalunk haszn\u00e1lt \u00e9s aj\u00e1nlott f\u00e9ny-hang k\u00e9sz\u00fcl\u00e9kek tartalmaznak olyan programokat, melynek seg\u00edts\u00e9g\u00e9vel megsz\u0171ntetet\u0151k az alv\u00e1sprobl\u00e9m\u00e1k, \u00e9s ez\u00e1ltal a hat\u00e1sos \u00f6ngy\u00f3gy\u00edt\u00e1s is \u00fajraind\u00edthat\u00f3. \u00d6n k\u00e9pes lesz \u00fajra birtokolni a t\u00e9ta- \u00e9s a delta-agyhull\u00e1mokat, \u00e9s \u00f6r\u00f6mmel tapasztalhatja majd, hogy ism\u00e9t eml\u00e9kszik az \u00e1lmaira, ak\u00e1rcsak kisgyermekkor\u00e1ban.<\/p>\n<p><strong><span style=\"color: #ff0000;\">\u00c1rtalmas hat\u00e1sa nem ismert, m\u00e1sokhoz hasonl\u00f3an \u00d6n is csak nyerhet vele!<\/span><\/strong><\/p>\n<p><strong><span style=\"color: #ff0000;\">Pr\u00f3b\u00e1lja ki \u00e9s alkalmazza!<\/span><\/strong><\/p>\n<div class=\"printfriendly pf-button \"><a href=\"http:\/\/magnetovitalrendelo.hu\/rendelo\/szolgaltatasaink-2\/agytrener-kezeles\/az-agytrener-teszt-es-a-kezeles-kivitelezese\/?pfstyle=wp\" rel=\"nofollow\"  title=\"Printer Friendly, PDF & Email\"><img src=\"http:\/\/magnetovitalrendelo.hu\/k\/pf-button-both.gif\" alt=\"Print Friendly, PDF & Email\" class=\"pf-button-img\" style=\"\"  \/><\/a><\/div>\n","protected":false},"excerpt":{"rendered":"<p>\u201eSoha nem gy\u00f3gy\u00edtottam meg senkit, csak megtan\u00edtottam \u0151ket arra, hogy mik\u00e9nt gy\u00f3gy\u00edts\u00e1k meg \u00f6nmagukat.\u201d &#8211; \u00c9mile Cou\u00e9 (1920) Az agytr\u00e9ning Nyugalmi helyzetben, ingerszeg\u00e9ny k\u00f6rnyezetben zajlik, rendszerint fekv\u0151 testhelyzetben. Az alkalmaz\u00f3 szem\u00e9n s\u00f6t\u00e9t, \u00e1tl\u00e1tszatlan szem\u00fcveg van, melynek bels\u0151 r\u00e9sz\u00e9ben speci\u00e1lis, kor\u00e1bban csak a haditechnik\u00e1ban alkalmazott f\u00e9nyforr\u00e1sok villognak. A fej\u00e9n f\u00fclhallgat\u00f3 van, melyb\u0151l a f\u00e9nyeffektusokhoz hasonl\u00f3an, a [&hellip;]<\/p>\n","protected":false},"author":1,"featured_media":0,"parent":32,"menu_order":0,"comment_status":"closed","ping_status":"closed","template":"","meta":{"_mi_skip_tracking":false},"_links":{"self":[{"href":"http:\/\/magnetovitalrendelo.hu\/rendelo\/wp-json\/wp\/v2\/pages\/131"}],"collection":[{"href":"http:\/\/magnetovitalrendelo.hu\/rendelo\/wp-json\/wp\/v2\/pages"}],"about":[{"href":"http:\/\/magnetovitalrendelo.hu\/rendelo\/wp-json\/wp\/v2\/types\/page"}],"author":[{"embeddable":true,"href":"http:\/\/magnetovitalrendelo.hu\/rendelo\/wp-json\/wp\/v2\/users\/1"}],"replies":[{"embeddable":true,"href":"http:\/\/magnetovitalrendelo.hu\/rendelo\/wp-json\/wp\/v2\/comments?post=131"}],"version-history":[{"count":1,"href":"http:\/\/magnetovitalrendelo.hu\/rendelo\/wp-json\/wp\/v2\/pages\/131\/revisions"}],"predecessor-version":[{"id":1370,"href":"http:\/\/magnetovitalrendelo.hu\/rendelo\/wp-json\/wp\/v2\/pages\/131\/revisions\/1370"}],"up":[{"embeddable":true,"href":"http:\/\/magnetovitalrendelo.hu\/rendelo\/wp-json\/wp\/v2\/pages\/32"}],"wp:attachment":[{"href":"http:\/\/magnetovitalrendelo.hu\/rendelo\/wp-json\/wp\/v2\/media?parent=131"}],"curies":[{"name":"wp","href":"https:\/\/api.w.org\/{rel}","templated":true}]}}