{"id":2,"date":"2013-02-19T14:22:48","date_gmt":"2013-02-19T14:22:48","guid":{"rendered":"http:\/\/magnetovitalrendelo.hu\/drhamvasferenc\/?page_id=2"},"modified":"2014-12-15T09:40:34","modified_gmt":"2014-12-15T08:40:34","slug":"bemutatkozas","status":"publish","type":"page","link":"http:\/\/magnetovitalrendelo.hu\/drhamvasferenc\/","title":{"rendered":"Bemutatkoz\u00e1s"},"content":{"rendered":"<blockquote>\n<p style=\"text-align: right;\"><span style=\"color: #800080;\">\u201eMiut\u00e1n a pillang\u00f3 m\u00e1r sz\u00e1rnyat bontott, soha t\u00f6bbet nem v\u00e1ltozhat vissza herny\u00f3v\u00e1.\u201d<\/span> &#8211; <strong>C. Wilson<\/strong><\/p>\n<\/blockquote>\n<p><strong><img loading=\"lazy\" class=\"alignright size-full wp-image-53\" src=\"http:\/\/magnetovitalrendelo.hu\/drhamvasferenc\/wp-content\/uploads\/sites\/2\/2013\/02\/dr_hamvas_ferenc_sote.jpg\" alt=\"dr_hamvas_ferenc_sote\" width=\"80\" height=\"79\" \/>1973<\/strong>-ban v\u00e9geztem <strong>&#8220;summa cum laude&#8221;<\/strong> min\u0151s\u00edt\u00e9ssel a Semmelweis Orvostudom\u00e1nyi Egyetem \u00c1ltal\u00e1nos orvosi kar\u00e1n.<\/p>\n<p>Els\u0151 munkahelyem az Egyetem I.sz. N\u0151i Klinik\u00e1ja volt, ahol <strong>1978<\/strong>-ban szakvizsg\u00e1ztam jeles eredm\u00e9nnyel. 14 \u00e9vig mint egyetemi tan\u00e1rseg\u00e9d dolgoztam a klinika k\u00fcl\u00f6nb\u00f6z\u0151 oszt\u00e1lyain, \u00e9s \u00e9vekig vezettem a gyermek-n\u0151gy\u00f3gy\u00e1szati \u00e9s az ifj\u00fas\u00e1gi fogamz\u00e1sg\u00e1tl\u00f3 szakrendel\u00e9st.<\/p>\n<p><img loading=\"lazy\" class=\"aligncenter size-full wp-image-55\" src=\"http:\/\/magnetovitalrendelo.hu\/drhamvasferenc\/wp-content\/uploads\/sites\/2\/2013\/02\/dr_hamvas_ferenc_bemutatkozas-1.jpg\" alt=\"dr_hamvas_ferenc_bemutatkozas-1\" width=\"600\" height=\"195\" \/><\/p>\n<p>R\u00e9szt vettem az int\u00e9zm\u00e9ny oktat\u00f3 \u00e9s tudom\u00e1nyos munk\u00e1j\u00e1ban, sz\u00e1mos magyar- \u00e9s idegen nyelv\u0171 dolgozat \u00e9s el\u0151ad\u00e1s els\u0151- \u00e9s t\u00e1rsszerz\u0151je voltam, els\u0151sorban a hormon\u00e1lis fogamz\u00e1sg\u00e1tl\u00e1s, az ifj\u00fas\u00e1gi fogamz\u00e1sg\u00e1tl\u00e1s \u00e9s a hormon\u00e1lis dysfuncti\u00f3k agyi elektrostimul\u00e1ci\u00f3j\u00e1nak akkor Magyarorsz\u00e1gon \u00e9s a vil\u00e1gban is \u00fatt\u00f6r\u0151-munk\u00e1nak sz\u00e1m\u00edt\u00f3 kutat\u00e1sainak t\u00e1rgyk\u00f6r\u00e9ben. <strong>1985<\/strong>-ben f\u00e9l\u00e9ves tanulm\u00e1ny\u00faton j\u00e1rtam az Egyes\u00fclt \u00c1llamokban majd Izraelben, \u00e9s<strong> 1986<\/strong>-ban Olaszorsz\u00e1gban k\u00e9peztem tov\u00e1bb magam.<\/p>\n<p><img loading=\"lazy\" class=\"aligncenter size-full wp-image-57\" src=\"http:\/\/magnetovitalrendelo.hu\/drhamvasferenc\/wp-content\/uploads\/sites\/2\/2013\/02\/dr_hamvas_ferenc_bemutatkozas-2.jpg\" alt=\"dr_hamvas_ferenc_bemutatkozas-2\" width=\"600\" height=\"200\" srcset=\"http:\/\/magnetovitalrendelo.hu\/drhamvasferenc\/wp-content\/uploads\/sites\/2\/2013\/02\/dr_hamvas_ferenc_bemutatkozas-2.jpg 600w, http:\/\/magnetovitalrendelo.hu\/drhamvasferenc\/wp-content\/uploads\/sites\/2\/2013\/02\/dr_hamvas_ferenc_bemutatkozas-2-300x100.jpg 300w\" sizes=\"(max-width: 600px) 100vw, 600px\" \/><\/p>\n<p><strong>1986<\/strong>-ban megh\u00edvtak a F\u0151v\u00e1rosi L\u00e1szl\u00f3 k\u00f3rh\u00e1zba, ahol akkor, mint konz\u00edli\u00e1rius f\u0151orvos megb\u00edz\u00e1st kaptam egy \u00f6n\u00e1ll\u00f3 fert\u0151z\u0151 sz\u00fcl\u00e9szeti-n\u0151gy\u00f3gy\u00e1szati gy\u00f3gy\u00edt\u00f3 egys\u00e9g l\u00e9trehoz\u00e1s\u00e1ra \u00e9s a m\u0171k\u00f6d\u00e9s megszervez\u00e9s\u00e9re. L\u00e9trehoztam \u00e9s a kinevez\u00e9semet k\u00f6vet\u0151en eredm\u00e9nyesen vezettem egy a vil\u00e1gon szinte egyed\u00fcl\u00e1ll\u00f3 fert\u0151z\u0151 betegek sz\u00e1m\u00e1ra teljes\u00e9rt\u00e9k\u0171 sz\u00fcl\u00e9szeti n\u0151gy\u00f3gy\u00e1szati ell\u00e1t\u00e1st biztos\u00edt\u00f3 int\u00e9zm\u00e9nyt, ahol annak folyamatos m\u0171k\u00f6d\u00e9se k\u00f6zben a fert\u0151z\u0151 n\u0151k mellett eg\u00e9szs\u00e9ges n\u0151k \u00e9s terhesek is egyidej\u0171 ell\u00e1t\u00e1st kaphattak a fert\u0151z\u0151d\u00e9s vesz\u00e9lye n\u00e9lk\u00fcl. Munkat\u00e1rsaim szinte kiv\u00e9tel n\u00e9lk\u00fcl a klinik\u00e1r\u00f3l j\u00f6ttek velem, \u00e9s az\u00f3ta is h\u00e1l\u00e1val gondolok szinte hib\u00e1tlan, lelkiismeretes munk\u00e1jukra, mely az int\u00e9zm\u00e9ny\u00fcnk makul\u00e1tlan h\u00edr\u00e9t megalapozta. <strong>Ennek a munk\u00e1nak a keret\u00e9ben val\u00f3sult meg t\u00f6bbek k\u00f6z\u00f6tt a magyar HIV-pozit\u00edv n\u0151k szervezett sz\u00fcl\u00e9szet-n\u0151gy\u00f3gy\u00e1szati ell\u00e1t\u00e1sa \u00e9s 2005 elej\u00e9ig a nevemhez f\u0171z\u0151dik szinte az \u00f6sszes AIDS-beteg n\u0151 sz\u00fcl\u00e9s\u00e9nek sikeres levezet\u00e9se, melynek kapcs\u00e1n egyetlen AIDS-beteg gyermek sem sz\u00fcletett.<\/strong><\/p>\n<p><img loading=\"lazy\" class=\"alignright size-full wp-image-58\" src=\"http:\/\/magnetovitalrendelo.hu\/drhamvasferenc\/wp-content\/uploads\/sites\/2\/2013\/02\/dr_hamvas_ferenc_elte.jpg\" alt=\"dr_hamvas_ferenc_elte\" width=\"80\" height=\"79\" \/>Munka mellett az<strong> ELTE jogi kar\u00e1n<\/strong> folytattam tanulm\u00e1nyaimat, melyeket <strong>2002<\/strong>-ben fejeztem be.<\/p>\n<p><strong>19<\/strong> \u00e9ves sikeres m\u0171k\u00f6d\u00e9st k\u00f6vet\u0151en az oszt\u00e1lyom tev\u00e9kenys\u00e9g\u00e9t gazdas\u00e1gilag finansz\u00edrozhatatlannak \u00e9s szakmailag sz\u00fcks\u00e9gtelennek \u00edt\u00e9lt\u00e9k, \u00e9s <strong>2005 janu\u00e1r 1<\/strong>-\u00e9n az oszt\u00e1lyt bez\u00e1rt\u00e1k \u00e9s a munkat\u00e1rsaimat sz\u00e9lnek eresztett\u00e9k.<\/p>\n<p>\u00c9n ekkor korengedm\u00e9nyes nyugd\u00edjaz\u00e1somat k\u00e9rtem \u00e9s mag\u00e1npraxist kezdtem, melyet az\u00f3ta is folytatok. <span style=\"color: #0000ff;\"><strong>Ambul\u00e1ns betegeket csak itt \u00e1ll m\u00f3domban fogadni.<\/strong><\/span> K\u00f3rh\u00e1zi h\u00e1tterem\u00fcl a <strong>Szent Istv\u00e1n k\u00f3rh\u00e1z Sz\u00fcl\u00e9szeti \u00e9s N\u0151gy\u00f3gy\u00e1szati Onkol\u00f3giai oszt\u00e1lya<\/strong> szolg\u00e1l, itt vezetem a sz\u00fcl\u00e9seimet \u00e9s oper\u00e1lom a betegeimet.<strong> 2008<\/strong> okt\u00f3ber\u00e9ben szerz\u0151d\u00e9st k\u00f6t\u00f6ttem a<strong> Buda\u00f6rsi Eg\u00e9szs\u00e9g\u00fcgyi K\u00f6zpont<\/strong>tal, ahol az egynapos seb\u00e9szeti ell\u00e1t\u00e1s keretei k\u00f6z\u00f6tt lehet\u0151s\u00e9gem van kisebb \u00e9s k\u00f6zepes sz\u00fcl\u00e9szeti-n\u0151gy\u00f3gy\u00e1szati m\u0171t\u00e9tek magas sz\u00ednvonal\u00fa m\u0171t\u00e9ti ell\u00e1t\u00e1s\u00e1ra.<\/p>\n<p><img loading=\"lazy\" class=\"alignright size-full wp-image-15\" src=\"http:\/\/magnetovitalrendelo.hu\/drhamvasferenc\/wp-content\/uploads\/sites\/2\/2013\/02\/dr_hamvas_ferenc-mandala.png\" alt=\"dr_hamvas_ferenc-mandala\" width=\"303\" height=\"300\" srcset=\"http:\/\/magnetovitalrendelo.hu\/drhamvasferenc\/wp-content\/uploads\/sites\/2\/2013\/02\/dr_hamvas_ferenc-mandala.png 480w, http:\/\/magnetovitalrendelo.hu\/drhamvasferenc\/wp-content\/uploads\/sites\/2\/2013\/02\/dr_hamvas_ferenc-mandala-150x150.png 150w, http:\/\/magnetovitalrendelo.hu\/drhamvasferenc\/wp-content\/uploads\/sites\/2\/2013\/02\/dr_hamvas_ferenc-mandala-300x296.png 300w\" sizes=\"(max-width: 303px) 100vw, 303px\" \/>Kb. 15 \u00e9ve a hagyom\u00e1nyos eur\u00f3pai gy\u00f3gy\u00edt\u00f3munka mellett &#8211; r\u00e9szben kor\u00e1bbi klinikai kutat\u00f3- \u00e9s eredm\u00e9nyes stimul\u00e1ci\u00f3s gy\u00f3gy\u00edt\u00f3munk\u00e1m nyomdokain &#8211; kezdtem el foglalkozni az alternat\u00edv gy\u00f3gy\u00edt\u00e1ssal \u00e9s a komplementer medicin\u00e1val, els\u0151sorban a rezg\u00e9ster\u00e1pi\u00e1val, kezdetben csak a ment\u00e1lis komputertechnol\u00f3gia \/agytr\u00e9ning\/ alkalmaz\u00e1s\u00e1val. Ezt k\u00f6vet\u0151en a biorezonancia-m\u00e1gnester\u00e1pia, majd k\u00e9s\u0151bb a homeop\u00e1tia seg\u00edts\u00e9g\u00e9vel sz\u00e1mtalan olyan &#8211; nemcsak n\u0151gy\u00f3gy\u00e1szati &#8211; beteg ember eg\u00e9szs\u00e9g\u00e9nek megment\u00e9s\u00e9ben \u00e9s visszaad\u00e1s\u00e1ban seg\u00e9dkeztem, akikr\u0151l az orvostudom\u00e1ny klasszikus rendszere m\u00e1r lemondott. <span style=\"color: #0000ff;\"><strong>Ma a hagyom\u00e1nyos sz\u00fcl\u00e9szeti-n\u0151gy\u00f3gy\u00e1szati praxis gyakorl\u00e1sa mellett, ha lehet, akkor m\u0171szerek \u00e9s gy\u00f3gyszerek n\u00e9lk\u00fcl, energia- \u00e9s inform\u00e1ci\u00f3ter\u00e1pia seg\u00edts\u00e9g\u00e9t is ig\u00e9nybe v\u00e9ve pr\u00f3b\u00e1lom meg a p\u00e1cienseimet gy\u00f3gyul\u00e1shoz seg\u00edteni, illetve r\u00e1vezetni \u0151ket arra, hogy mik\u00e9nt k\u00e9pesek hat\u00e1sosan m\u0171k\u00f6dtetni az \u00f6ngy\u00f3gy\u00edt\u00f3 mechanizmusaikat.<\/strong><\/span><\/p>\n<p>Miut\u00e1n vallom \u00e9s hiszem a betegs\u00e9gek pszichoszomatikus eredet\u00e9t, szoros egy\u00fcttm\u0171k\u00f6d\u00e9sben dolgozom pszichol\u00f3gus-kineziol\u00f3gusokkal, \u00c9FT-tan\u00e1csad\u00f3kkal, saj\u00e1t, esetenk\u00e9nt szem\u00e9lyre szabott homeop\u00e1ti\u00e1s k\u00e9sz\u00edtm\u00e9nyeket el\u0151\u00e1ll\u00edt\u00f3 term\u00e9szetgy\u00f3gy\u00e1sszal, radieszt\u00e9t\u00e1kkal, Hellinger-f\u00e9le csal\u00e1dter\u00e1pi\u00e1s szakemberrel, Vaszati-szaktan\u00e1csad\u00f3val, reflexol\u00f3gussal, speci\u00e1lis massz\u0151r\u00f6kkel, dietetikussal \u00e9s gy\u00f3gytorn\u00e1sszal. <strong>K\u00f6z\u00f6s eredm\u00e9nyeink jelent\u0151sen k\u00e9pesek fel\u00fclm\u00falni az \u00e1tlagos orvosi tev\u00e9kenys\u00e9gt\u0151l elv\u00e1rhat\u00f3 maximumot, \u00e9s mindemellett \u00fagy \u00e9rzem, hogy a hagyom\u00e1nyos orvosi kezel\u00e9sek mell\u00e9khat\u00e1sainak kik\u00fcsz\u00f6b\u00f6l\u00e9se r\u00e9v\u00e9n \u00e1rtalm\u00e1ra sohasem vagyunk a betegeinknek.<\/strong> <span style=\"color: #ff0000;\"><strong>Vallom, hogy a hagyom\u00e1nyos gy\u00f3gyszerek \u00e9s a k\u00e9s alkalmaz\u00e1sa jelent\u0151s m\u00e9rt\u00e9kben visszaszor\u00edthat\u00f3, ha orvos \u00e9s betege tiszt\u00e1ban van az alternat\u00edv\u00e1kkal alkalmazz\u00e1k is azokat \u00e9s kell\u0151 t\u00fcrelemmel valamint hittel k\u00e9pesek kiv\u00e1rni a pozit\u00edv hat\u00e1sokat.<\/strong><\/span><\/p>\n","protected":false},"excerpt":{"rendered":"<p>\u201eMiut\u00e1n a pillang\u00f3 m\u00e1r sz\u00e1rnyat bontott, soha t\u00f6bbet nem v\u00e1ltozhat vissza herny\u00f3v\u00e1.\u201d &#8211; C. Wilson 1973-ban v\u00e9geztem &#8220;summa cum laude&#8221; min\u0151s\u00edt\u00e9ssel a Semmelweis Orvostudom\u00e1nyi Egyetem \u00c1ltal\u00e1nos orvosi kar\u00e1n. Els\u0151 munkahelyem az Egyetem I.sz. N\u0151i Klinik\u00e1ja volt, ahol 1978-ban szakvizsg\u00e1ztam jeles eredm\u00e9nnyel. 14 \u00e9vig mint egyetemi tan\u00e1rseg\u00e9d dolgoztam a klinika k\u00fcl\u00f6nb\u00f6z\u0151 oszt\u00e1lyain, \u00e9s \u00e9vekig vezettem a [&hellip;]<\/p>\n","protected":false},"author":1,"featured_media":0,"parent":0,"menu_order":0,"comment_status":"closed","ping_status":"closed","template":"","meta":{"_mi_skip_tracking":false},"_links":{"self":[{"href":"http:\/\/magnetovitalrendelo.hu\/drhamvasferenc\/wp-json\/wp\/v2\/pages\/2"}],"collection":[{"href":"http:\/\/magnetovitalrendelo.hu\/drhamvasferenc\/wp-json\/wp\/v2\/pages"}],"about":[{"href":"http:\/\/magnetovitalrendelo.hu\/drhamvasferenc\/wp-json\/wp\/v2\/types\/page"}],"author":[{"embeddable":true,"href":"http:\/\/magnetovitalrendelo.hu\/drhamvasferenc\/wp-json\/wp\/v2\/users\/1"}],"replies":[{"embeddable":true,"href":"http:\/\/magnetovitalrendelo.hu\/drhamvasferenc\/wp-json\/wp\/v2\/comments?post=2"}],"version-history":[{"count":1,"href":"http:\/\/magnetovitalrendelo.hu\/drhamvasferenc\/wp-json\/wp\/v2\/pages\/2\/revisions"}],"predecessor-version":[{"id":130,"href":"http:\/\/magnetovitalrendelo.hu\/drhamvasferenc\/wp-json\/wp\/v2\/pages\/2\/revisions\/130"}],"wp:attachment":[{"href":"http:\/\/magnetovitalrendelo.hu\/drhamvasferenc\/wp-json\/wp\/v2\/media?parent=2"}],"curies":[{"name":"wp","href":"https:\/\/api.w.org\/{rel}","templated":true}]}}